{"id":16002,"date":"2025-06-16T11:12:17","date_gmt":"2025-06-16T09:12:17","guid":{"rendered":"https:\/\/www.sappm.ch\/?page_id=16002"},"modified":"2025-10-22T22:34:39","modified_gmt":"2025-10-22T20:34:39","slug":"keynote-lectures","status":"publish","type":"page","link":"https:\/\/www.sappm.ch\/en\/keynote-lectures\/","title":{"rendered":"Keynote Lectures"},"content":{"rendered":"\n<div  class=\"block block-lead bg-element \">\n    <div class=\"main-container\">\n        <div class=\"content-container lead-font-size\">\n            To ensure that all participants can follow the keynote lectures, we offer simultaneous interpreting (Italian &#8211; German) and (French &#8211; German).          <\/div>\n    <\/div>\n<\/div>\n<div class=\"block block-akkordeon pb-mittel\">\n    <div class=\"main-container\">\n        <h2>23.10.2025 Teatro Sociale, Sala Teatro<\/h2>\n                    <div class=\"accordion agenda-item\">\n                                    <div class=\"accordion-item\">\n                        <div class=\"accordion-toggle dark\">\n                            <div class=\"infos transition\">\n                                <span class=\"text\">More info<\/span>\n                                <span class=\"icon-more\"><\/span>\n                                <span class=\"icon-less\"><\/span>\n                            <\/div>\n                            <div class=\"inner\">\n                                <h3 class=\"d6 agenda-title\">1) 08.30h &#8211; 09.15h Assamblea annuale TI-PSISO \/ IS-TI-PSISO<\/h3>\n                            <\/div>\n                        <\/div>\n                        <div class=\"accordion-content\">\n                            <div class=\"inner\">\n                                <p><strong>Maria Grazia Canepa (i)<\/strong><\/p>\n<p><strong>Assamblea annuale TI-PSISO<\/strong><\/p>\n<p><strong>Assamblea annuale IS-TI-PSISO<\/strong><\/p>\n                            <\/div>\n                        <\/div>\n                    <\/div>\n                                    <div class=\"accordion-item\">\n                        <div class=\"accordion-toggle dark\">\n                            <div class=\"infos transition\">\n                                <span class=\"text\">More info<\/span>\n                                <span class=\"icon-more\"><\/span>\n                                <span class=\"icon-less\"><\/span>\n                            <\/div>\n                            <div class=\"inner\">\n                                <h3 class=\"d6 agenda-title\">2) 09.30h &#8211; 10.15h Can health promotion slow down clinical medicine ?<\/h3>\n                            <\/div>\n                        <\/div>\n                        <div class=\"accordion-content\">\n                            <div class=\"inner\">\n                                <p><strong>Federico Peter (i)  <\/strong><\/p>\n<p><strong>Can health promotion slow down clinical medicine?<\/strong><\/p>\n<p>The report reflects on how health promotion, through the creation of supportive environments and behaviors, empowers individuals and communities to increase control over and improve their health. In line with the principles of Slow Medicine, it explores the transformative potential of interventions that strengthen individuals&#8217; and communities&#8217; sense of and involvement in self-care, slow down over-medicalization, and rebalance the relationship between clinical medicine and people&#8217;s real needs. <\/p>\n<p>&nbsp;<\/p>\n<p>&nbsp;<\/p>\n                            <\/div>\n                        <\/div>\n                    <\/div>\n                                    <div class=\"accordion-item\">\n                        <div class=\"accordion-toggle dark\">\n                            <div class=\"infos transition\">\n                                <span class=\"text\">More info<\/span>\n                                <span class=\"icon-more\"><\/span>\n                                <span class=\"icon-less\"><\/span>\n                            <\/div>\n                            <div class=\"inner\">\n                                <h3 class=\"d6 agenda-title\">3) 10.30h &#8211; 11.15h Utilit\u00e0 del colloquio motivazionale: sobrio, saggio, rispettoso<\/h3>\n                            <\/div>\n                        <\/div>\n                        <div class=\"accordion-content\">\n                            <div class=\"inner\">\n                                <p><strong>Giona Morinini (i)<\/strong><\/p>\n<p><strong>Usefulness of motivational interviewing: sober, smart, respectful<\/strong><\/p>\n                            <\/div>\n                        <\/div>\n                    <\/div>\n                                    <div class=\"accordion-item\">\n                        <div class=\"accordion-toggle dark\">\n                            <div class=\"infos transition\">\n                                <span class=\"text\">More info<\/span>\n                                <span class=\"icon-more\"><\/span>\n                                <span class=\"icon-less\"><\/span>\n                            <\/div>\n                            <div class=\"inner\">\n                                <h3 class=\"d6 agenda-title\">4) 11.30h &#8211; 12.15h Ipnosi e Slow Medicine<\/h3>\n                            <\/div>\n                        <\/div>\n                        <div class=\"accordion-content\">\n                            <div class=\"inner\">\n                                <p><strong>Cornelia Klauser &amp; Nicole Ferrara (i)<\/strong><\/p>\n<p> Ipnosi<strong>e Slow Medicine (pratica dell&#8217;ipnosi in slow medicine) <\/strong><strong>Slow and efficient (?) <\/strong><strong>Con un linguaggio ipnotico (slow) posso accelerare la guarigione del paziente?<\/strong><\/p>\n<p>Nicole Ferrera: Come l&#8217;ipnosi si integra nella quotidianit\u00e0 delle cure (Introduzione al concetto ipnosi e al linguaggio ipnotico nella pratica quotidiana. Obiettivo chiaro per medico e paziente, approccio dichiarato o non, suggestioni dirette ed indirette, linguaggio non verbale)<\/p>\n<p>Cornelia Klauser-Reucker: Esempi pratici (situazioni di ansia, agitazione (Es respirazione abbinato a safe place, dolore visualizzato in dettaglio).<\/p>\n<p>&nbsp;<\/p>\n                            <\/div>\n                        <\/div>\n                    <\/div>\n                                    <div class=\"accordion-item\">\n                        <div class=\"accordion-toggle dark\">\n                            <div class=\"infos transition\">\n                                <span class=\"text\">More info<\/span>\n                                <span class=\"icon-more\"><\/span>\n                                <span class=\"icon-less\"><\/span>\n                            <\/div>\n                            <div class=\"inner\">\n                                <h3 class=\"d6 agenda-title\">5) 14.00h &#8211; 15.15h Opening Ceremony<\/h3>\n                            <\/div>\n                        <\/div>\n                        <div class=\"accordion-content\">\n                            <div class=\"inner\">\n                                <p><strong>Welcome address by OMCT President Dr. Franco Denti<\/strong><\/p>\n<p>&nbsp;<\/p>\n<p><strong>Opening speech with Prof. Marco Bobbio (Sala Teatro)<\/strong><\/p>\n<p><strong>In praise of sober, respectful and fair medicine<\/strong><\/p>\n<p>Western, reductionist and technological medicine has enabled huge advances in diagnosis and treatment, curing diseases that were fatal just a few decades ago. The growing success of scientific medicine has increasingly marginalized the human aspect, mandating that all patients be treated in a standard way and prescribing care for the average patient, not for that patient. Slow Medicine, which proposes a sober, respectful and just medicine, has been fighting for years to correct this trend.  <\/p>\n<p>&nbsp;<\/p>\n                            <\/div>\n                        <\/div>\n                    <\/div>\n                                    <div class=\"accordion-item\">\n                        <div class=\"accordion-toggle dark\">\n                            <div class=\"infos transition\">\n                                <span class=\"text\">More info<\/span>\n                                <span class=\"icon-more\"><\/span>\n                                <span class=\"icon-less\"><\/span>\n                            <\/div>\n                            <div class=\"inner\">\n                                <h3 class=\"d6 agenda-title\">6) 15.30h &#8211; 16.15h \u00c9loge de la lenteur \/ Lob der Langsamkeit (Primary care)<\/h3>\n                            <\/div>\n                        <\/div>\n                        <div class=\"accordion-content\">\n                            <div class=\"inner\">\n                                <p><strong>Fran\u00e7ois Pilet (f)<\/strong><\/p>\n<p><strong>\u00c9loge de la lenteur \/ Lob der Langsamkeit (Primary care)<\/strong><\/p>\n<p>&#8220;I waited a long time in your waiting room, doctor, but I knew that when I sat across from you in your office, you would be all there for me.&#8221; This sentence, which I heard or read many times when I retired, warmed my heart. But I would be a liar if I claimed to have resolved the merciless battle between chronos, the time in the waiting room, and kairos, the time in the consulting room. How can we live this tension without spoiling the most beautiful thing about our profession, our attention to others?   <\/p>\n                            <\/div>\n                        <\/div>\n                    <\/div>\n                                    <div class=\"accordion-item\">\n                        <div class=\"accordion-toggle dark\">\n                            <div class=\"infos transition\">\n                                <span class=\"text\">More info<\/span>\n                                <span class=\"icon-more\"><\/span>\n                                <span class=\"icon-less\"><\/span>\n                            <\/div>\n                            <div class=\"inner\">\n                                <h3 class=\"d6 agenda-title\">7) 16.30 &#8211; 17.15 Ecopsychosomatics in the climate crisis: New perspectives &#8230;<\/h3>\n                            <\/div>\n                        <\/div>\n                        <div class=\"accordion-content\">\n                            <div class=\"inner\">\n                                <p><strong>Isolde Busch (d)<\/strong><\/p>\n<p><strong>\u00d6kopsychosomatik in der Klimakrise: Neue Perspektiven auf psychische Gesundheit im Kontext globaler Ver\u00e4nderungen<\/strong><\/p>\n<p>In diesem Vortrag wird, ausgehend von dem sich entwickelnden Konzept der \u00d6kopsychosomatik, untersucht, wie sich die Klimakrise auf das psychische und psychosomatische Wohlbefinden auswirkt, wobei auch das Zusammenspiel zwischen individueller mentaler Gesundheit und sozio\u00f6kologischen Dynamiken ber\u00fccksichtigt wird. Ein \u00dcberblick \u00fcber klimabezogene Emotionen und psychosomatische Symptome bildet die Grundlage f\u00fcr eine anschlie\u00dfende Diskussion \u00fcber Strategien zur St\u00e4rkung psychischer Resilienz und zur F\u00f6rderung eines engagierten Umgangs mit \u00f6kologischen Krisen. <\/p>\n<p>&nbsp;<\/p>\n                            <\/div>\n                        <\/div>\n                    <\/div>\n                                    <div class=\"accordion-item\">\n                        <div class=\"accordion-toggle dark\">\n                            <div class=\"infos transition\">\n                                <span class=\"text\">More info<\/span>\n                                <span class=\"icon-more\"><\/span>\n                                <span class=\"icon-less\"><\/span>\n                            <\/div>\n                            <div class=\"inner\">\n                                <h3 class=\"d6 agenda-title\">8) 17.30h &#8211; 18.00h Panel discussion (i, f, d, e)<\/h3>\n                            <\/div>\n                        <\/div>\n                        <div class=\"accordion-content\">\n                            <div class=\"inner\">\n                                <p><strong>M. Bobbio, F. Pilet, I. Busch and more <\/strong><\/p>\n<p><strong>Panel discussion<\/strong><\/p>\n                            <\/div>\n                        <\/div>\n                    <\/div>\n                            <\/div>\n            <\/div>\n<\/div>\n\n<div class=\"block block-akkordeon pb-mittel\">\n    <div class=\"main-container\">\n        <h2>24.10.2025 Teatro Sociale, Sala Teatro<\/h2>\n                    <div class=\"accordion agenda-item\">\n                                    <div class=\"accordion-item\">\n                        <div class=\"accordion-toggle dark\">\n                            <div class=\"infos transition\">\n                                <span class=\"text\">More info<\/span>\n                                <span class=\"icon-more\"><\/span>\n                                <span class=\"icon-less\"><\/span>\n                            <\/div>\n                            <div class=\"inner\">\n                                <h3 class=\"d6 agenda-title\">9) 09.00h &#8211; 09.45h Smarter medicine\/Choosing wisely: 10 years &#8230;<\/h3>\n                            <\/div>\n                        <\/div>\n                        <div class=\"accordion-content\">\n                            <div class=\"inner\">\n                                <p><strong>Luca Gabutti (f)<\/strong><\/p>\n<p><strong>Smarter medicine\/smarter decisions: 10 years: successes and critical questionsSmarter medicine<\/strong><\/p>\n<p>Just over 10 years have passed since the Smarter Medicine campaign was launched in Switzerland. 47 partner organizations and 32 top 5 lists of tests and treatments to avoid are celebrating its success. The same development has also taken place in the rest of the world, in over 30 countries where the movement has developed under the name Choosing Wisely or Slow Medicine. What have we learned? What remains to be done? How does this challenge affect us all?     <\/p>\n                            <\/div>\n                        <\/div>\n                    <\/div>\n                                    <div class=\"accordion-item\">\n                        <div class=\"accordion-toggle dark\">\n                            <div class=\"infos transition\">\n                                <span class=\"text\">More info<\/span>\n                                <span class=\"icon-more\"><\/span>\n                                <span class=\"icon-less\"><\/span>\n                            <\/div>\n                            <div class=\"inner\">\n                                <h3 class=\"d6 agenda-title\">10) 10.00h &#8211; 10.45h Quand le commerce fa\u00e7onne la sant\u00e9: comprendre et agir<\/h3>\n                            <\/div>\n                        <\/div>\n                        <div class=\"accordion-content\">\n                            <div class=\"inner\">\n                                <p><strong>Joachim Marti (f)<\/strong><\/p>\n<p><strong>When trade shapes health: understanding and acting<\/strong><\/p>\n<p>En 2021, les maladies non transmissibles ont caus\u00e9 43 millions de d\u00e9c\u00e8s dans le monde, dont un tiers sont attribuables \u00e0 quatre industries majeures : tabac, alcool, aliments ultratransform\u00e9s et combustibles fossiles. Dans ce contexte, peut-on encore expliquer la mauvaise sant\u00e9 uniquement par les choix individuels ? L\u2019approche des d\u00e9terminants commerciaux de la sant\u00e9, de plus en plus abord\u00e9e dans la sph\u00e8re de la sant\u00e9 publique, examine les causes structurelles de ces \u00ab \u00e9pid\u00e9mies industrielles \u00bb et met en lumi\u00e8re l\u2019influence des acteurs \u00e9conomiques sur la sant\u00e9 des populations. Elle incite les professionnel-les de sant\u00e9, les d\u00e9cideuses et d\u00e9cideurs et les organisations \u00e0 \u00e9valuer l\u2019impact des strat\u00e9gies industrielles sur les comportements de consommation, tout en plaidant pour la mise en place de r\u00e9glementations adapt\u00e9es   <\/p>\n                            <\/div>\n                        <\/div>\n                    <\/div>\n                                    <div class=\"accordion-item\">\n                        <div class=\"accordion-toggle dark\">\n                            <div class=\"infos transition\">\n                                <span class=\"text\">More info<\/span>\n                                <span class=\"icon-more\"><\/span>\n                                <span class=\"icon-less\"><\/span>\n                            <\/div>\n                            <div class=\"inner\">\n                                <h3 class=\"d6 agenda-title\">11) 11.00h &#8211; 11.45h Vers un syst\u00e8me de sant\u00e9 robust et \u00e9quitable &#8230;<\/h3>\n                            <\/div>\n                        <\/div>\n                        <div class=\"accordion-content\">\n                            <div class=\"inner\">\n                                <p><strong>Val\u00e9rie D&#8217;Acremont (f)<\/strong><\/p>\n<p><strong>Towards a robust and equitable healthcare system to meet global challenges<\/strong><\/p>\n<p>The Swiss care sector consumes the most energy resources, raw materials and nursing staff worldwide. It is therefore particularly vulnerable to material and personnel shortages, which are increasingly affecting our societies. This vulnerability comes at a time when the number of patients is increasing, precisely because of the harmful effects on health of the destruction of our environment. How can we break out of this vicious circle and fundamentally transform our healthcare system to make it resilient to these global challenges while ensuring truly equitable access to healthcare and prevention for the entire population?   <\/p>\n                            <\/div>\n                        <\/div>\n                    <\/div>\n                                    <div class=\"accordion-item\">\n                        <div class=\"accordion-toggle dark\">\n                            <div class=\"infos transition\">\n                                <span class=\"text\">More info<\/span>\n                                <span class=\"icon-more\"><\/span>\n                                <span class=\"icon-less\"><\/span>\n                            <\/div>\n                            <div class=\"inner\">\n                                <h3 class=\"d6 agenda-title\">12) 13.30h &#8211; 14.15h The future of psychosomatic medicine &#8230;<\/h3>\n                            <\/div>\n                        <\/div>\n                        <div class=\"accordion-content\">\n                            <div class=\"inner\">\n                                <p><strong>Fiammetta Cosci (e)<\/strong><\/p>\n<p><strong>The future of psychosomatic medicine: beyond biopsychosocial factors?<\/strong><\/p>\n<p>The dualistic approach of organic and functional has still not been overcome in science and clinical practice. Although the biopsychosocial model was proposed in the late 1970s, boundaries are still drawn in clinical disciplines. The notion that biological, psychological and social factors are separate entities to be assessed and considered is still prevalent, despite the conceptualization of biopsychosocial factors as interconnected elements that contribute to a comprehensive, holistic and global understanding of patients. The presentation will provide an insight into possible tools and strategies that can be proposed in research and clinical practice to update the biopsychosocial model, with the aim of overcoming reductionist or dualistic views and going one step further in the understanding of clinical and human phenomena.   <\/p>\n<p>&nbsp;<\/p>\n                            <\/div>\n                        <\/div>\n                    <\/div>\n                                    <div class=\"accordion-item\">\n                        <div class=\"accordion-toggle dark\">\n                            <div class=\"infos transition\">\n                                <span class=\"text\">More info<\/span>\n                                <span class=\"icon-more\"><\/span>\n                                <span class=\"icon-less\"><\/span>\n                            <\/div>\n                            <div class=\"inner\">\n                                <h3 class=\"d6 agenda-title\">13) 14.30h &#8211; 15.15h Psychosomatik im Aufbruch<\/h3>\n                            <\/div>\n                        <\/div>\n                        <div class=\"accordion-content\">\n                            <div class=\"inner\">\n                                <p><strong>Niklaus Egloff (d)<\/strong><\/p>\n<p><strong>Psychosomatik im Aufbruch:<\/strong><\/p>\n<p><strong>Wo kommen wir her, wo gehen wir hin?<\/strong><\/p>\n<p>Das was wir unter Psychosomatik verstehen, ist oft schwierig in Worte zu fassen. Das liegt an der Komplexit\u00e4t des Themas, aber auch an der Limitation unserer Begriffe. Wir erarbeiten die verschiedenen Paradigmen, die seit Vorzeiten unser Denken beeinflussen und suchen nach einer Antwort f\u00fcr die Psychosomatische Medizin der kommenden Zeit.  <\/p>\n                            <\/div>\n                        <\/div>\n                    <\/div>\n                                    <div class=\"accordion-item\">\n                        <div class=\"accordion-toggle dark\">\n                            <div class=\"infos transition\">\n                                <span class=\"text\">More info<\/span>\n                                <span class=\"icon-more\"><\/span>\n                                <span class=\"icon-less\"><\/span>\n                            <\/div>\n                            <div class=\"inner\">\n                                <h3 class=\"d6 agenda-title\">14) 15.30h &#8211; 16.00h Panel discussion (i, f, d, e)<\/h3>\n                            <\/div>\n                        <\/div>\n                        <div class=\"accordion-content\">\n                            <div class=\"inner\">\n                                <p><strong>F. Cosci, R. v. K\u00e4nel and more (i, f, d, e)<\/strong><\/p>\n<p><strong>Panel discussion<\/strong><\/p>\n                            <\/div>\n                        <\/div>\n                    <\/div>\n                                    <div class=\"accordion-item\">\n                        <div class=\"accordion-toggle dark\">\n                            <div class=\"infos transition\">\n                                <span class=\"text\">More info<\/span>\n                                <span class=\"icon-more\"><\/span>\n                                <span class=\"icon-less\"><\/span>\n                            <\/div>\n                            <div class=\"inner\">\n                                <h3 class=\"d6 agenda-title\">15) 16.00h &#8211; 16.30h Closing Ceremony<\/h3>\n                            <\/div>\n                        <\/div>\n                        <div class=\"accordion-content\">\n                            <div class=\"inner\">\n                                <p><strong>Raffaele De Rosa<\/strong><\/p>\n<p><strong>Farewell by the State Councillor and Director of the Department of Health and Social Affairs. <\/strong> <\/p>\n                            <\/div>\n                        <\/div>\n                    <\/div>\n                            <\/div>\n            <\/div>\n<\/div>\n\n<div  class=\"block block-content pb-mittel\">\n    <div class=\"main-container\">\n        <div class=\"content-container\">\n\n            \n            \n                            <div class=\"button-group\">\n                                   <a class=\"btn btn-full btn-arrow\" href=\"https:\/\/www.sappm.ch\/kongress-2025\/programm\/\" target=\"_self\">To the program overview<\/a>\n                                <\/div>\n            \n        <\/div>\n    <\/div>\n<\/div>","protected":false},"excerpt":{"rendered":"","protected":false},"author":3,"featured_media":0,"parent":0,"menu_order":0,"comment_status":"closed","ping_status":"closed","template":"tpl-kongress.php","meta":{"_acf_changed":false,"footnotes":""},"class_list":["post-16002","page","type-page","status-publish","hentry"],"acf":[],"_links":{"self":[{"href":"https:\/\/www.sappm.ch\/en\/wp-json\/wp\/v2\/pages\/16002","targetHints":{"allow":["GET"]}}],"collection":[{"href":"https:\/\/www.sappm.ch\/en\/wp-json\/wp\/v2\/pages"}],"about":[{"href":"https:\/\/www.sappm.ch\/en\/wp-json\/wp\/v2\/types\/page"}],"author":[{"embeddable":true,"href":"https:\/\/www.sappm.ch\/en\/wp-json\/wp\/v2\/users\/3"}],"replies":[{"embeddable":true,"href":"https:\/\/www.sappm.ch\/en\/wp-json\/wp\/v2\/comments?post=16002"}],"version-history":[{"count":4,"href":"https:\/\/www.sappm.ch\/en\/wp-json\/wp\/v2\/pages\/16002\/revisions"}],"predecessor-version":[{"id":18606,"href":"https:\/\/www.sappm.ch\/en\/wp-json\/wp\/v2\/pages\/16002\/revisions\/18606"}],"wp:attachment":[{"href":"https:\/\/www.sappm.ch\/en\/wp-json\/wp\/v2\/media?parent=16002"}],"curies":[{"name":"wp","href":"https:\/\/api.w.org\/{rel}","templated":true}]}}