{"id":10327,"date":"2024-12-11T11:13:43","date_gmt":"2024-12-11T10:13:43","guid":{"rendered":"https:\/\/www.sappm.ch\/?page_id=10327"},"modified":"2025-05-02T12:01:29","modified_gmt":"2025-05-02T10:01:29","slug":"informations-generales","status":"publish","type":"page","link":"https:\/\/www.sappm.ch\/fr\/congres-annuel\/informations-generales\/","title":{"rendered":"Informations g\u00e9n\u00e9rales"},"content":{"rendered":"\n<div class=\"wp-block-group\"><div class=\"wp-block-group__inner-container is-layout-constrained wp-block-group-is-layout-constrained\">\n<div class=\"wp-block-group\"><div class=\"wp-block-group__inner-container is-layout-constrained wp-block-group-is-layout-constrained\">\n<div  class=\"block block-content \">\n    <div class=\"main-container\">\n        <div class=\"content-container\">\n\n            \n            <p>Le groupe r\u00e9gional ASMPP du Tessin a le plaisir de vous inviter \u00e0 son congr\u00e8s annuel qui se tiendra les 23 &amp; 24 octobre 2025. Passez un congr\u00e8s professionnel int\u00e9ressant \u00e0 Bellinzone.<\/p>\n<p><strong>O\u00f9 :<\/strong> la manifestation aura lieu dans le charmant <em>Teatro Sociale<\/em> ainsi que dans les locaux historiques du <em>Palazzo Civico<\/em>, dans la vieille ville de Bellinzone.<\/p>\n<p><strong>Comment :<\/strong> <em>Comodo<\/em> e <em>piacevole &#8211; confortable et agr\u00e9able. <\/em>Vous souhaitez combiner votre voyage avec quelques jours de vacances au sud des Alpes ? Vos proches sont \u00e9galement les bienvenus. Nous serons heureux de vous faire des propositions de programme et d&rsquo;h\u00e9bergement.<\/p>\n<p><strong>Quoi :<\/strong> le th\u00e8me de la <em>slow medicine <\/em>sera au centre de la conf\u00e9rence <em>: il s <\/em>&lsquo;agit d&rsquo;un courant m\u00e9dical issu des pays italophones qui vise \u00e0 am\u00e9liorer et \u00e0 r\u00e9orienter nos soins m\u00e9dicaux.<\/p>\n<p><strong>Qui : <\/strong>Le congr\u00e8s vit gr\u00e2ce aux participants, c&rsquo;est-\u00e0-dire gr\u00e2ce \u00e0 vous. Le comit\u00e9 d&rsquo;organisation, avec le soutien du<em>conseil scientifique<\/em> de l&rsquo;ASMPP, pr\u00e9voit \u00e0 nouveau un programme vari\u00e9 et pertinent.<\/p>\n<p><strong>Nous nous ferons un plaisir de vous informer en continu des actualit\u00e9s du congr\u00e8s. <\/strong><\/p>\n<p>&nbsp;<\/p>\n<p>&nbsp;<\/p>\n\n                            <div class=\"button-group\">\n                               <\/div>\n            \n        <\/div>\n    <\/div>\n<\/div><\/div><\/div>\n<\/div><\/div>\n\n\n\n<div  class=\"block block-text-bild pb-mittel\">\n    <div class=\"main-container\">\n\n        <div class=\"columns-2\">\n                            <div class=\"column bild\">\n                    <img loading=\"lazy\" decoding=\"async\" width=\"600\" height=\"319\" src=\"https:\/\/www.sappm.ch\/wp-content\/uploads\/2025\/04\/Bellizona2-600x319.png\" class=\"attachment-medium size-medium\" alt=\"\" srcset=\"https:\/\/www.sappm.ch\/wp-content\/uploads\/2025\/04\/Bellizona2-600x319.png 600w, https:\/\/www.sappm.ch\/wp-content\/uploads\/2025\/04\/Bellizona2-1024x544.png 1024w, https:\/\/www.sappm.ch\/wp-content\/uploads\/2025\/04\/Bellizona2-768x408.png 768w, https:\/\/www.sappm.ch\/wp-content\/uploads\/2025\/04\/Bellizona2.png 1280w\" sizes=\"auto, (max-width: 600px) 100vw, 600px\" \/>                <\/div>\n                            \n            <div class=\"column\">\n                \n                <p>Th\u00e9\u00e2tre social de Bellinzone<\/p>\n\n                            <\/div>\n        <\/div>\n\n    <\/div>\n<\/div>\n\n\n<div  class=\"block block-text-bild pb-mittel\">\n    <div class=\"main-container\">\n\n        <div class=\"columns-2\">\n                            <div class=\"column bild\">\n                    <img loading=\"lazy\" decoding=\"async\" width=\"600\" height=\"323\" src=\"https:\/\/www.sappm.ch\/wp-content\/uploads\/2025\/04\/Bellinzona-600x323.png\" class=\"attachment-medium size-medium\" alt=\"\" srcset=\"https:\/\/www.sappm.ch\/wp-content\/uploads\/2025\/04\/Bellinzona-600x323.png 600w, https:\/\/www.sappm.ch\/wp-content\/uploads\/2025\/04\/Bellinzona-1024x550.png 1024w, https:\/\/www.sappm.ch\/wp-content\/uploads\/2025\/04\/Bellinzona-768x413.png 768w, https:\/\/www.sappm.ch\/wp-content\/uploads\/2025\/04\/Bellinzona.png 1280w\" sizes=\"auto, (max-width: 600px) 100vw, 600px\" \/>                <\/div>\n                            \n            <div class=\"column\">\n                \n                <p>Palais civique de Bellinzone<\/p>\n\n                            <\/div>\n        <\/div>\n\n    <\/div>\n<\/div>","protected":false},"excerpt":{"rendered":"","protected":false},"author":3,"featured_media":10375,"parent":10323,"menu_order":0,"comment_status":"closed","ping_status":"closed","template":"tpl-kongress.php","meta":{"_acf_changed":false,"footnotes":""},"class_list":["post-10327","page","type-page","status-publish","has-post-thumbnail","hentry"],"acf":[],"_links":{"self":[{"href":"https:\/\/www.sappm.ch\/fr\/wp-json\/wp\/v2\/pages\/10327","targetHints":{"allow":["GET"]}}],"collection":[{"href":"https:\/\/www.sappm.ch\/fr\/wp-json\/wp\/v2\/pages"}],"about":[{"href":"https:\/\/www.sappm.ch\/fr\/wp-json\/wp\/v2\/types\/page"}],"author":[{"embeddable":true,"href":"https:\/\/www.sappm.ch\/fr\/wp-json\/wp\/v2\/users\/3"}],"replies":[{"embeddable":true,"href":"https:\/\/www.sappm.ch\/fr\/wp-json\/wp\/v2\/comments?post=10327"}],"version-history":[{"count":9,"href":"https:\/\/www.sappm.ch\/fr\/wp-json\/wp\/v2\/pages\/10327\/revisions"}],"predecessor-version":[{"id":14397,"href":"https:\/\/www.sappm.ch\/fr\/wp-json\/wp\/v2\/pages\/10327\/revisions\/14397"}],"up":[{"embeddable":true,"href":"https:\/\/www.sappm.ch\/fr\/wp-json\/wp\/v2\/pages\/10323"}],"wp:featuredmedia":[{"embeddable":true,"href":"https:\/\/www.sappm.ch\/fr\/wp-json\/wp\/v2\/media\/10375"}],"wp:attachment":[{"href":"https:\/\/www.sappm.ch\/fr\/wp-json\/wp\/v2\/media?parent=10327"}],"curies":[{"name":"wp","href":"https:\/\/api.w.org\/{rel}","templated":true}]}}