{"id":15748,"date":"2025-06-16T11:12:17","date_gmt":"2025-06-16T09:12:17","guid":{"rendered":"https:\/\/www.sappm.ch\/?page_id=15748"},"modified":"2025-10-22T22:32:45","modified_gmt":"2025-10-22T20:32:45","slug":"keynote-lectures","status":"publish","type":"page","link":"https:\/\/www.sappm.ch\/fr\/keynote-lectures\/","title":{"rendered":"Keynote Lectures"},"content":{"rendered":"\n<div  class=\"block block-lead bg-element \">\n    <div class=\"main-container\">\n        <div class=\"content-container lead-font-size\">\n            Pour que tous les participants puissent suivre les keynote conf\u00e9rences, nous proposons une interpr\u00e9tation simultan\u00e9e (italien &#8211; allemand) et (fran\u00e7ais &#8211; allemand).          <\/div>\n    <\/div>\n<\/div>\n<div class=\"block block-akkordeon pb-mittel\">\n    <div class=\"main-container\">\n        <h2>23.10.2025 Teatro Sociale, Sala Teatro<\/h2>\n                    <div class=\"accordion agenda-item\">\n                                    <div class=\"accordion-item\">\n                        <div class=\"accordion-toggle dark\">\n                            <div class=\"infos transition\">\n                                <span class=\"text\">Plus d&rsquo;infos<\/span>\n                                <span class=\"icon-more\"><\/span>\n                                <span class=\"icon-less\"><\/span>\n                            <\/div>\n                            <div class=\"inner\">\n                                <h3 class=\"d6 agenda-title\">1) 08.30h &#8211; 09.15h Assamblea annuale TI-PSISO \/ IS-TI-PSISO<\/h3>\n                            <\/div>\n                        <\/div>\n                        <div class=\"accordion-content\">\n                            <div class=\"inner\">\n                                <p><strong>Maria Grazia Canepa (i)<\/strong><\/p>\n<p><strong>Assamblea annuale TI-PSISO<\/strong><\/p>\n<p><strong>Assamblea annuale IS-TI-PSISO<\/strong><\/p>\n                            <\/div>\n                        <\/div>\n                    <\/div>\n                                    <div class=\"accordion-item\">\n                        <div class=\"accordion-toggle dark\">\n                            <div class=\"infos transition\">\n                                <span class=\"text\">Plus d&rsquo;infos<\/span>\n                                <span class=\"icon-more\"><\/span>\n                                <span class=\"icon-less\"><\/span>\n                            <\/div>\n                            <div class=\"inner\">\n                                <h3 class=\"d6 agenda-title\">2) 09.30h &#8211; 10.15h Can health promotion slow down clinical medicine ?<\/h3>\n                            <\/div>\n                        <\/div>\n                        <div class=\"accordion-content\">\n                            <div class=\"inner\">\n                                <p><strong>Federico Peter (i)  <\/strong><\/p>\n<p><strong>La promozione della salute pu\u00f2 rallentare la medicina clinica?<\/strong><\/p>\n<p>Il rapporto riflette su come la promozione della salute, attraverso la creazione di ambienti e comportamenti di supporto, permetta agli individui e alle comunit\u00e0 di aumentare il controllo sulla propria salute e di migliorarla. In linea con i principi della \u201cslow medicine\u201d, esplora il potenziale trasformativo degli interventi che rafforzano il senso di autocura e il coinvolgimento degli individui e delle comunit\u00e0, rallentano l\u2019eccessiva medicalizzazione e riequilibrano il rapporto tra la medicina clinica e i bisogni reali delle persone. <\/p>\n<p>&nbsp;<\/p>\n<p>&nbsp;<\/p>\n                            <\/div>\n                        <\/div>\n                    <\/div>\n                                    <div class=\"accordion-item\">\n                        <div class=\"accordion-toggle dark\">\n                            <div class=\"infos transition\">\n                                <span class=\"text\">Plus d&rsquo;infos<\/span>\n                                <span class=\"icon-more\"><\/span>\n                                <span class=\"icon-less\"><\/span>\n                            <\/div>\n                            <div class=\"inner\">\n                                <h3 class=\"d6 agenda-title\">3) 10.30h &#8211; 11.15h Utilit\u00e0 del colloquio motivazionale: sobrio, saggio, rispettoso<\/h3>\n                            <\/div>\n                        <\/div>\n                        <div class=\"accordion-content\">\n                            <div class=\"inner\">\n                                <p><strong>Giona Morinini (i)<\/strong><\/p>\n<p><strong>Utilit\u00e9 de l&rsquo;entretien de motivation : sobre, sage, respectueux<\/strong><\/p>\n                            <\/div>\n                        <\/div>\n                    <\/div>\n                                    <div class=\"accordion-item\">\n                        <div class=\"accordion-toggle dark\">\n                            <div class=\"infos transition\">\n                                <span class=\"text\">Plus d&rsquo;infos<\/span>\n                                <span class=\"icon-more\"><\/span>\n                                <span class=\"icon-less\"><\/span>\n                            <\/div>\n                            <div class=\"inner\">\n                                <h3 class=\"d6 agenda-title\">4) 11.30h &#8211; 12.15h Ipnosi e Slow Medicine<\/h3>\n                            <\/div>\n                        <\/div>\n                        <div class=\"accordion-content\">\n                            <div class=\"inner\">\n                                <p><strong>Cornelia Klauser &amp; Nicole Ferrara (i)<\/strong><\/p>\n<p><strong>Ipnosi e Slow Medicine (pratica dell\u2019ipnosi in slow medicine) <\/strong><strong>Slow and efficient (?) <\/strong><strong>Con un linguaggio ipnotico (slow) posso accelerare la guarigione del paziente?<\/strong><\/p>\n<p>Nicole Ferrera: Come l\u2019ipnosi si integra nella quotidianit\u00e0 delle cure (Introduzione al concetto ipnosi e al linguaggio ipnotico nella pratica quotidiana. Obiettivo chiaro per medico e paziente, approccio dichiarato o non, suggestioni dirette ed indirette, linguaggio non verbale)<\/p>\n<p>Cornelia Klauser-Reucker: Esempi pratici (situazioni di ansia, agitazione (Es respirazione abbinato a safe place, dolore visualizzato in dettaglio).<\/p>\n<p>&nbsp;<\/p>\n                            <\/div>\n                        <\/div>\n                    <\/div>\n                                    <div class=\"accordion-item\">\n                        <div class=\"accordion-toggle dark\">\n                            <div class=\"infos transition\">\n                                <span class=\"text\">Plus d&rsquo;infos<\/span>\n                                <span class=\"icon-more\"><\/span>\n                                <span class=\"icon-less\"><\/span>\n                            <\/div>\n                            <div class=\"inner\">\n                                <h3 class=\"d6 agenda-title\">5) 14.00h &#8211; 15.15h C\u00e9r\u00e9monie d&rsquo;ouverture<\/h3>\n                            <\/div>\n                        <\/div>\n                        <div class=\"accordion-content\">\n                            <div class=\"inner\">\n                                <p><strong>Discorso di benvenuto del Presidente dell\u2019OMCT Dott. Franco DentiAllocution de bienvenue du pr\u00e9sident de l&rsquo;OMCT Dr. med. Franco Denti<\/strong><\/p>\n<p>&nbsp;<\/p>\n<p><strong>Discorso di apertura con il Prof. Marco Bobbio (Sala Teatro)<\/strong><\/p>\n<p><strong>In lode della medicina sobria, rispettosa e corretta<\/strong><\/p>\n<p>Die westliche, reduktionistische und technologische Medizin hat enorme Fortschritte in der Diagnostik und Behandlung erm\u00f6glicht, indem sie Krankheiten heilte, die noch vor wenigen Jahrzehnten t\u00f6dlich waren. Der wachsende Erfolg der wissenschaftlichen Medizin hat den menschlichen Aspekt immer mehr an den Rand gedr\u00e4ngt, indem er vorschreibt, dass alle Patienten auf eine Standardmethode zu behandeln sind, und eine Versorgung f\u00fcr den Durchschnittspatienten vorschreibt, nicht f\u00fcr diesen Patienten. Die Slow Medicine, die eine n\u00fcchterne, respektvolle und gerechte Medizin vorschl\u00e4gt, k\u00e4mpft seit Jahren daf\u00fcr, diese Entwicklung zu korrigieren.  <\/p>\n<p>&nbsp;<\/p>\n                            <\/div>\n                        <\/div>\n                    <\/div>\n                                    <div class=\"accordion-item\">\n                        <div class=\"accordion-toggle dark\">\n                            <div class=\"infos transition\">\n                                <span class=\"text\">Plus d&rsquo;infos<\/span>\n                                <span class=\"icon-more\"><\/span>\n                                <span class=\"icon-less\"><\/span>\n                            <\/div>\n                            <div class=\"inner\">\n                                <h3 class=\"d6 agenda-title\">6) 15.30h &#8211; 16.15h \u00c9loge de la lenteur \/ Lob der Langsamkeit (Primary care)<\/h3>\n                            <\/div>\n                        <\/div>\n                        <div class=\"accordion-content\">\n                            <div class=\"inner\">\n                                <p><strong>Fran\u00e7ois Pilet (f)<\/strong><\/p>\n<p><strong>\u00c9loge de la lenteur \/ Lob der Langsamkeit (Primary care)<\/strong><\/p>\n<p>\u00ab\u00a0J&rsquo;ai attendu longtemps dans votre salle d&rsquo;attente, docteur, mais je savais que lorsque je serais en face de vous dans votre cabinet, vous seriez enti\u00e8rement disponible pour moi\u00a0\u00bb. Cette phrase, que j&rsquo;ai entendue ou lue de nombreuses fois lorsque j&rsquo;ai pris ma retraite, m&rsquo;a fait chaud au c\u0153ur. Mais je serais un menteur si je pr\u00e9tendais avoir r\u00e9solu la lutte sans merci entre Chronos, le temps dans la salle d&rsquo;attente, et Kairos, le temps dans la salle de consultation. Comment vivre cette tension sans g\u00e2cher ce qu&rsquo;il y a de plus beau dans notre m\u00e9tier, l&rsquo;attention port\u00e9e \u00e0 l&rsquo;autre ?   <\/p>\n                            <\/div>\n                        <\/div>\n                    <\/div>\n                                    <div class=\"accordion-item\">\n                        <div class=\"accordion-toggle dark\">\n                            <div class=\"infos transition\">\n                                <span class=\"text\">Plus d&rsquo;infos<\/span>\n                                <span class=\"icon-more\"><\/span>\n                                <span class=\"icon-less\"><\/span>\n                            <\/div>\n                            <div class=\"inner\">\n                                <h3 class=\"d6 agenda-title\">7) 16.30h &#8211; 17.15 \u00d6kopsychosomatik in der Klimakrise: Neue Perspektiven &#8230;<\/h3>\n                            <\/div>\n                        <\/div>\n                        <div class=\"accordion-content\">\n                            <div class=\"inner\">\n                                <p><strong>Isolde Busch (d)<\/strong><\/p>\n<p><strong>\u00d6kopsychosomatik in der Klimakrise: Neue Perspektiven auf psychische Gesundheit im Kontext globaler Ver\u00e4nderungen<\/strong><\/p>\n<p>In diesem Vortrag wird, ausgehend von dem sich entwickelnden Konzept der \u00d6kopsychosomatik, untersucht, wie sich die Klimakrise auf das psychische und psychosomatische Wohlbefinden auswirkt, wobei auch das Zusammenspiel zwischen individueller mentaler Gesundheit und sozio\u00f6kologischen Dynamiken ber\u00fccksichtigt wird. Ein \u00dcberblick \u00fcber klimabezogene Emotionen und psychosomatische Symptome bildet die Grundlage f\u00fcr eine anschlie\u00dfende Diskussion \u00fcber Strategien zur St\u00e4rkung psychischer Resilienz und zur F\u00f6rderung eines engagierten Umgangs mit \u00f6kologischen Krisen. <\/p>\n<p>&nbsp;<\/p>\n                            <\/div>\n                        <\/div>\n                    <\/div>\n                                    <div class=\"accordion-item\">\n                        <div class=\"accordion-toggle dark\">\n                            <div class=\"infos transition\">\n                                <span class=\"text\">Plus d&rsquo;infos<\/span>\n                                <span class=\"icon-more\"><\/span>\n                                <span class=\"icon-less\"><\/span>\n                            <\/div>\n                            <div class=\"inner\">\n                                <h3 class=\"d6 agenda-title\">8) 17.30h &#8211; 18.00h Table ronde (i, f, d, e)<\/h3>\n                            <\/div>\n                        <\/div>\n                        <div class=\"accordion-content\">\n                            <div class=\"inner\">\n                                <p><strong>M. Bobbio, F. Pilet, I. Busch and more <\/strong><\/p>\n<p><strong>Table ronde<\/strong><\/p>\n                            <\/div>\n                        <\/div>\n                    <\/div>\n                            <\/div>\n            <\/div>\n<\/div>\n\n<div class=\"block block-akkordeon pb-mittel\">\n    <div class=\"main-container\">\n        <h2>24.10.2025 Teatro Sociale, Sala Teatro<\/h2>\n                    <div class=\"accordion agenda-item\">\n                                    <div class=\"accordion-item\">\n                        <div class=\"accordion-toggle dark\">\n                            <div class=\"infos transition\">\n                                <span class=\"text\">Plus d&rsquo;infos<\/span>\n                                <span class=\"icon-more\"><\/span>\n                                <span class=\"icon-less\"><\/span>\n                            <\/div>\n                            <div class=\"inner\">\n                                <h3 class=\"d6 agenda-title\">9) 09.00h &#8211; 09.45h Smarter medicine\/Choosing wisely : 10 ans &#8230;<\/h3>\n                            <\/div>\n                        <\/div>\n                        <div class=\"accordion-content\">\n                            <div class=\"inner\">\n                                <p><strong>Luca Gabutti (f)<\/strong><\/p>\n<p><strong>Une m\u00e9decine plus intelligente\/des d\u00e9cisions plus judicieuses : 10 ans : succ\u00e8s et questions critiquesSmarter medicine<\/strong><\/p>\n<p>Un peu plus de 10 ans se sont \u00e9coul\u00e9s depuis le lancement de la campagne Smarter Medicine en Suisse. 47 organisations partenaires et 32 listes du top 5 des examens et traitements \u00e0 \u00e9viter c\u00e9l\u00e8brent son succ\u00e8s. La m\u00eame \u00e9volution s&rsquo;est produite dans le reste du monde, dans plus de 30 pays o\u00f9 le mouvement s&rsquo;est d\u00e9velopp\u00e9 sous le nom de Choosing Wisely ou Slow Medicine. Qu&rsquo;avons-nous appris ? Que reste-t-il \u00e0 faire ? Dans quelle mesure ce d\u00e9fi nous concerne-t-il tous ?     <\/p>\n                            <\/div>\n                        <\/div>\n                    <\/div>\n                                    <div class=\"accordion-item\">\n                        <div class=\"accordion-toggle dark\">\n                            <div class=\"infos transition\">\n                                <span class=\"text\">Plus d&rsquo;infos<\/span>\n                                <span class=\"icon-more\"><\/span>\n                                <span class=\"icon-less\"><\/span>\n                            <\/div>\n                            <div class=\"inner\">\n                                <h3 class=\"d6 agenda-title\">10) 10.00h &#8211; 10.45h Quand le commerce fa\u00e7onne la sant\u00e9 : comprendre et agir<\/h3>\n                            <\/div>\n                        <\/div>\n                        <div class=\"accordion-content\">\n                            <div class=\"inner\">\n                                <p><strong>Joachim Marti (f)<\/strong><\/p>\n<p><strong>Quand le commerce fa\u00e7onne la sant\u00e9 : comprendre et agir<\/strong><\/p>\n<p>En 2021, les maladies non transmissibles ont caus\u00e9 43 millions de d\u00e9c\u00e8s dans le monde, dont un tiers sont attribuables \u00e0 quatre industries majeures : tabac, alcool, aliments ultratransform\u00e9s et combustibles fossiles. Dans ce contexte, peut-on encore expliquer la mauvaise sant\u00e9 uniquement par les choix individuels ? L\u2019approche des d\u00e9terminants commerciaux de la sant\u00e9, de plus en plus abord\u00e9e dans la sph\u00e8re de la sant\u00e9 publique, examine les causes structurelles de ces \u00ab \u00e9pid\u00e9mies industrielles \u00bb et met en lumi\u00e8re l\u2019influence des acteurs \u00e9conomiques sur la sant\u00e9 des populations. Elle incite les professionnel-les de sant\u00e9, les d\u00e9cideuses et d\u00e9cideurs et les organisations \u00e0 \u00e9valuer l\u2019impact des strat\u00e9gies industrielles sur les comportements de consommation, tout en plaidant pour la mise en place de r\u00e9glementations adapt\u00e9es   <\/p>\n                            <\/div>\n                        <\/div>\n                    <\/div>\n                                    <div class=\"accordion-item\">\n                        <div class=\"accordion-toggle dark\">\n                            <div class=\"infos transition\">\n                                <span class=\"text\">Plus d&rsquo;infos<\/span>\n                                <span class=\"icon-more\"><\/span>\n                                <span class=\"icon-less\"><\/span>\n                            <\/div>\n                            <div class=\"inner\">\n                                <h3 class=\"d6 agenda-title\">11) 11.00h &#8211; 11.45h Vers un syst\u00e8me de sant\u00e9 robuste et \u00e9quitable &#8230;<\/h3>\n                            <\/div>\n                        <\/div>\n                        <div class=\"accordion-content\">\n                            <div class=\"inner\">\n                                <p><strong>Val\u00e9rie D&rsquo;Acremont (f)<\/strong><\/p>\n<p><strong>Vers un syst\u00e8me de sant\u00e9 robuste et \u00e9quitable pour relever les d\u00e9fis mondiaux<\/strong><\/p>\n<p>Le secteur suisse des soins est celui qui consomme le plus de ressources \u00e9nerg\u00e9tiques, de mati\u00e8res premi\u00e8res et de personnel soignant au monde. Il est donc particuli\u00e8rement vuln\u00e9rable aux p\u00e9nuries mat\u00e9rielles et humaines qui affectent de plus en plus nos soci\u00e9t\u00e9s. Cette vuln\u00e9rabilit\u00e9 survient \u00e0 un moment o\u00f9 le nombre de patients augmente, pr\u00e9cis\u00e9ment en raison des effets n\u00e9fastes sur la sant\u00e9 de la d\u00e9gradation de notre environnement. Comment sortir de ce cercle vicieux et transformer en profondeur notre syst\u00e8me de sant\u00e9 pour le rendre robuste face \u00e0 ces d\u00e9fis mondiaux, tout en garantissant un acc\u00e8s r\u00e9ellement \u00e9quitable aux soins et \u00e0 la pr\u00e9vention pour l&rsquo;ensemble de la population ?   <\/p>\n                            <\/div>\n                        <\/div>\n                    <\/div>\n                                    <div class=\"accordion-item\">\n                        <div class=\"accordion-toggle dark\">\n                            <div class=\"infos transition\">\n                                <span class=\"text\">Plus d&rsquo;infos<\/span>\n                                <span class=\"icon-more\"><\/span>\n                                <span class=\"icon-less\"><\/span>\n                            <\/div>\n                            <div class=\"inner\">\n                                <h3 class=\"d6 agenda-title\">12) 13.30h &#8211; 14.15h The future of psychosomatic medicine &#8230;<\/h3>\n                            <\/div>\n                        <\/div>\n                        <div class=\"accordion-content\">\n                            <div class=\"inner\">\n                                <p><strong>Fiammetta Cosci (e)<\/strong><\/p>\n<p><strong>The future of psychosomatic medicine : beyond the biopsychosocial factors ?<\/strong><\/p>\n<p>The dualistic approach of organic vs functional is still not overcome in science and in clinical practice. Even though the biopsychosocial model was proposed already in late 1970s, boundaries are still applied in clinical disciplines. The idea that bio, psycho, and social factors are separate entities to be assessed and taken into account is still largely widespread even though the conceptualization of biopsychosocial factors as interconnected elements contributing to a comprehensive, holistic, and global understanding of patients is known. The lecture will give insight into possible tools and strategies to be proposed in research and in clinical practice to actualize the biopsychosocial model with the aim of overcoming reductionistic or dualistic point of views and make a step further in the understanding of clinical and human phenomena.   <\/p>\n<p>&nbsp;<\/p>\n                            <\/div>\n                        <\/div>\n                    <\/div>\n                                    <div class=\"accordion-item\">\n                        <div class=\"accordion-toggle dark\">\n                            <div class=\"infos transition\">\n                                <span class=\"text\">Plus d&rsquo;infos<\/span>\n                                <span class=\"icon-more\"><\/span>\n                                <span class=\"icon-less\"><\/span>\n                            <\/div>\n                            <div class=\"inner\">\n                                <h3 class=\"d6 agenda-title\">13) 14.30h &#8211; 15.15h La psychosomatique en marche<\/h3>\n                            <\/div>\n                        <\/div>\n                        <div class=\"accordion-content\">\n                            <div class=\"inner\">\n                                <p><strong>Niklaus Egloff (d)<\/strong><\/p>\n<p><strong>Psychosomatik im Aufbruch:<\/strong><\/p>\n<p><strong>Wo kommen wir her, wo gehen wir hin?<\/strong><\/p>\n<p>Das was wir unter Psychosomatik verstehen, ist oft schwierig in Worte zu fassen. Das liegt an der Komplexit\u00e4t des Themas, aber auch an der Limitation unserer Begriffe. Wir erarbeiten die verschiedenen Paradigmen, die seit Vorzeiten unser Denken beeinflussen und suchen nach einer Antwort f\u00fcr die Psychosomatische Medizin der kommenden Zeit.  <\/p>\n                            <\/div>\n                        <\/div>\n                    <\/div>\n                                    <div class=\"accordion-item\">\n                        <div class=\"accordion-toggle dark\">\n                            <div class=\"infos transition\">\n                                <span class=\"text\">Plus d&rsquo;infos<\/span>\n                                <span class=\"icon-more\"><\/span>\n                                <span class=\"icon-less\"><\/span>\n                            <\/div>\n                            <div class=\"inner\">\n                                <h3 class=\"d6 agenda-title\">14) 15.30h &#8211; 16.00h Table ronde (i, f, d, e)<\/h3>\n                            <\/div>\n                        <\/div>\n                        <div class=\"accordion-content\">\n                            <div class=\"inner\">\n                                <p><strong>F. Cosci, R. v. K\u00e4nel and more (i, f, d, e)<\/strong><\/p>\n<p><strong>Table ronde<\/strong><\/p>\n                            <\/div>\n                        <\/div>\n                    <\/div>\n                                    <div class=\"accordion-item\">\n                        <div class=\"accordion-toggle dark\">\n                            <div class=\"infos transition\">\n                                <span class=\"text\">Plus d&rsquo;infos<\/span>\n                                <span class=\"icon-more\"><\/span>\n                                <span class=\"icon-less\"><\/span>\n                            <\/div>\n                            <div class=\"inner\">\n                                <h3 class=\"d6 agenda-title\">15) 16.00h &#8211; 16.30h C\u00e9r\u00e9monie de cl\u00f4ture<\/h3>\n                            <\/div>\n                        <\/div>\n                        <div class=\"accordion-content\">\n                            <div class=\"inner\">\n                                <p><strong>Raffaele De Rosa<\/strong><\/p>\n<p><strong>D\u00e9part du Conseil d&rsquo;\u00c9tat et du directeur du D\u00e9partement de la sant\u00e9 et des affaires sociales. <\/strong> <\/p>\n                            <\/div>\n                        <\/div>\n                    <\/div>\n                            <\/div>\n            <\/div>\n<\/div>\n\n<div  class=\"block block-content pb-mittel\">\n    <div class=\"main-container\">\n        <div class=\"content-container\">\n\n            \n            \n                            <div class=\"button-group\">\n                                   <a class=\"btn btn-full btn-arrow\" href=\"https:\/\/www.sappm.ch\/kongress-2025\/programm\/\" target=\"_self\">Vers l&#039;aper\u00e7u du programme<\/a>\n                                <\/div>\n            \n        <\/div>\n    <\/div>\n<\/div>","protected":false},"excerpt":{"rendered":"","protected":false},"author":3,"featured_media":0,"parent":0,"menu_order":0,"comment_status":"closed","ping_status":"closed","template":"tpl-kongress.php","meta":{"_acf_changed":false,"footnotes":""},"class_list":["post-15748","page","type-page","status-publish","hentry"],"acf":[],"_links":{"self":[{"href":"https:\/\/www.sappm.ch\/fr\/wp-json\/wp\/v2\/pages\/15748","targetHints":{"allow":["GET"]}}],"collection":[{"href":"https:\/\/www.sappm.ch\/fr\/wp-json\/wp\/v2\/pages"}],"about":[{"href":"https:\/\/www.sappm.ch\/fr\/wp-json\/wp\/v2\/types\/page"}],"author":[{"embeddable":true,"href":"https:\/\/www.sappm.ch\/fr\/wp-json\/wp\/v2\/users\/3"}],"replies":[{"embeddable":true,"href":"https:\/\/www.sappm.ch\/fr\/wp-json\/wp\/v2\/comments?post=15748"}],"version-history":[{"count":5,"href":"https:\/\/www.sappm.ch\/fr\/wp-json\/wp\/v2\/pages\/15748\/revisions"}],"predecessor-version":[{"id":18604,"href":"https:\/\/www.sappm.ch\/fr\/wp-json\/wp\/v2\/pages\/15748\/revisions\/18604"}],"wp:attachment":[{"href":"https:\/\/www.sappm.ch\/fr\/wp-json\/wp\/v2\/media?parent=15748"}],"curies":[{"name":"wp","href":"https:\/\/api.w.org\/{rel}","templated":true}]}}