{"id":15750,"date":"2025-06-18T15:02:04","date_gmt":"2025-06-18T13:02:04","guid":{"rendered":"https:\/\/www.sappm.ch\/?page_id=15750"},"modified":"2025-10-16T13:58:49","modified_gmt":"2025-10-16T11:58:49","slug":"programme-cadre","status":"publish","type":"page","link":"https:\/\/www.sappm.ch\/fr\/programme-cadre\/","title":{"rendered":"Programme cadre"},"content":{"rendered":"\n<div  class=\"block block-lead bg-element pb-mittel\">\n    <div class=\"main-container\">\n        <div class=\"content-container lead-font-size\">\n            To the town &amp; To slow down &#8211;  \r\n\r\nNos coll\u00e8gues du Tessin vous invitent \u00e0 d\u00e9couvrir la ville et ses environs avec les personnes qui vous accompagnent. Venez avec nous pour un voyage de d\u00e9couverte inspirant et profitez pleinement de votre s\u00e9jour. \r\n\r\nParall\u00e8lement au programme du congr\u00e8s, nous vous proposons \u00e9galement une offre de hatha yoga simple &#8211; id\u00e9ale pour retrouver le calme et faire le plein d&rsquo;\u00e9nergie. Vous pourrez ainsi profiter pleinement du congr\u00e8s.         <\/div>\n    <\/div>\n<\/div>\n\n\n<div class=\"block block-akkordeon pb-mittel\">\n    <div class=\"main-container\">\n        <h2>Jeudi 23 octobre 2025<\/h2>\n                    <div class=\"accordion agenda-item\">\n                                    <div class=\"accordion-item\">\n                        <div class=\"accordion-toggle dark\">\n                            <div class=\"infos transition\">\n                                <span class=\"text\">Plus d&rsquo;infos<\/span>\n                                <span class=\"icon-more\"><\/span>\n                                <span class=\"icon-less\"><\/span>\n                            <\/div>\n                            <div class=\"inner\">\n                                <h3 class=\"d6 agenda-title\">12:30h &#8211; 13:15h Hatha Yoga en pleine conscience \u00e0 midi  <\/h3>\n                            <\/div>\n                        <\/div>\n                        <div class=\"accordion-content\">\n                            <div class=\"inner\">\n                                <p><img loading=\"lazy\" decoding=\"async\" class=\"alignnone wp-image-15449\" src=\"https:\/\/www.sappm.ch\/wp-content\/uploads\/2025\/06\/Bild1-Blatt-gelb-1-150x150.png\" alt=\"\" width=\"269\" height=\"217\" srcset=\"https:\/\/www.sappm.ch\/wp-content\/uploads\/2025\/06\/Bild1-Blatt-gelb-1-600x485.png 600w, https:\/\/www.sappm.ch\/wp-content\/uploads\/2025\/06\/Bild1-Blatt-gelb-1-768x621.png 768w, https:\/\/www.sappm.ch\/wp-content\/uploads\/2025\/06\/Bild1-Blatt-gelb-1.png 880w\" sizes=\"auto, (max-width: 269px) 100vw, 269px\" \/><\/p>\n<p><strong>Hatha Yoga en pleine conscience \u00e0 midi<\/strong><\/p>\n<p>S&rsquo;arr\u00eater, se sentir, s&rsquo;\u00e9tirer, respirer et se d\u00e9tendre. Activation du syst\u00e8me parasympathique, du nerf vague. <\/p>\n<p>Accordez-vous 45 minutes pour assimiler les impressions du congr\u00e8s et faire \u00e0 nouveau de la place pour accueillir les nouveaut\u00e9s. <\/p>\n<p>Chercher en groupe, par le mouvement et la perception du yoga, le chemin vers l&rsquo;int\u00e9rieur et exp\u00e9rimenter le lien avec le tout.<\/p>\n<p>Heure : 23.10.25, 12:30h &#8211; 13:15h<\/p>\n<p>Lieu : Sala Teatro, Teatro Sociale<\/p>\n<p>Sp\u00e9cial : si possible, apportez votre tapis de yoga.<\/p>\n<p>Langue : fran\u00e7ais, allemand, italien, anglais<\/p>\n<p>Direction : Dr. med. Marie-Louise Gander Ferrari, FMH m\u00e9decine interne g\u00e9n\u00e9rale, iSP SAPPM, professeur de yoga, YCH<\/p>\n<p>Gratuit pour les participants au congr\u00e8s et les accompagnateurs<\/p>\n                            <\/div>\n                        <\/div>\n                    <\/div>\n                                    <div class=\"accordion-item\">\n                        <div class=\"accordion-toggle dark\">\n                            <div class=\"infos transition\">\n                                <span class=\"text\">Plus d&rsquo;infos<\/span>\n                                <span class=\"icon-more\"><\/span>\n                                <span class=\"icon-less\"><\/span>\n                            <\/div>\n                            <div class=\"inner\">\n                                <h3 class=\"d6 agenda-title\">15:00h &#8211; 17:00h Visite guid\u00e9e exclusive de la ville pour les accompagnateurs  <\/h3>\n                            <\/div>\n                        <\/div>\n                        <div class=\"accordion-content\">\n                            <div class=\"inner\">\n                                <p><strong><img loading=\"lazy\" decoding=\"async\" class=\"alignnone wp-image-15391\" src=\"https:\/\/www.sappm.ch\/wp-content\/uploads\/2025\/06\/Bild2-Palazzo-Civico-150x150.png\" alt=\"\" width=\"300\" height=\"217\" srcset=\"https:\/\/www.sappm.ch\/wp-content\/uploads\/2025\/06\/Bild2-Palazzo-Civico-600x434.png 600w, https:\/\/www.sappm.ch\/wp-content\/uploads\/2025\/06\/Bild2-Palazzo-Civico-768x555.png 768w, https:\/\/www.sappm.ch\/wp-content\/uploads\/2025\/06\/Bild2-Palazzo-Civico.png 996w\" sizes=\"auto, (max-width: 300px) 100vw, 300px\" \/><\/strong><\/p>\n<p><strong>Visite guid\u00e9e exclusive de la ville pour les accompagnateurs<\/strong><\/p>\n<p>Visite de la ville de Bellinzona avec le Dr Tazio Carlevaro et le Dr Guido Robotti.<\/p>\n<p>Du th\u00e9\u00e2tre municipal \u00e0 Castelgrande en passant par Viale Portone et retour au th\u00e9\u00e2tre avec visite de l \u00ab \u00e9glise baroque \u201cLa Collegiata\u201d (environ 1 km \u00e0 pied), puis possibilit\u00e9 de visiter l \u00bb \u00e9glise Santa Maria delle Grazie avec des fresques de la Renaissance (\u00e9galement environ 1 km \u00e0 pied).<\/p>\n<p>Heure : Jeudi, 23.10.25, 15:00h &#8211; 17:00h<\/p>\n<p>Lieu de rendez-vous : devant le Teatro Sociale<\/p>\n<p>Langue : fran\u00e7ais, allemand, italien<\/p>\n<p>Places : max. 50 personnes <\/p>\n<p>Gratuit pour les participants au congr\u00e8s et les accompagnateurs<\/p>\n<p><strong><a href=\"mailto:info@sappm.ch\" target=\"_blank\" rel=\"noopener\">Inscription<\/a><\/strong><\/p>\n<p>&nbsp;<\/p>\n                            <\/div>\n                        <\/div>\n                    <\/div>\n                                    <div class=\"accordion-item\">\n                        <div class=\"accordion-toggle dark\">\n                            <div class=\"infos transition\">\n                                <span class=\"text\">Plus d&rsquo;infos<\/span>\n                                <span class=\"icon-more\"><\/span>\n                                <span class=\"icon-less\"><\/span>\n                            <\/div>\n                            <div class=\"inner\">\n                                <h3 class=\"d6 agenda-title\">20:30h Concert d&rsquo;orgue classique \u00e0 la coll\u00e9giale St. Pietro e Stefano<\/h3>\n                            <\/div>\n                        <\/div>\n                        <div class=\"accordion-content\">\n                            <div class=\"inner\">\n                                <p><img loading=\"lazy\" decoding=\"async\" class=\"alignnone wp-image-17587\" src=\"https:\/\/www.sappm.ch\/wp-content\/uploads\/2025\/09\/Bild-Kirche-600x496.png\" alt=\"\" width=\"300\" height=\"248\" srcset=\"https:\/\/www.sappm.ch\/wp-content\/uploads\/2025\/09\/Bild-Kirche-600x496.png 600w, https:\/\/www.sappm.ch\/wp-content\/uploads\/2025\/09\/Bild-Kirche.png 647w\" sizes=\"auto, (max-width: 300px) 100vw, 300px\" \/><\/p>\n<p><strong>Concert d&rsquo;orgue classique \u00e0 la coll\u00e9giale St. Pietro e Stefano<\/strong><\/p>\n<p>Nous avons le plaisir d&rsquo;attirer votre attention sur le concert d&rsquo;orgue exceptionnel suivant. Stefano Molardi (1970) est un organiste de renomm\u00e9e internationale. L&rsquo;\u00e9glise coll\u00e9giale se trouve \u00e0 proximit\u00e9 imm\u00e9diate, au c\u0153ur de la vieille ville (Piazza collegiata). L&rsquo;entr\u00e9e est gratuite.   <\/p>\n<p><img loading=\"lazy\" decoding=\"async\" class=\"alignnone wp-image-17593 size-medium\" src=\"https:\/\/www.sappm.ch\/wp-content\/uploads\/2025\/09\/Bild-Programm-Konzert-429x600.png\" alt=\"\" width=\"429\" height=\"600\" srcset=\"https:\/\/www.sappm.ch\/wp-content\/uploads\/2025\/09\/Bild-Programm-Konzert-429x600.png 429w, https:\/\/www.sappm.ch\/wp-content\/uploads\/2025\/09\/Bild-Programm-Konzert.png 570w\" sizes=\"auto, (max-width: 429px) 100vw, 429px\" \/><\/p>\n                            <\/div>\n                        <\/div>\n                    <\/div>\n                            <\/div>\n            <\/div>\n<\/div>\n\n\n\n<div class=\"block block-akkordeon pb-mittel\">\n    <div class=\"main-container\">\n        <h2>Vendredi 24 octobre 2025<\/h2>\n                    <div class=\"accordion agenda-item\">\n                                    <div class=\"accordion-item\">\n                        <div class=\"accordion-toggle dark\">\n                            <div class=\"infos transition\">\n                                <span class=\"text\">Plus d&rsquo;infos<\/span>\n                                <span class=\"icon-more\"><\/span>\n                                <span class=\"icon-less\"><\/span>\n                            <\/div>\n                            <div class=\"inner\">\n                                <h3 class=\"d6 agenda-title\">06:45h &#8211; 07:30h Hatha Yoga de pleine conscience pour commencer la journ\u00e9e  <\/h3>\n                            <\/div>\n                        <\/div>\n                        <div class=\"accordion-content\">\n                            <div class=\"inner\">\n                                <p><strong><img loading=\"lazy\" decoding=\"async\" class=\"alignnone wp-image-15406\" src=\"https:\/\/www.sappm.ch\/wp-content\/uploads\/2025\/06\/Bild3-Ahorn-rot-150x150.png\" alt=\"\" width=\"295\" height=\"217\" srcset=\"https:\/\/www.sappm.ch\/wp-content\/uploads\/2025\/06\/Bild3-Ahorn-rot-600x441.png 600w, https:\/\/www.sappm.ch\/wp-content\/uploads\/2025\/06\/Bild3-Ahorn-rot-768x564.png 768w, https:\/\/www.sappm.ch\/wp-content\/uploads\/2025\/06\/Bild3-Ahorn-rot.png 980w\" sizes=\"auto, (max-width: 295px) 100vw, 295px\" \/><\/strong><\/p>\n<p><strong>Hatha Yoga en pleine conscience pour commencer la journ\u00e9e<\/strong><\/p>\n<p>R\u00e9veiller le corps, attiser le feu int\u00e9rieur, l&rsquo;\u00e9nergie vitale, activer le syst\u00e8me sympathique.<\/p>\n<p>Commencez la journ\u00e9e par des exercices de respiration et des \u00e9tirements issus du hatha yoga. R\u00e9veillez votre corps et votre esprit, sentez l&rsquo;\u00e9nergie circuler dans votre corps ! <\/p>\n<p>Accordez-vous 45 minutes avant le d\u00e9but de la nouvelle journ\u00e9e de congr\u00e8s pour pouvoir ensuite ancrer les nouvelles impressions dans votre corps tout au long de la journ\u00e9e. <\/p>\n<p>Heure : 24.10.25, 06:45h &#8211; 07:30h<\/p>\n<p>Lieu de rendez-vous : Piazza del Sole. Par beau temps, \u00e0 l&rsquo;ext\u00e9rieur. <\/p>\n<p>Sp\u00e9cial : si possible, apportez votre tapis de yoga.<\/p>\n<p>Langue : fran\u00e7ais, allemand, italien, anglais<\/p>\n<p>Direction : Dr. med. Marie-Louise Gander Ferrari, FMH m\u00e9decine interne g\u00e9n\u00e9rale, iSP SAPPM, professeur de yoga, YCH<\/p>\n<p>Gratuit pour les participants au congr\u00e8s et les accompagnateurs<\/p>\n                            <\/div>\n                        <\/div>\n                    <\/div>\n                                    <div class=\"accordion-item\">\n                        <div class=\"accordion-toggle dark\">\n                            <div class=\"infos transition\">\n                                <span class=\"text\">Plus d&rsquo;infos<\/span>\n                                <span class=\"icon-more\"><\/span>\n                                <span class=\"icon-less\"><\/span>\n                            <\/div>\n                            <div class=\"inner\">\n                                <h3 class=\"d6 agenda-title\">12:00h &#8211; 12:45h Hatha Yoga en pleine conscience \u00e0 midi  <\/h3>\n                            <\/div>\n                        <\/div>\n                        <div class=\"accordion-content\">\n                            <div class=\"inner\">\n                                <p><strong><img loading=\"lazy\" decoding=\"async\" class=\"alignnone wp-image-15431\" src=\"https:\/\/www.sappm.ch\/wp-content\/uploads\/2025\/06\/Bild4-Ahron-gelb-1-150x150.png\" alt=\"\" width=\"322\" height=\"217\" srcset=\"https:\/\/www.sappm.ch\/wp-content\/uploads\/2025\/06\/Bild4-Ahron-gelb-1-600x405.png 600w, https:\/\/www.sappm.ch\/wp-content\/uploads\/2025\/06\/Bild4-Ahron-gelb-1-1024x691.png 1024w, https:\/\/www.sappm.ch\/wp-content\/uploads\/2025\/06\/Bild4-Ahron-gelb-1-768x518.png 768w, https:\/\/www.sappm.ch\/wp-content\/uploads\/2025\/06\/Bild4-Ahron-gelb-1.png 1046w\" sizes=\"auto, (max-width: 322px) 100vw, 322px\" \/><\/strong><\/p>\n<p><strong>Hatha Yoga en pleine conscience \u00e0 midi<\/strong><\/p>\n<p>S&rsquo;arr\u00eater, se sentir, s&rsquo;\u00e9tirer, respirer et se d\u00e9tendre. Activation du syst\u00e8me parasympathique, du nerf vague. <\/p>\n<p>Accordez-vous 45 minutes pour assimiler les impressions du congr\u00e8s et faire \u00e0 nouveau de la place pour accueillir les nouveaut\u00e9s. <\/p>\n<p>Chercher en groupe, par le mouvement et la perception du yoga, le chemin vers l&rsquo;int\u00e9rieur et exp\u00e9rimenter le lien avec le tout.<\/p>\n<p>Heure : 24.10.25, 12:00h &#8211; 12:45h<\/p>\n<p>Lieu : Sala Teatro, Teatro Sociale<\/p>\n<p>Sp\u00e9cial : si possible, apportez votre tapis de yoga.<\/p>\n<p>Langue : fran\u00e7ais, allemand, italien, anglais<\/p>\n<p>Direction : Dr. med. Marie-Louise Gander Ferrari, FMH m\u00e9decine interne g\u00e9n\u00e9rale, iSP SAPPM, professeur de yoga, YCH<\/p>\n<p>Gratuit pour les participants au congr\u00e8s et les accompagnateurs<\/p>\n                            <\/div>\n                        <\/div>\n                    <\/div>\n                                    <div class=\"accordion-item\">\n                        <div class=\"accordion-toggle dark\">\n                            <div class=\"infos transition\">\n                                <span class=\"text\">Plus d&rsquo;infos<\/span>\n                                <span class=\"icon-more\"><\/span>\n                                <span class=\"icon-less\"><\/span>\n                            <\/div>\n                            <div class=\"inner\">\n                                <h3 class=\"d6 agenda-title\">17:00h Visite guid\u00e9e de l&rsquo;int\u00e9rieur de Castelgrande et de ses souterrains  <\/h3>\n                            <\/div>\n                        <\/div>\n                        <div class=\"accordion-content\">\n                            <div class=\"inner\">\n                                <p><strong><img loading=\"lazy\" decoding=\"async\" class=\"alignnone wp-image-15454\" src=\"https:\/\/www.sappm.ch\/wp-content\/uploads\/2025\/06\/Bild5-Castelgrande-2-150x150.png\" alt=\"\" width=\"225\" height=\"217\" srcset=\"https:\/\/www.sappm.ch\/wp-content\/uploads\/2025\/06\/Bild5-Castelgrande-2-600x580.png 600w, https:\/\/www.sappm.ch\/wp-content\/uploads\/2025\/06\/Bild5-Castelgrande-2.png 683w\" sizes=\"auto, (max-width: 225px) 100vw, 225px\" \/><\/strong><\/p>\n<p><strong>Visite guid\u00e9e de l&rsquo;int\u00e9rieur de Castelgrande et de ses galeries souterraines<\/strong><\/p>\n<p>Avec le guide professionnel de Turismo Bellinzona<\/p>\n<p>La visite guid\u00e9e de Castelgrande, avec son imposante muraille et ses tours m\u00e9di\u00e9vales, vous emm\u00e8nera dans un fascinant voyage dans le pass\u00e9. En explorant les suggestifs passages souterrains et les anciennes fortifications, vous pourrez vous plonger dans l&rsquo;histoire d&rsquo;un lieu qui a connu des si\u00e8cles de combats et de changements. Une exp\u00e9rience qui fera de vous les acteurs d&rsquo;une \u00e9poque r\u00e9volue.  <\/p>\n<p>Heure : Vendredi, 24.10.25, 17:00h (dur\u00e9e 1 heure)<\/p>\n<p>Point de rencontre : Piazza del Sole<\/p>\n<p>Langue : allemand, fran\u00e7ais<\/p>\n<p>Gratuit pour les participants au congr\u00e8s et les accompagnateurs<\/p>\n<p>25 participants maximum<\/p>\n<p><strong><a href=\"mailto:info@sappm.ch\" target=\"_blank\" rel=\"noopener\">Inscription<\/a><\/strong><\/p>\n<p>&nbsp;<\/p>\n<p>&nbsp;<\/p>\n                            <\/div>\n                        <\/div>\n                    <\/div>\n                            <\/div>\n            <\/div>\n<\/div>\n\n\n\n<div class=\"block block-akkordeon pb-mittel\">\n    <div class=\"main-container\">\n        <h2>Samedi 25 octobre 2025<\/h2>\n                    <div class=\"accordion agenda-item\">\n                                    <div class=\"accordion-item\">\n                        <div class=\"accordion-toggle dark\">\n                            <div class=\"infos transition\">\n                                <span class=\"text\">Plus d&rsquo;infos<\/span>\n                                <span class=\"icon-more\"><\/span>\n                                <span class=\"icon-less\"><\/span>\n                            <\/div>\n                            <div class=\"inner\">\n                                <h3 class=\"d6 agenda-title\">11:00h &#8211; 16:00h Offre de week-end pour les participants au congr\u00e8s et l&rsquo;accompagnement  <\/h3>\n                            <\/div>\n                        <\/div>\n                        <div class=\"accordion-content\">\n                            <div class=\"inner\">\n                                <p><strong><img loading=\"lazy\" decoding=\"async\" class=\"alignnone wp-image-15437\" src=\"https:\/\/www.sappm.ch\/wp-content\/uploads\/2025\/06\/Bild6-150x150.png\" alt=\"\" width=\"277\" height=\"217\" srcset=\"https:\/\/www.sappm.ch\/wp-content\/uploads\/2025\/06\/Bild6-600x470.png 600w, https:\/\/www.sappm.ch\/wp-content\/uploads\/2025\/06\/Bild6-768x601.png 768w, https:\/\/www.sappm.ch\/wp-content\/uploads\/2025\/06\/Bild6.png 920w\" sizes=\"auto, (max-width: 277px) 100vw, 277px\" \/><\/strong><\/p>\n<p><strong>Superbe offre de week-end pour les participants au congr\u00e8s et leurs accompagnateurs<\/strong><\/p>\n<p>Excursion r\u00e9gionale \u00e0 l&rsquo;\u00e9glise romane isol\u00e9e et pittoresque de San Bernardo \u00e0 Curz\u00fctt, Monte Carasso avec le Dr Maria Grazia Canepa et la tr\u00e8s sympathique et talentueuse Mme Augusta.<\/p>\n<p>L&rsquo;\u00e9glise San Barn\u00e0rd, enti\u00e8rement peinte \u00e0 fresque par les ma\u00eetres de Seregnes au XVe si\u00e8cle, est l&rsquo;un des b\u00e2timents historiques les plus impressionnants de la r\u00e9gion, d&rsquo;importance nationale, avec une atmosph\u00e8re unique et une vue magnifique. Selon les conditions m\u00e9t\u00e9orologiques, il est \u00e9galement possible de se promener jusqu&rsquo;au Ponte Tibetano. Ce pont suspendu permet de travailler sur ses propres peurs (de l&rsquo;altitude) et autres \u00e9motions.<\/p>\n<p>Heure : Samedi, 25.10.25, 11:00h &#8211; environ 16:00h<\/p>\n<p>Lieu de rendez-vous : Antico Convento delle Agostiniane, Monte Carasso<\/p>\n<p>Co\u00fbt : petite participation aux frais de transport, en esp\u00e8ces sur place.<\/p>\n<p>Langue : fran\u00e7ais, allemand, italien<\/p>\n<p>Places : max. 15 personnes<\/p>\n<p><strong>Pr\u00e9inscription : par mail \u00e0 <\/strong><a href=\"mailto:mgcanepa@hin.ch\"><strong>mgcanepa@hin.ch<\/strong><br \/>\n<\/a><a href=\"https:\/\/www.sappm.ch\/wp-content\/uploads\/2025\/10\/25.10.2025-Curzuett-F.pdf\" target=\"_blank\" rel=\"noopener\"><strong>Informations importantes<\/strong><\/a><\/p>\n                            <\/div>\n                        <\/div>\n                    <\/div>\n                                    <div class=\"accordion-item\">\n                        <div class=\"accordion-toggle dark\">\n                            <div class=\"infos transition\">\n                                <span class=\"text\">Plus d&rsquo;infos<\/span>\n                                <span class=\"icon-more\"><\/span>\n                                <span class=\"icon-less\"><\/span>\n                            <\/div>\n                            <div class=\"inner\">\n                                <h3 class=\"d6 agenda-title\">11:30h Visite guid\u00e9e de l&rsquo;int\u00e9rieur \u00ab\u00a0Les collines immortelles\u00a0\u00bb.<\/h3>\n                            <\/div>\n                        <\/div>\n                        <div class=\"accordion-content\">\n                            <div class=\"inner\">\n                                <p><img loading=\"lazy\" decoding=\"async\" class=\"alignnone wp-image-17189 size-full\" src=\"https:\/\/www.sappm.ch\/wp-content\/uploads\/2025\/08\/Huegel-Foto-1.jpg\" alt=\"\" width=\"439\" height=\"266\" \/><\/p>\n<p><strong>Visite guid\u00e9e de l&rsquo;int\u00e9rieur \u00ab\u00a0Les collines immortelles\u00a0\u00bb.<\/strong><\/p>\n<p>Avec le guide professionnel de Turismo Bellinzona<\/p>\n<p>La visite guid\u00e9e \u00ab\u00a0Les collines immortelles\u00a0\u00bb, con\u00e7ue par Jonas Marti, propose une exp\u00e9rience unique de d\u00e9couverte de la colline de Castelgrande \u00e0 Bellinzone. Ce site class\u00e9 au patrimoine mondial de l&rsquo;UNESCO a travers\u00e9 diff\u00e9rentes p\u00e9riodes historiques, de l&rsquo;occupation celte et romaine \u00e0 l&rsquo;influence du duch\u00e9 de Milan et aux luttes avec les Suisses. Le guide conduit les participants \u00e0 travers les anciennes fortifications, les tours et les souterrains suggestifs, permettant de s&rsquo;immerger dans l&rsquo;histoire et les changements qui ont fa\u00e7onn\u00e9 la r\u00e9gion.<\/p>\n<p>Heure : Samedi, 25.10.25, 11:30h (dur\u00e9e 2 heures)<\/p>\n<p>Point de rencontre : Piazza del Sole<\/p>\n<p>Langue : allemand, fran\u00e7ais<\/p>\n<p>Gratuit pour les participants au congr\u00e8s et les accompagnateurs<\/p>\n<p>25 participants maximum<\/p>\n<p><strong><a href=\"http:\/\/info@sappm.ch\" target=\"_blank\" rel=\"noopener nofollow\">Inscription<\/a><\/strong><\/p>\n                            <\/div>\n                        <\/div>\n                    <\/div>\n                            <\/div>\n            <\/div>\n<\/div>\n","protected":false},"excerpt":{"rendered":"","protected":false},"author":3,"featured_media":0,"parent":0,"menu_order":0,"comment_status":"closed","ping_status":"closed","template":"tpl-kongress.php","meta":{"_acf_changed":false,"footnotes":""},"class_list":["post-15750","page","type-page","status-publish","hentry"],"acf":[],"_links":{"self":[{"href":"https:\/\/www.sappm.ch\/fr\/wp-json\/wp\/v2\/pages\/15750","targetHints":{"allow":["GET"]}}],"collection":[{"href":"https:\/\/www.sappm.ch\/fr\/wp-json\/wp\/v2\/pages"}],"about":[{"href":"https:\/\/www.sappm.ch\/fr\/wp-json\/wp\/v2\/types\/page"}],"author":[{"embeddable":true,"href":"https:\/\/www.sappm.ch\/fr\/wp-json\/wp\/v2\/users\/3"}],"replies":[{"embeddable":true,"href":"https:\/\/www.sappm.ch\/fr\/wp-json\/wp\/v2\/comments?post=15750"}],"version-history":[{"count":10,"href":"https:\/\/www.sappm.ch\/fr\/wp-json\/wp\/v2\/pages\/15750\/revisions"}],"predecessor-version":[{"id":18343,"href":"https:\/\/www.sappm.ch\/fr\/wp-json\/wp\/v2\/pages\/15750\/revisions\/18343"}],"wp:attachment":[{"href":"https:\/\/www.sappm.ch\/fr\/wp-json\/wp\/v2\/media?parent=15750"}],"curies":[{"name":"wp","href":"https:\/\/api.w.org\/{rel}","templated":true}]}}