{"id":15751,"date":"2025-06-16T14:08:21","date_gmt":"2025-06-16T12:08:21","guid":{"rendered":"https:\/\/www.sappm.ch\/?page_id=15751"},"modified":"2025-09-25T15:08:28","modified_gmt":"2025-09-25T13:08:28","slug":"state-of-the-art-lectures","status":"publish","type":"page","link":"https:\/\/www.sappm.ch\/fr\/state-of-the-art-lectures\/","title":{"rendered":"State of the Art Lectures"},"content":{"rendered":"\n<div  class=\"block block-lead bg-element \">\n    <div class=\"main-container\">\n        <div class=\"content-container lead-font-size\">\n            Toutes les conf\u00e9rences de l&rsquo;\u00e9tat de l&rsquo;art sont donn\u00e9es dans la langue de l&rsquo;intervenant. L&rsquo;interpr\u00e9tation n&rsquo;est pas pr\u00e9vue.         <\/div>\n    <\/div>\n<\/div>\n<div class=\"block block-akkordeon pb-mittel\">\n    <div class=\"main-container\">\n        <h2>Jeudi 23.10.2025 Palazzo Civico, Sala Consiglio Comunale<\/h2>\n                    <div class=\"accordion agenda-item\">\n                                    <div class=\"accordion-item\">\n                        <div class=\"accordion-toggle dark\">\n                            <div class=\"infos transition\">\n                                <span class=\"text\">Plus d&rsquo;infos<\/span>\n                                <span class=\"icon-more\"><\/span>\n                                <span class=\"icon-less\"><\/span>\n                            <\/div>\n                            <div class=\"inner\">\n                                <h3 class=\"d6 agenda-title\">16) 10:30h &#8211; 11:15h Burn-out and the Science of going slow<\/h3>\n                            <\/div>\n                        <\/div>\n                        <div class=\"accordion-content\">\n                            <div class=\"inner\">\n                                <p><strong>Katharina Gessler (d)<\/strong><\/p>\n<p><strong>Burn-out and the Science of going slow<\/strong><\/p>\n<p>Burn-out ist als Stresssyndrom ein hochrelevantes Ph\u00e4nomen mit weitreichenden medizinischen, psychischen und \u00f6konomischen Konsequenzen. Es stellt sowohl Haus\u00e4rztinnen und Haus\u00e4rzte als auch Fach\u00e4rztinnen und Fach\u00e4rzte in der Klinik vor komplexe Herausforderungen. Patientinnen und Patienten mit Burn-out-Symptomatik pr\u00e4sentieren sich h\u00e4ufig zun\u00e4chst mit Beschwerden vegetativer Dysregulation oder auch depressiven Symptomen, was eine klare diagnostische Einordnung erschwert.  <\/p>\n<p>Burn-out fr\u00fchzeitig zu erkennen und differentialdiagnostisch abzugrenzen, ist von zentraler Bedeutung. Ebenso relevant ist die Einleitung wirksamer, individualisierter Interventionen \u2013 sei es im Rahmen psychosomatischer Grundversorgung, psychotherapeutischer Ma\u00dfnahmen oder station\u00e4rer Behandlungsans\u00e4tze. <\/p>\n<p>Das Referat gibt einen evidenzbasierten \u00dcberblick \u00fcber den Stand der Forschung zu \u00c4tiologie, Diagnostik und aktuellen Behandlungsstrategien des Burn-out-Syndroms. Ein besonderer Fokus liegt auf praxisnahen Empfehlungen f\u00fcr die Versorgung im Spannungsfeld zwischen \u00dcberforderung, Selbstf\u00fcrsorge und Systembelastung. <\/p>\n                            <\/div>\n                        <\/div>\n                    <\/div>\n                                    <div class=\"accordion-item\">\n                        <div class=\"accordion-toggle dark\">\n                            <div class=\"infos transition\">\n                                <span class=\"text\">Plus d&rsquo;infos<\/span>\n                                <span class=\"icon-more\"><\/span>\n                                <span class=\"icon-less\"><\/span>\n                            <\/div>\n                            <div class=\"inner\">\n                                <h3 class=\"d6 agenda-title\">17) 11:30h &#8211; 12:15h Entschleunigung im Schlaf &#8211; Update Schlafst\u00f6rungen<\/h3>\n                            <\/div>\n                        <\/div>\n                        <div class=\"accordion-content\">\n                            <div class=\"inner\">\n                                <p><strong>Dagmar Schmid (d)<\/strong><\/p>\n<p><strong>Ralentir son sommeil &#8211; Mise \u00e0 jour sur les troubles du sommeil<\/strong><\/p>\n<p>Les troubles du sommeil sont l&rsquo;un des probl\u00e8mes de sant\u00e9 les plus courants dans notre soci\u00e9t\u00e9 et peuvent avoir un impact n\u00e9gatif sur la qualit\u00e9 de vie et la sant\u00e9. Cette conf\u00e9rence donnera un aper\u00e7u actuel des aspects (patho)physiologiques fondamentaux de la r\u00e9gulation du sommeil ainsi que des nouvelles connaissances en mati\u00e8re de diagnostic et de traitement innovant des troubles du sommeil. Les liens avec les maladies psychiatriques et somatiques seront \u00e9galement expliqu\u00e9s et l&rsquo;aspect pr\u00e9ventif de l&rsquo;optimisation du sommeil dans ce contexte sera pr\u00e9sent\u00e9, ainsi que des strat\u00e9gies pratiques.  <\/p>\n                            <\/div>\n                        <\/div>\n                    <\/div>\n                                    <div class=\"accordion-item\">\n                        <div class=\"accordion-toggle dark\">\n                            <div class=\"infos transition\">\n                                <span class=\"text\">Plus d&rsquo;infos<\/span>\n                                <span class=\"icon-more\"><\/span>\n                                <span class=\"icon-less\"><\/span>\n                            <\/div>\n                            <div class=\"inner\">\n                                <h3 class=\"d6 agenda-title\">18) 15:30h &#8211; 16:15h Long, Post ou Past COVID ?<\/h3>\n                            <\/div>\n                        <\/div>\n                        <div class=\"accordion-content\">\n                            <div class=\"inner\">\n                                <p><strong>Rainer Sch\u00e4fert, Kathrin Bopp (d)<\/strong><\/p>\n<p><strong>Long, Post ou Past COVID ? Existe-t-il un \u00e9tat de l&rsquo;art en la mati\u00e8re ? <\/strong><\/p>\n<p>Long-COVID est-il dans la t\u00eate ou dans le corps ? Comment pouvons-nous d\u00e9passer cette vision dualiste ? Que savons-nous actuellement de cette pathologie et de son traitement ? Et que ne sait-on pas ?<\/p>\n<p>C&rsquo;est \u00e0 ces questions et \u00e0 d&rsquo;autres que Katrin Bopp et Rainer Schaefert de B\u00e2le vont s&rsquo;attaquer dans leur article\u00a0\u00bb.<\/p>\n<p>&nbsp;<\/p>\n<p>&nbsp;<\/p>\n<p>&nbsp;<\/p>\n                            <\/div>\n                        <\/div>\n                    <\/div>\n                                    <div class=\"accordion-item\">\n                        <div class=\"accordion-toggle dark\">\n                            <div class=\"infos transition\">\n                                <span class=\"text\">Plus d&rsquo;infos<\/span>\n                                <span class=\"icon-more\"><\/span>\n                                <span class=\"icon-less\"><\/span>\n                            <\/div>\n                            <div class=\"inner\">\n                                <h3 class=\"d6 agenda-title\">19) 16:30h &#8211; 17:15h Mindfulness-Oriented Recovery Enhancement bei Fibromyalgie: Ein Slow-Medicine-Ansatz zur integrativen Schmerztherapie <\/h3>\n                            <\/div>\n                        <\/div>\n                        <div class=\"accordion-content\">\n                            <div class=\"inner\">\n                                <p><strong>Chantal Martin S\u00f6lch, Katharina Ledermann <\/strong><strong>(d)<\/strong><\/p>\n<p><strong>Mindfulness-Oriented Recovery Enhancement bei Fibromyalgie: Ein Slow-Medicine-Ansatz zur integrativen Schmerztherapie <\/strong><\/p>\n<p>Wir stellen die Anwendung, Umsetzung und Wirkung einer integrativen Behandlung f\u00fcr Fibromyalgie vor, die Elemente der Achtsamkeit, der kognitiven Verhaltenstherapie und der positiven Psychologie integriert und auf neurowissenschaftlichen Forschungen basiert. Die ersten vielversprechenden Ergebnisse dieses Programms er\u00f6ffnen neue Ans\u00e4tze f\u00fcr die Behandlung von prim\u00e4ren chronischen Schmerzen. <\/p>\n                            <\/div>\n                        <\/div>\n                    <\/div>\n                                    <div class=\"accordion-item\">\n                        <div class=\"accordion-toggle dark\">\n                            <div class=\"infos transition\">\n                                <span class=\"text\">Plus d&rsquo;infos<\/span>\n                                <span class=\"icon-more\"><\/span>\n                                <span class=\"icon-less\"><\/span>\n                            <\/div>\n                            <div class=\"inner\">\n                                <h3 class=\"d6 agenda-title\">20) 17:30h &#8211; 18:00h Table ronde (i, f, d, e)<\/h3>\n                            <\/div>\n                        <\/div>\n                        <div class=\"accordion-content\">\n                            <div class=\"inner\">\n                                <p><strong>Table ronde (i, f, d, e)<\/strong><\/p>\n<p>&nbsp;<\/p>\n                            <\/div>\n                        <\/div>\n                    <\/div>\n                            <\/div>\n            <\/div>\n<\/div>\n\n<div class=\"block block-akkordeon pb-mittel\">\n    <div class=\"main-container\">\n        <h2>Vendredi 24.10.2025 Palazzo Civico, Sala Consiglio Comunale<\/h2>\n                    <div class=\"accordion agenda-item\">\n                                    <div class=\"accordion-item\">\n                        <div class=\"accordion-toggle dark\">\n                            <div class=\"infos transition\">\n                                <span class=\"text\">Plus d&rsquo;infos<\/span>\n                                <span class=\"icon-more\"><\/span>\n                                <span class=\"icon-less\"><\/span>\n                            <\/div>\n                            <div class=\"inner\">\n                                <h3 class=\"d6 agenda-title\">21) 09:00h &#8211; 09:45h Post-COVID-19 Syndrom: ein Update<\/h3>\n                            <\/div>\n                        <\/div>\n                        <div class=\"accordion-content\">\n                            <div class=\"inner\">\n                                <p><strong>Nina Bischoff, Lara Diem (d)<\/strong><\/p>\n<p><strong>Post-COVID-19 Syndrom: ein Update<\/strong><\/p>\n<p>Das Post-COVID-19 Syndrom stellt weiterhin eine klinische und wissenschaftliche Herausforderung dar. Im Beitrag werden aktuelle Erkenntnisse zur Pathophysiologie, Diagnostik und Therapie vorgestellt, unter besonderer Ber\u00fccksichtigung der interdisziplin\u00e4ren Versorgung und des medizinischen Managements. <\/p>\n                            <\/div>\n                        <\/div>\n                    <\/div>\n                                    <div class=\"accordion-item\">\n                        <div class=\"accordion-toggle dark\">\n                            <div class=\"infos transition\">\n                                <span class=\"text\">Plus d&rsquo;infos<\/span>\n                                <span class=\"icon-more\"><\/span>\n                                <span class=\"icon-less\"><\/span>\n                            <\/div>\n                            <div class=\"inner\">\n                                <h3 class=\"d6 agenda-title\">22) 10:00h &#8211; 10:45h Update Psychokardiologie<\/h3>\n                            <\/div>\n                        <\/div>\n                        <div class=\"accordion-content\">\n                            <div class=\"inner\">\n                                <p><strong>Roland von K\u00e4nel (d)<\/strong><\/p>\n<p><strong>Update Psychokardiologie<\/strong><\/p>\n<p>Der Vortrag gibt ein aktuelles Update zu den wechselseitigen Beziehungen zwischen psychosozialen Faktoren und Herzerkrankungen. Psychischer Stress, depressive Symptome und Feindseligkeit k\u00f6nnen das kardiovaskul\u00e4re Risiko erh\u00f6hen, w\u00e4hrend Herzerkrankungen ihrerseits emotionalen Stress f\u00f6rdern. Vorgestellt werden die vermittelnden bio-psycho-sozialen Mechanismen sowie wirksame psychosoziale Interventionen zur Verbesserung von Wohlbefinden und Prognose. Auch Bewegung und positive psychologische Faktoren wie Optimismus werden als sch\u00fctzende Ressourcen beleuchtet.   <\/p>\n                            <\/div>\n                        <\/div>\n                    <\/div>\n                                    <div class=\"accordion-item\">\n                        <div class=\"accordion-toggle dark\">\n                            <div class=\"infos transition\">\n                                <span class=\"text\">Plus d&rsquo;infos<\/span>\n                                <span class=\"icon-more\"><\/span>\n                                <span class=\"icon-less\"><\/span>\n                            <\/div>\n                            <div class=\"inner\">\n                                <h3 class=\"d6 agenda-title\">23) 11:00h &#8211; 11:45h Neurofunktionelle St\u00f6rungen<\/h3>\n                            <\/div>\n                        <\/div>\n                        <div class=\"accordion-content\">\n                            <div class=\"inner\">\n                                <p><strong>Anita Barbey, Evdokia Efthymiou (d)<\/strong><\/p>\n<p><strong>Neurofunktionelle St\u00f6rungen<\/strong><\/p>\n<p>Dieser Beitrag gibt einen \u00dcberblick \u00fcber die aktuellen neurowissenschaftlichen Konzepte zum pathophysiologischen Verst\u00e4ndnis funktioneller neurologischer St\u00f6rungen und diskutiert daraus abgeleitete praxisnahe therapeutische Ans\u00e4tze.<\/p>\n                            <\/div>\n                        <\/div>\n                    <\/div>\n                                    <div class=\"accordion-item\">\n                        <div class=\"accordion-toggle dark\">\n                            <div class=\"infos transition\">\n                                <span class=\"text\">Plus d&rsquo;infos<\/span>\n                                <span class=\"icon-more\"><\/span>\n                                <span class=\"icon-less\"><\/span>\n                            <\/div>\n                            <div class=\"inner\">\n                                <h3 class=\"d6 agenda-title\">24) 13:30h &#8211; 14:15h Restriktive Essst\u00f6rungen<\/h3>\n                            <\/div>\n                        <\/div>\n                        <div class=\"accordion-content\">\n                            <div class=\"inner\">\n                                <p><strong>Gabriella Milos (d)<\/strong><\/p>\n<p><strong>Restriktive Essst\u00f6rungen<\/strong><\/p>\n<p>Anorexia nervosa und andere restriktive Essst\u00f6rungen sind potenziell lebensbedrohliche Erkrankungen, die vor allem junge Menschen betreffen. Diese Krankheiten sind schwierig zu behandeln und k\u00f6nnen chronisch werden. Somatische und psychische Beeintr\u00e4chtigungen sowie soziale Isolation sind bei den Betroffenen nicht selten. Neues zur Klassifikation und zum Verst\u00e4ndnis dieser Krankheiten wird vorgestellt. Auch die modernen Therapiem\u00f6glichkeiten werden pr\u00e4sentiert und diskutiert.    <\/p>\n                            <\/div>\n                        <\/div>\n                    <\/div>\n                                    <div class=\"accordion-item\">\n                        <div class=\"accordion-toggle dark\">\n                            <div class=\"infos transition\">\n                                <span class=\"text\">Plus d&rsquo;infos<\/span>\n                                <span class=\"icon-more\"><\/span>\n                                <span class=\"icon-less\"><\/span>\n                            <\/div>\n                            <div class=\"inner\">\n                                <h3 class=\"d6 agenda-title\">25) 14:30h &#8211; 15:15h Le temps de la confiance chez les patients souffrants &#8230;<\/h3>\n                            <\/div>\n                        <\/div>\n                        <div class=\"accordion-content\">\n                            <div class=\"inner\">\n                                <p><strong>Anne-Fran\u00e7oise Allaz, Matteo Coen (f)<\/strong><\/p>\n<p><strong>Le temps de la confiance chez les patients atteints de douleur chronique<\/strong><\/p>\n<p><strong>Langue de la conf\u00e9rence : fran\u00e7ais<\/strong><\/p>\n<p>Le traitement des personnes souffrant de douleurs chroniques b\u00e9n\u00e9ficie d&rsquo;une approche \u00e0 long terme qui permet d&rsquo;\u00e9tablir une relation de confiance. Le temps de la confiance est le fil conducteur de notre symposium. La confiance est souvent difficile \u00e0 obtenir pour les patients qui ont v\u00e9cu des exp\u00e9riences traumatisantes ou de la n\u00e9gligence dans leur enfance et qui se sentent souvent insuffisamment reconnus dans leur souffrance.<br \/>\nLa premi\u00e8re conf\u00e9rence est consacr\u00e9e aux liens entre les \u00e9v\u00e9nements traumatiques et la douleur chronique et \u00e0 la question de savoir comment \u00e9tablir une relation de confiance entre un patient et son th\u00e9rapeute afin de permettre aux diff\u00e9rentes autres approches th\u00e9rapeutiques de se d\u00e9velopper. L&rsquo;importance de la l\u00e9gitimit\u00e9 et de l&rsquo;acceptation de la plainte sera soulign\u00e9e.<br \/>\nLa deuxi\u00e8me pr\u00e9sentation portera sur l&rsquo;utilit\u00e9 de l&rsquo;hypnose chez les patients souffrant de douleurs chroniques, notamment sur la mani\u00e8re de leur offrir un \u00ab\u00a0safe place\u00a0\u00bb et de leur permettre de vivre une relation th\u00e9rapeutique<br \/>\nbas\u00e9e sur la confiance.<br \/>\nLes connaissances et r\u00e9flexions actuelles dans ces domaines seront pr\u00e9sent\u00e9es afin de faciliter leur utilisation par les praticiens.   <\/p>\n<p>&nbsp;<\/p>\n                            <\/div>\n                        <\/div>\n                    <\/div>\n                                    <div class=\"accordion-item\">\n                        <div class=\"accordion-toggle dark\">\n                            <div class=\"infos transition\">\n                                <span class=\"text\">Plus d&rsquo;infos<\/span>\n                                <span class=\"icon-more\"><\/span>\n                                <span class=\"icon-less\"><\/span>\n                            <\/div>\n                            <div class=\"inner\">\n                                <h3 class=\"d6 agenda-title\">26) 15:30h &#8211; 16:00h Table ronde (i, f, d, e)<\/h3>\n                            <\/div>\n                        <\/div>\n                        <div class=\"accordion-content\">\n                            <div class=\"inner\">\n                                <p><strong>Table ronde (i, f, d, e)<\/strong><\/p>\n                            <\/div>\n                        <\/div>\n                    <\/div>\n                            <\/div>\n            <\/div>\n<\/div>\n\n<div  class=\"block block-content pb-mittel\">\n    <div class=\"main-container\">\n        <div class=\"content-container\">\n\n            \n            \n                            <div class=\"button-group\">\n                                   <a class=\"btn btn-full btn-arrow\" href=\"https:\/\/www.sappm.ch\/kongress-2025\/programm\/\" target=\"_self\">Vers l&#039;aper\u00e7u du programme<\/a>\n                                <\/div>\n            \n        <\/div>\n    <\/div>\n<\/div>","protected":false},"excerpt":{"rendered":"","protected":false},"author":3,"featured_media":0,"parent":0,"menu_order":0,"comment_status":"closed","ping_status":"closed","template":"tpl-kongress.php","meta":{"_acf_changed":false,"footnotes":""},"class_list":["post-15751","page","type-page","status-publish","hentry"],"acf":[],"_links":{"self":[{"href":"https:\/\/www.sappm.ch\/fr\/wp-json\/wp\/v2\/pages\/15751","targetHints":{"allow":["GET"]}}],"collection":[{"href":"https:\/\/www.sappm.ch\/fr\/wp-json\/wp\/v2\/pages"}],"about":[{"href":"https:\/\/www.sappm.ch\/fr\/wp-json\/wp\/v2\/types\/page"}],"author":[{"embeddable":true,"href":"https:\/\/www.sappm.ch\/fr\/wp-json\/wp\/v2\/users\/3"}],"replies":[{"embeddable":true,"href":"https:\/\/www.sappm.ch\/fr\/wp-json\/wp\/v2\/comments?post=15751"}],"version-history":[{"count":4,"href":"https:\/\/www.sappm.ch\/fr\/wp-json\/wp\/v2\/pages\/15751\/revisions"}],"predecessor-version":[{"id":18002,"href":"https:\/\/www.sappm.ch\/fr\/wp-json\/wp\/v2\/pages\/15751\/revisions\/18002"}],"wp:attachment":[{"href":"https:\/\/www.sappm.ch\/fr\/wp-json\/wp\/v2\/media?parent=15751"}],"curies":[{"name":"wp","href":"https:\/\/api.w.org\/{rel}","templated":true}]}}