{"id":17305,"date":"2025-08-27T14:09:44","date_gmt":"2025-08-27T12:09:44","guid":{"rendered":"https:\/\/www.sappm.ch\/?page_id=17305"},"modified":"2025-09-02T14:02:10","modified_gmt":"2025-09-02T12:02:10","slug":"interview","status":"publish","type":"page","link":"https:\/\/www.sappm.ch\/fr\/interview\/","title":{"rendered":"Entretien"},"content":{"rendered":"\n<div  class=\"block block-lead bg-element pb-mittel\">\n    <div class=\"main-container\">\n        <div class=\"content-container lead-font-size\">\n            Avec Anne-Kathrine Geniets, Swiss Young Psychosomatics        <\/div>\n    <\/div>\n<\/div>\n\n\n<div  class=\"block block-content pb-mittel\">\n    <div class=\"main-container\">\n        <div class=\"content-container\">\n\n            \n            <p><strong>ASMPP: Vous allez donner une conf\u00e9rence lors du congr\u00e8s. De quel point de vue consid\u00e9rez-vous notre discipline ? <\/strong><\/p>\n<p>Anne-Kathrine Geniets :Je travaille comme m\u00e9decin assistant au service ambulatoire pour les victimes de torture et de guerre de l\u2019H\u00f4pital universitaire de Zurich. Les r\u00e9fugi\u00e9s que nous accompagnons ont tous \u00e9t\u00e9 confront\u00e9s \u00e0 des violences extr\u00eames, dans leur pays d\u2019origine ou durant leur fuite, et pr\u00e9sentent fr\u00e9quemment de lourdes s\u00e9quelles physiques et psychologiques. La psychosomatique permet d\u2019offrir \u00e0 ces patients une prise en charge v\u00e9ritablement holistique. \u00c0 une \u00e9poque marqu\u00e9e par l\u2019augmentation des maladies chroniques et des troubles psychiques, cette approche int\u00e9grative s\u2019av\u00e8re plus pertinente que jamais. Gr\u00e2ce \u00e0 la collaboration interdisciplinaire et \u00e0 la recherche men\u00e9e \u00e0 l\u2019H\u00f4pital universitaire de Zurich, nous avons l\u2019opportunit\u00e9 de d\u00e9velopper des concepts novateurs et de contribuer activement \u00e0 l\u2019avenir de notre discipline en tant que membre de\u00a0Young Swiss Psychosomatics.<\/p>\n<p>&nbsp;<\/p>\n<p><strong>ASMPP : \u00a0La Slow Medicine pr\u00f4ne une m\u00e9decine plus \u00e9quitable. Quelles sont les principales conclusions de vos recherches sur ce sujet ?<\/strong><\/p>\n<p>Anne-Kathrine Geniets :\u00a0Mes recherches se concentrent sur la mani\u00e8re dont des soins de sant\u00e9 durables et de haute qualit\u00e9 peuvent \u00eatre garantis, y compris pour les personnes d\u00e9favoris\u00e9es. Malheureusement, il existe encore de nombreux obstacles syst\u00e9miques qui font que certains groupes de population ne peuvent b\u00e9n\u00e9ficier que de mani\u00e8re limit\u00e9e des services de sant\u00e9, ou souvent seulement lorsque leur maladie chronique est \u00e0 un stade avanc\u00e9. Les personnes issues de ces groupes qui ont recours au syst\u00e8me de sant\u00e9 ont souvent des besoins complexes en mati\u00e8re de sant\u00e9. Cependant, notre syst\u00e8me de sant\u00e9 fortement segment\u00e9 rend difficile un diagnostic holistique. Les besoins complexes en mati\u00e8re de sant\u00e9 n\u00e9cessitent une approche intersectorielle. Des solutions durables et efficaces pour am\u00e9liorer les soins aux groupes de population vuln\u00e9rables ne peuvent aboutir que si ces groupes sont activement impliqu\u00e9s dans la r\u00e9forme des mesures.<\/p>\n<p>&nbsp;<\/p>\n<p><strong>ASMPP: La Slow Medicine est un mouvement r\u00e9formateur. Quelle r\u00e9forme souhaiteriez-vous voir mise en place pour la m\u00e9decine du futur ?<\/strong><\/p>\n<p>Anne-Kathrine Geniets :<\/p>\n<p>Par rapport \u00e0 d&rsquo;autres pays, la Suisse est quelque peu \u00e0 la tra\u00eene en mati\u00e8re de recherche participative, c&rsquo;est-\u00e0-dire l&rsquo;implication active des groupes de population concern\u00e9s dans les processus de recherche et les d\u00e9cisions relatives au syst\u00e8me de sant\u00e9. \u00c0 la clinique ambulatoire pour victimes de torture et de guerre, nous nous effor\u00e7ons de combler cette lacune. Je souhaiterais qu&rsquo;il y ait davantage d&rsquo;offres r\u00e9pondant aux besoins complexes en mati\u00e8re de sant\u00e9 des personnes marginalis\u00e9es, comme par exemple des cliniques de proximit\u00e9, et que les approches th\u00e9rapeutiques tenant compte des traumatismes soient davantage encourag\u00e9es et rendues obligatoires. Dans le domaine de la recherche, j&rsquo;esp\u00e8re qu&rsquo;outre la recherche quantitative, les \u00e9tudes qualitatives seront \u00e9galement davantage encourag\u00e9es dans la recherche m\u00e9dicale suisse, comme c&rsquo;est d\u00e9j\u00e0 le cas dans des pays tels que la Grande-Bretagne ou les \u00c9tats-Unis.<\/p>\n\n            \n        <\/div>\n    <\/div>\n<\/div>","protected":false},"excerpt":{"rendered":"","protected":false},"author":3,"featured_media":0,"parent":0,"menu_order":0,"comment_status":"closed","ping_status":"closed","template":"","meta":{"_acf_changed":false,"footnotes":""},"class_list":["post-17305","page","type-page","status-publish","hentry"],"acf":[],"_links":{"self":[{"href":"https:\/\/www.sappm.ch\/fr\/wp-json\/wp\/v2\/pages\/17305","targetHints":{"allow":["GET"]}}],"collection":[{"href":"https:\/\/www.sappm.ch\/fr\/wp-json\/wp\/v2\/pages"}],"about":[{"href":"https:\/\/www.sappm.ch\/fr\/wp-json\/wp\/v2\/types\/page"}],"author":[{"embeddable":true,"href":"https:\/\/www.sappm.ch\/fr\/wp-json\/wp\/v2\/users\/3"}],"replies":[{"embeddable":true,"href":"https:\/\/www.sappm.ch\/fr\/wp-json\/wp\/v2\/comments?post=17305"}],"version-history":[{"count":4,"href":"https:\/\/www.sappm.ch\/fr\/wp-json\/wp\/v2\/pages\/17305\/revisions"}],"predecessor-version":[{"id":17371,"href":"https:\/\/www.sappm.ch\/fr\/wp-json\/wp\/v2\/pages\/17305\/revisions\/17371"}],"wp:attachment":[{"href":"https:\/\/www.sappm.ch\/fr\/wp-json\/wp\/v2\/media?parent=17305"}],"curies":[{"name":"wp","href":"https:\/\/api.w.org\/{rel}","templated":true}]}}