{"id":3803,"date":"2023-12-01T14:34:18","date_gmt":"2023-12-01T13:34:18","guid":{"rendered":"https:\/\/xawekybe.cyon.site\/?page_id=3803"},"modified":"2025-11-04T15:19:37","modified_gmt":"2025-11-04T14:19:37","slug":"groupes-regionaux-specialises-et-de-travail-rpt","status":"publish","type":"page","link":"https:\/\/www.sappm.ch\/fr\/groupes-regionaux-specialises-et-de-travail-rpt\/","title":{"rendered":"Groupes r\u00e9gionaux, sp\u00e9cialis\u00e9s et de travail (RPT)"},"content":{"rendered":"\n<div  class=\"block block-lead bg-element pb-mittel\">\n    <div class=\"main-container\">\n        <div class=\"content-container lead-font-size\">\n            Les groupes r\u00e9gionaux, les groupes de travail et les groupes sp\u00e9cialis\u00e9s sont des regroupements de membres au sein de l&rsquo;ASMPP. Ils servent \u00e0 la mise en r\u00e9seau des membres en fonction de leurs int\u00e9r\u00eats. En outre, les groupes r\u00e9gionaux, de travail et sp\u00e9cialis\u00e9s organisent leur propre offre de formation continue sp\u00e9cifique. Chaque nouveau membre de l&rsquo;ASMPP a libre acc\u00e8s aux groupements d&rsquo;int\u00e9r\u00eat de son choix. Les groupes r\u00e9gionaux, les groupes de travail et les groupes sp\u00e9cialis\u00e9s souhaitent la bienvenue aux nouveaux membres de l&rsquo;ASMPP !            <\/div>\n    <\/div>\n<\/div>\n\n\n<div  class=\"block block-content pb-mittel\">\n    <div class=\"main-container\">\n        <div class=\"content-container\">\n\n            \n            <h2><span style=\"color: #333333;\">Groupes r\u00e9gionaux<\/span><\/h2>\n<p>Les groupes r\u00e9gionaux sont des antennes locales de l&rsquo;ASMPP. Ils servent \u00e0 la mise en r\u00e9seau r\u00e9gionale des membres de l&rsquo;ASMPP et \u00e0 la garantie d&rsquo;offres r\u00e9gionales de formation continue et de supervision. L&rsquo;objectif des \u00e9v\u00e9nements de r\u00e9seau et des formations continues est de renforcer l&rsquo;expertise psychosomatique de ses membres r\u00e9gionaux et d&rsquo;int\u00e9grer l&rsquo;expertise de la m\u00e9decine psychosomatique dans la m\u00e9decine de premier recours ou hospitali\u00e8re r\u00e9gionale en collaboration avec les coll\u00e8gues et institutions locales.  <\/p>\n\n            \n        <\/div>\n    <\/div>\n<\/div>\n\n\n<div class=\"block block-akkordeon pb-mittel\">\n    <div class=\"main-container\">\n        <h2><\/h2>\n                    <div class=\"accordion agenda-item\">\n                                    <div class=\"accordion-item\">\n                        <div class=\"accordion-toggle dark\">\n                            <div class=\"infos transition\">\n                                <span class=\"text\">Plus d&rsquo;infos<\/span>\n                                <span class=\"icon-more\"><\/span>\n                                <span class=\"icon-less\"><\/span>\n                            <\/div>\n                            <div class=\"inner\">\n                                <h3 class=\"d6 agenda-title\">Association Romande pour la M\u00e9decine Psychosomatique et Psychosociale ARFMPP<\/h3>\n                            <\/div>\n                        <\/div>\n                        <div class=\"accordion-content\">\n                            <div class=\"inner\">\n                                <p><img loading=\"lazy\" decoding=\"async\" class=\"attachment-large size-large\" src=\"https:\/\/www.sappm.ch\/wp-content\/uploads\/2024\/05\/logoARFMPPimage.png\" alt=\"\" width=\"605\" height=\"70\"><\/p>\n<p>Contact : info@psysomrom.ch<\/p>\n<p><a class=\"btn btn-full btn-arrow\" href=\"https:\/\/www.sappm.ch\/fr\/groupes-regionaux-specialises-et-de-travail-rpt\/arfmpp\/\">ARFMPP<\/a><\/p>\n                            <\/div>\n                        <\/div>\n                    <\/div>\n                                    <div class=\"accordion-item\">\n                        <div class=\"accordion-toggle dark\">\n                            <div class=\"infos transition\">\n                                <span class=\"text\">Plus d&rsquo;infos<\/span>\n                                <span class=\"icon-more\"><\/span>\n                                <span class=\"icon-less\"><\/span>\n                            <\/div>\n                            <div class=\"inner\">\n                                <h3 class=\"d6 agenda-title\">Groupe r\u00e9gional de Gen\u00e8ve<\/h3>\n                            <\/div>\n                        <\/div>\n                        <div class=\"accordion-content\">\n                            <div class=\"inner\">\n                                                            <\/div>\n                        <\/div>\n                    <\/div>\n                                    <div class=\"accordion-item\">\n                        <div class=\"accordion-toggle dark\">\n                            <div class=\"infos transition\">\n                                <span class=\"text\">Plus d&rsquo;infos<\/span>\n                                <span class=\"icon-more\"><\/span>\n                                <span class=\"icon-less\"><\/span>\n                            <\/div>\n                            <div class=\"inner\">\n                                <h3 class=\"d6 agenda-title\">Groupe r\u00e9gional AG Psychosomatique Nord-Est de la Suisse<\/h3>\n                            <\/div>\n                        <\/div>\n                        <div class=\"accordion-content\">\n                            <div class=\"inner\">\n                                <p>Personnes \u00e0 contacter : <a href=\"mailto:Christian.Henkel@kispisg.ch\">christian.henkel@kispisg.ch <\/a>ou <a href=\"mailto:doris.straus@oberwaid.ch\">doris.straus@oberwaid.ch<\/a><\/p>\n<p><a class=\"btn btn-full btn-arrow\" href=\"https:\/\/www.sappm.ch\/fr\/groupes-regionaux-specialises-et-de-travail-rpt\/groupe-regional-nord-est\/\">AG Psychosomatique Nord-Est de la Suisse<\/a><\/p>\n                            <\/div>\n                        <\/div>\n                    <\/div>\n                                    <div class=\"accordion-item\">\n                        <div class=\"accordion-toggle dark\">\n                            <div class=\"infos transition\">\n                                <span class=\"text\">Plus d&rsquo;infos<\/span>\n                                <span class=\"icon-more\"><\/span>\n                                <span class=\"icon-less\"><\/span>\n                            <\/div>\n                            <div class=\"inner\">\n                                <h3 class=\"d6 agenda-title\">Regionalgruppe Nordwestschweiz VPSB<\/h3>\n                            <\/div>\n                        <\/div>\n                        <div class=\"accordion-content\">\n                            <div class=\"inner\">\n                                <p><img loading=\"lazy\" decoding=\"async\" class=\"attachment-medium size-medium\" src=\"https:\/\/www.sappm.ch\/wp-content\/uploads\/2024\/06\/Bild1-2.png\" alt=\"\" width=\"277\" height=\"244\"><\/p>\n<p>Contact : info@sappm.ch<\/p>\n<p><a class=\"btn btn-full btn-arrow\" href=\"https:\/\/www.sappm.ch\/fr\/groupes-regionaux-specialises-et-de-travail-rpt\/regionalgruppe-nordwestschweiz-vpsb\/\">Groupe r\u00e9gional Nord-Ouest de la Suisse VPSB<\/a><\/p>\n                            <\/div>\n                        <\/div>\n                    <\/div>\n                                    <div class=\"accordion-item\">\n                        <div class=\"accordion-toggle dark\">\n                            <div class=\"infos transition\">\n                                <span class=\"text\">Plus d&rsquo;infos<\/span>\n                                <span class=\"icon-more\"><\/span>\n                                <span class=\"icon-less\"><\/span>\n                            <\/div>\n                            <div class=\"inner\">\n                                <h3 class=\"d6 agenda-title\">Regionalgruppe Psychosomatik Bern<\/h3>\n                            <\/div>\n                        <\/div>\n                        <div class=\"accordion-content\">\n                            <div class=\"inner\">\n                                <p><img loading=\"lazy\" decoding=\"async\" class=\"attachment-large \" src=\"https:\/\/www.sappm.ch\/wp-content\/uploads\/2024\/05\/Logo-Psychosomatik-Bern-1024x321.jpg\" alt=\"\" width=\"350\" height=\"110\"><\/p>\n<p>Contact : info@sappm.ch<\/p>\n<p><a class=\"btn btn-full btn-arrow\" href=\"https:\/\/www.sappm.ch\/fr\/groupes-regionaux-specialises-et-de-travail-rpt\/psychosomatik-bern\/\">Psychosomatique Berne<\/a><\/p>\n                            <\/div>\n                        <\/div>\n                    <\/div>\n                                    <div class=\"accordion-item\">\n                        <div class=\"accordion-toggle dark\">\n                            <div class=\"infos transition\">\n                                <span class=\"text\">Plus d&rsquo;infos<\/span>\n                                <span class=\"icon-more\"><\/span>\n                                <span class=\"icon-less\"><\/span>\n                            <\/div>\n                            <div class=\"inner\">\n                                <h3 class=\"d6 agenda-title\">Groupe r\u00e9gional du Tessin TI-PSISO<\/h3>\n                            <\/div>\n                        <\/div>\n                        <div class=\"accordion-content\">\n                            <div class=\"inner\">\n                                <p>Contact : <a href=\"mailto:mgcanepa@hin.ch\">mgcanepa@hin.ch<\/a><\/p>\n<p> TI-PSISO<\/p>\n                            <\/div>\n                        <\/div>\n                    <\/div>\n                                    <div class=\"accordion-item\">\n                        <div class=\"accordion-toggle dark\">\n                            <div class=\"infos transition\">\n                                <span class=\"text\">Plus d&rsquo;infos<\/span>\n                                <span class=\"icon-more\"><\/span>\n                                <span class=\"icon-less\"><\/span>\n                            <\/div>\n                            <div class=\"inner\">\n                                <h3 class=\"d6 agenda-title\">Regionalgruppe Z\u00fcrich \/ Zentralschweiz<\/h3>\n                            <\/div>\n                        <\/div>\n                        <div class=\"accordion-content\">\n                            <div class=\"inner\">\n                                <p>Un r\u00e9seau de membres actifs et engag\u00e9s pr\u00e9pare le nouveau groupe r\u00e9gional.<\/p>\n<p>Int\u00e9ress\u00e9 ? info@sappm.ch<\/p>\n<p><a class=\"btn btn-full btn-arrow\" href=\"https:\/\/www.sappm.ch\/fr\/groupes-regionaux-specialises-et-de-travail-rpt\/zurich-suisse-centrale\/\">Groupe r\u00e9gional Zurich &amp; Suisse centrale<\/a><\/p>\n                            <\/div>\n                        <\/div>\n                    <\/div>\n                                    <div class=\"accordion-item\">\n                        <div class=\"accordion-toggle dark\">\n                            <div class=\"infos transition\">\n                                <span class=\"text\">Plus d&rsquo;infos<\/span>\n                                <span class=\"icon-more\"><\/span>\n                                <span class=\"icon-less\"><\/span>\n                            <\/div>\n                            <div class=\"inner\">\n                                <h3 class=\"d6 agenda-title\">Groupe de travail soleurois pour la m\u00e9decine psychosomatique et psychosociale, SOAPPM<\/h3>\n                            <\/div>\n                        <\/div>\n                        <div class=\"accordion-content\">\n                            <div class=\"inner\">\n                                                            <\/div>\n                        <\/div>\n                    <\/div>\n                            <\/div>\n            <\/div>\n<\/div>\n\n\n\n<div  class=\"block block-content pb-mittel\">\n    <div class=\"main-container\">\n        <div class=\"content-container\">\n\n            \n            <h2>Groupes sp\u00e9cialis\u00e9s<\/h2>\n<p>Les groupes d&rsquo;experts sont des groupements d&rsquo;int\u00e9r\u00eat de professionnels au sein de la SAPPM ayant le m\u00eame domaine d&rsquo;activit\u00e9 professionnelle. Les groupes sp\u00e9cialis\u00e9s repr\u00e9sentent un int\u00e9r\u00eat principal psychosomatique ou psychosocial pertinent pour la SAPPM. Le groupe sp\u00e9cialis\u00e9 garantit la mise en r\u00e9seau et les \u00e9v\u00e9nements de formation continue de son domaine.  <\/p>\n\n            \n        <\/div>\n    <\/div>\n<\/div>\n\n\n<div class=\"block block-akkordeon pb-mittel\">\n    <div class=\"main-container\">\n        <h2><\/h2>\n                    <div class=\"accordion agenda-item\">\n                                    <div class=\"accordion-item\">\n                        <div class=\"accordion-toggle dark\">\n                            <div class=\"infos transition\">\n                                <span class=\"text\">Plus d&rsquo;infos<\/span>\n                                <span class=\"icon-more\"><\/span>\n                                <span class=\"icon-less\"><\/span>\n                            <\/div>\n                            <div class=\"inner\">\n                                <h3 class=\"d6 agenda-title\">Groupe de sp\u00e9cialistes en gyn\u00e9cologie GTGOP <\/h3>\n                            <\/div>\n                        <\/div>\n                        <div class=\"accordion-content\">\n                            <div class=\"inner\">\n                                <p><img loading=\"lazy\" decoding=\"async\" class=\"alignnone wp-image-12831 size-medium\" src=\"https:\/\/www.sappm.ch\/wp-content\/uploads\/2025\/02\/Logo-SAPGG-600x255.png\" alt=\"\" width=\"600\" height=\"255\" srcset=\"https:\/\/www.sappm.ch\/wp-content\/uploads\/2025\/02\/Logo-SAPGG-600x255.png 600w, https:\/\/www.sappm.ch\/wp-content\/uploads\/2025\/02\/Logo-SAPGG-768x327.png 768w, https:\/\/www.sappm.ch\/wp-content\/uploads\/2025\/02\/Logo-SAPGG.png 862w\" sizes=\"auto, (max-width: 600px) 100vw, 600px\" \/><\/p>\n<p><a class=\"btn btn-full btn-arrow\" href=\"https:\/\/www.sappm.ch\/fr\/groupes-regionaux-specialises-et-de-travail-rpt\/gtgop\/\">GTGOP<\/a><\/p>\n                            <\/div>\n                        <\/div>\n                    <\/div>\n                                    <div class=\"accordion-item\">\n                        <div class=\"accordion-toggle dark\">\n                            <div class=\"infos transition\">\n                                <span class=\"text\">Plus d&rsquo;infos<\/span>\n                                <span class=\"icon-more\"><\/span>\n                                <span class=\"icon-less\"><\/span>\n                            <\/div>\n                            <div class=\"inner\">\n                                <h3 class=\"d6 agenda-title\">Groupe de travail des psychologues<\/h3>\n                            <\/div>\n                        <\/div>\n                        <div class=\"accordion-content\">\n                            <div class=\"inner\">\n                                <p>Contact : info@sappm.ch<\/p>\n<p><a class=\"btn btn-full btn-arrow\" href=\"https:\/\/www.sappm.ch\/fr\/groupes-regionaux-specialises-et-de-travail-rpt\/psychologues\/\">Groupe d&rsquo;experts psychologues<\/a><\/p>\n                            <\/div>\n                        <\/div>\n                    <\/div>\n                                    <div class=\"accordion-item\">\n                        <div class=\"accordion-toggle dark\">\n                            <div class=\"infos transition\">\n                                <span class=\"text\">Plus d&rsquo;infos<\/span>\n                                <span class=\"icon-more\"><\/span>\n                                <span class=\"icon-less\"><\/span>\n                            <\/div>\n                            <div class=\"inner\">\n                                <h3 class=\"d6 agenda-title\">Young Swiss Psychosomatics<\/h3>\n                            <\/div>\n                        <\/div>\n                        <div class=\"accordion-content\">\n                            <div class=\"inner\">\n                                <p>Contact : info@sappm.ch<\/p>\n<p><a class=\"btn btn-full btn-arrow\" href=\"https:\/\/www.sappm.ch\/fr\/groupes-regionaux-specialises-et-de-travail-rpt\/young-swiss-psychosomatics\/\">Jeune psychosomatique suisse<\/a><\/p>\n                            <\/div>\n                        <\/div>\n                    <\/div>\n                            <\/div>\n            <\/div>\n<\/div>\n\n\n\n<div  class=\"block block-content pb-mittel\">\n    <div class=\"main-container\">\n        <div class=\"content-container\">\n\n            \n            <h2>Groupes de travail<\/h2>\n<p>Les groupes de travail sont des associations de membres de la SAPPM qui s&rsquo;occupent d&rsquo;un th\u00e8me de formation sp\u00e9cifique et continu dans l&rsquo;int\u00e9r\u00eat de la SAPPM. Les groupes de travail garantissent la mise en r\u00e9seau et l&rsquo;organisation d&rsquo;\u00e9v\u00e9nements de formation continue orient\u00e9s vers la pratique sur leur th\u00e8me de travail. <\/p>\n\n            \n        <\/div>\n    <\/div>\n<\/div>\n\n\n<div class=\"block block-akkordeon pb-mittel\">\n    <div class=\"main-container\">\n        <h2><\/h2>\n                    <div class=\"accordion agenda-item\">\n                                    <div class=\"accordion-item\">\n                        <div class=\"accordion-toggle dark\">\n                            <div class=\"infos transition\">\n                                <span class=\"text\">Plus d&rsquo;infos<\/span>\n                                <span class=\"icon-more\"><\/span>\n                                <span class=\"icon-less\"><\/span>\n                            <\/div>\n                            <div class=\"inner\">\n                                <h3 class=\"d6 agenda-title\">Groupe de travail sur la douleur chronique<\/h3>\n                            <\/div>\n                        <\/div>\n                        <div class=\"accordion-content\">\n                            <div class=\"inner\">\n                                <p>Contact : info@sappm.ch<\/p>\n<p><a class=\"btn btn-full btn-arrow\" href=\"https:\/\/www.sappm.ch\/fr\/groupes-regionaux-specialises-et-de-travail-rpt\/groupe-de-travail-de-la-douleur-chronique\/\">GT Douleur chronique<\/a><\/p>\n                            <\/div>\n                        <\/div>\n                    <\/div>\n                                    <div class=\"accordion-item\">\n                        <div class=\"accordion-toggle dark\">\n                            <div class=\"infos transition\">\n                                <span class=\"text\">Plus d&rsquo;infos<\/span>\n                                <span class=\"icon-more\"><\/span>\n                                <span class=\"icon-less\"><\/span>\n                            <\/div>\n                            <div class=\"inner\">\n                                <h3 class=\"d6 agenda-title\">Association Suisse des Th\u00e9rapies Psycho-Corporelles, ASTPC<\/h3>\n                            <\/div>\n                        <\/div>\n                        <div class=\"accordion-content\">\n                            <div class=\"inner\">\n                                <p>Contact : <a href=\"mailto:lgamba@hin.ch\">lgamba@hin.ch<\/a><\/p>\n<p> ASTPC<\/p>\n                            <\/div>\n                        <\/div>\n                    <\/div>\n                            <\/div>\n            <\/div>\n<\/div>\n","protected":false},"excerpt":{"rendered":"","protected":false},"author":1,"featured_media":0,"parent":0,"menu_order":0,"comment_status":"closed","ping_status":"closed","template":"","meta":{"_acf_changed":false,"footnotes":""},"class_list":["post-3803","page","type-page","status-publish","hentry"],"acf":[],"_links":{"self":[{"href":"https:\/\/www.sappm.ch\/fr\/wp-json\/wp\/v2\/pages\/3803","targetHints":{"allow":["GET"]}}],"collection":[{"href":"https:\/\/www.sappm.ch\/fr\/wp-json\/wp\/v2\/pages"}],"about":[{"href":"https:\/\/www.sappm.ch\/fr\/wp-json\/wp\/v2\/types\/page"}],"author":[{"embeddable":true,"href":"https:\/\/www.sappm.ch\/fr\/wp-json\/wp\/v2\/users\/1"}],"replies":[{"embeddable":true,"href":"https:\/\/www.sappm.ch\/fr\/wp-json\/wp\/v2\/comments?post=3803"}],"version-history":[{"count":12,"href":"https:\/\/www.sappm.ch\/fr\/wp-json\/wp\/v2\/pages\/3803\/revisions"}],"predecessor-version":[{"id":16537,"href":"https:\/\/www.sappm.ch\/fr\/wp-json\/wp\/v2\/pages\/3803\/revisions\/16537"}],"wp:attachment":[{"href":"https:\/\/www.sappm.ch\/fr\/wp-json\/wp\/v2\/media?parent=3803"}],"curies":[{"name":"wp","href":"https:\/\/api.w.org\/{rel}","templated":true}]}}