{"id":3870,"date":"2023-12-01T14:32:47","date_gmt":"2023-12-01T13:32:47","guid":{"rendered":"https:\/\/xawekybe.cyon.site\/?page_id=3870"},"modified":"2024-11-13T11:12:53","modified_gmt":"2024-11-13T10:12:53","slug":"quest-ce-que-la-medecine-psychosomatique","status":"publish","type":"page","link":"https:\/\/www.sappm.ch\/fr\/quest-ce-que-la-medecine-psychosomatique\/","title":{"rendered":"Qu&rsquo;est-ce que la m\u00e9decine psychosomatique ?"},"content":{"rendered":"\n<div  class=\"block block-lead bg-element pb-mittel\">\n    <div class=\"main-container\">\n        <div class=\"content-container lead-font-size\">\n            La m\u00e9decine psychosomatique \u00e9tudie depuis des d\u00e9cennies l&rsquo;interaction entre le corps et le psychisme, et leur r\u00f4le dans la sant\u00e9 de l&rsquo;\u00eatre humain. Les troubles fonctionnels ne sont pas imaginaires, leur origine peut aujourd&rsquo;hui \u00eatre d\u00e9crite scientifiquement, ils concernent toujours la personne dans son ensemble. En fran\u00e7ais on n&rsquo;utilise plus beaucoup le terme de \u00ab\u00a0trouble psychosomatique\u00a0\u00bb, car il a \u00e9t\u00e9 stigmatis\u00e9 et confondu avec une origine purement psychique aux sympt\u00f4mes. On pr\u00e9f\u00e8re le terme de troubles fonctionnels.\u00a0        <\/div>\n    <\/div>\n<\/div>\n\n\n<div class=\"block block-akkordeon pb-mittel\">\n    <div class=\"main-container\">\n        <h2><\/h2>\n                    <div class=\"accordion agenda-item\">\n                                    <div class=\"accordion-item\">\n                        <div class=\"accordion-toggle dark\">\n                            <div class=\"infos transition\">\n                                <span class=\"text\">Plus d&rsquo;infos<\/span>\n                                <span class=\"icon-more\"><\/span>\n                                <span class=\"icon-less\"><\/span>\n                            <\/div>\n                            <div class=\"inner\">\n                                <h3 class=\"d6 agenda-title\">Quelle est la fr\u00e9quence des troubles physiques fonctionnels?<\/h3>\n                            <\/div>\n                        <\/div>\n                        <div class=\"accordion-content\">\n                            <div class=\"inner\">\n                                <p>Les troubles fonctionnels sont fr\u00e9quents.<br \/>\nIls repr\u00e9sentent environ 20 \u00e0 40% des consultations m\u00e9dicales.<\/p>\n                            <\/div>\n                        <\/div>\n                    <\/div>\n                                    <div class=\"accordion-item\">\n                        <div class=\"accordion-toggle dark\">\n                            <div class=\"infos transition\">\n                                <span class=\"text\">Plus d&rsquo;infos<\/span>\n                                <span class=\"icon-more\"><\/span>\n                                <span class=\"icon-less\"><\/span>\n                            <\/div>\n                            <div class=\"inner\">\n                                <h3 class=\"d6 agenda-title\">Qui est concern\u00e9 par les troubles physiques fonctionnels ?<\/h3>\n                            <\/div>\n                        <\/div>\n                        <div class=\"accordion-content\">\n                            <div class=\"inner\">\n                                <p>Tout le monde est sujet \u00e0 des r\u00e9actions physiques en cas de stress. Les enfants peuvent \u00e9galement pr\u00e9senter de tels probl\u00e8mes. Le spectre des affections est tr\u00e8s large.<\/p>\n                            <\/div>\n                        <\/div>\n                    <\/div>\n                                    <div class=\"accordion-item\">\n                        <div class=\"accordion-toggle dark\">\n                            <div class=\"infos transition\">\n                                <span class=\"text\">Plus d&rsquo;infos<\/span>\n                                <span class=\"icon-more\"><\/span>\n                                <span class=\"icon-less\"><\/span>\n                            <\/div>\n                            <div class=\"inner\">\n                                <h3 class=\"d6 agenda-title\">Quels sont les troubles physiques fonctionnels les plus courants ?<\/h3>\n                            <\/div>\n                        <\/div>\n                        <div class=\"accordion-content\">\n                            <div class=\"inner\">\n                                <p>Les sympt\u00f4mes physiques fonctionnels les plus courants sont ceux qui r\u00e9sultent d&rsquo;un stress aigu.<br \/>\nLe syst\u00e8me nerveux v\u00e9g\u00e9tatif joue un r\u00f4le important, ainsi que les hormones de stress.<br \/>\nNotre organisme ne fonctionne alors plus comme nous le souhaiterions.<br \/>\nLes cons\u00e9quences en sont des sympt\u00f4mes physiques ou des troubles du sommeil.<\/p>\n                            <\/div>\n                        <\/div>\n                    <\/div>\n                                    <div class=\"accordion-item\">\n                        <div class=\"accordion-toggle dark\">\n                            <div class=\"infos transition\">\n                                <span class=\"text\">Plus d&rsquo;infos<\/span>\n                                <span class=\"icon-more\"><\/span>\n                                <span class=\"icon-less\"><\/span>\n                            <\/div>\n                            <div class=\"inner\">\n                                <h3 class=\"d6 agenda-title\">Quels sont les sympt\u00f4mes typiques du stress ?<\/h3>\n                            <\/div>\n                        <\/div>\n                        <div class=\"accordion-content\">\n                            <div class=\"inner\">\n                                <p>En cas de stress aigu, une personne peut par exemple r\u00e9agir par des palpitations cardiaques, des sueurs, des troubles digestifs, des tensions dans le dos ou dans la nuque, des difficult\u00e9s de concentration, ou des troubles du sommeil.<br \/>\nLe stress chronique peut en outre avoir des r\u00e9percussions sur le syst\u00e8me cardiovasculaire, le m\u00e9tabolisme et le syst\u00e8me immunitaire.<br \/>\nNombre d&rsquo;entre nous pr\u00e9sentent des sympt\u00f4mes de sensibilit\u00e9 au stress chronique. Cela entra\u00eene souvent des douleurs et peut nous affaiblir.<\/p>\n                            <\/div>\n                        <\/div>\n                    <\/div>\n                                    <div class=\"accordion-item\">\n                        <div class=\"accordion-toggle dark\">\n                            <div class=\"infos transition\">\n                                <span class=\"text\">Plus d&rsquo;infos<\/span>\n                                <span class=\"icon-more\"><\/span>\n                                <span class=\"icon-less\"><\/span>\n                            <\/div>\n                            <div class=\"inner\">\n                                <h3 class=\"d6 agenda-title\">Quelle est la diff\u00e9rence avec les troubles organiques?<\/h3>\n                            <\/div>\n                        <\/div>\n                        <div class=\"accordion-content\">\n                            <div class=\"inner\">\n                                <p>On consid\u00e8re que la cause des troubles organiques est une modification structurelle d&rsquo;un organe, qui peut \u00eatre d\u00e9cel\u00e9e par une biopsie, une prise de sang ou d&rsquo;autres investigations (par exemple, une inflammation intestinale qui provoque des troubles digestifs).<br \/>\nLes sympt\u00f4mes physiques fonctionnels sont plut\u00f4t le reflet d&rsquo;un fonctionnement anormal d&rsquo;organes qui apparaissent \u00ab\u00a0sains\u00a0\u00bb sur les biopsies, les examens d&rsquo;imagerie ou dans les analyses sanguines.<br \/>\nC&rsquo;est pourquoi on les appelle \u00ab\u00a0troubles fonctionnels\u00a0\u00bb. Par exemple, le stress au travail peut provoquer des probl\u00e8mes dans l&rsquo;appareil digestif par le biais des hormones et du syst\u00e8me nerveux.<br \/>\nIl n&rsquo;est donc pas facile de d\u00e9terminer si les troubles sont purement organiques ou fonctionnels. Ils sont d&rsquo;ailleurs tr\u00e8s souvent intriqu\u00e9s. C&rsquo;est la raison pour laquelle l&rsquo;\u00e9valuation se fait g\u00e9n\u00e9ralement en parall\u00e8le.<\/p>\n                            <\/div>\n                        <\/div>\n                    <\/div>\n                                    <div class=\"accordion-item\">\n                        <div class=\"accordion-toggle dark\">\n                            <div class=\"infos transition\">\n                                <span class=\"text\">Plus d&rsquo;infos<\/span>\n                                <span class=\"icon-more\"><\/span>\n                                <span class=\"icon-less\"><\/span>\n                            <\/div>\n                            <div class=\"inner\">\n                                <h3 class=\"d6 agenda-title\">Quelle est la diff\u00e9rence avec la maladie mentale ?<\/h3>\n                            <\/div>\n                        <\/div>\n                        <div class=\"accordion-content\">\n                            <div class=\"inner\">\n                                <p>Les personnes atteintes d&rsquo;une maladie mentale souffrent d&rsquo;une perturbation de leurs \u00e9motions, de leurs pens\u00e9es ou de leur comportement.<br \/>\nLes troubles fonctionnels, quant \u00e0 eux, se manifestent par des sympt\u00f4mes physiques.<\/p>\n                            <\/div>\n                        <\/div>\n                    <\/div>\n                                    <div class=\"accordion-item\">\n                        <div class=\"accordion-toggle dark\">\n                            <div class=\"infos transition\">\n                                <span class=\"text\">Plus d&rsquo;infos<\/span>\n                                <span class=\"icon-more\"><\/span>\n                                <span class=\"icon-less\"><\/span>\n                            <\/div>\n                            <div class=\"inner\">\n                                <h3 class=\"d6 agenda-title\">Existe-t-il des formes combin\u00e9es ?<\/h3>\n                            <\/div>\n                        <\/div>\n                        <div class=\"accordion-content\">\n                            <div class=\"inner\">\n                                <p>La combinaison de troubles organiques, fonctionnels et psychiques est tr\u00e8s fr\u00e9quente.<br \/>\nPar exemple, un patient peut souffrir d&rsquo;un ulc\u00e8re gastrique \u00e0 la fois \u00e0 cause du stress et de bact\u00e9ries gastriques nocives.<br \/>\nUne autre personne peut avoir des troubles fonctionnels pendant des ann\u00e9es \u00e0 cause du stress, puis subir un infarctus du myocarde et finalement plonger dans la d\u00e9pression.<br \/>\nPresque toutes les maladies peuvent \u00eatre aggrav\u00e9es par l&rsquo;environnement dans lequel on \u00e9volue.<br \/>\nLa m\u00e9decine psychosomatique moderne en tient compte et s&rsquo;int\u00e9resse aux aspects biologiques, psychologiques et sociaux de la sant\u00e9 et de la maladie.<\/p>\n                            <\/div>\n                        <\/div>\n                    <\/div>\n                                    <div class=\"accordion-item\">\n                        <div class=\"accordion-toggle dark\">\n                            <div class=\"infos transition\">\n                                <span class=\"text\">Plus d&rsquo;infos<\/span>\n                                <span class=\"icon-more\"><\/span>\n                                <span class=\"icon-less\"><\/span>\n                            <\/div>\n                            <div class=\"inner\">\n                                <h3 class=\"d6 agenda-title\">Quel est le r\u00f4le de la m\u00e9decine psychosomatique ?<\/h3>\n                            <\/div>\n                        <\/div>\n                        <div class=\"accordion-content\">\n                            <div class=\"inner\">\n                                <p>De nombreux troubles physiques n&rsquo;ont pas d&rsquo;explication organique ou psychique claire.<br \/>\nCes troubles ne s&rsquo;expliquent que par l&rsquo;interaction complexe entre l&rsquo;environnement et notre corps, en fonction de son \u00e9tat, de son fonctionnement et de la perception qu&rsquo;on en a.<br \/>\nLa m\u00e9decine psychosomatique est la plus compl\u00e8te des sp\u00e9cialisations m\u00e9dicales.<\/p>\n                            <\/div>\n                        <\/div>\n                    <\/div>\n                                    <div class=\"accordion-item\">\n                        <div class=\"accordion-toggle dark\">\n                            <div class=\"infos transition\">\n                                <span class=\"text\">Plus d&rsquo;infos<\/span>\n                                <span class=\"icon-more\"><\/span>\n                                <span class=\"icon-less\"><\/span>\n                            <\/div>\n                            <div class=\"inner\">\n                                <h3 class=\"d6 agenda-title\">Comment la m\u00e9decine psychosomatique proc\u00e8de-t-elle ?<\/h3>\n                            <\/div>\n                        <\/div>\n                        <div class=\"accordion-content\">\n                            <div class=\"inner\">\n                                <p>William Osler, l&rsquo;un des principaux fondateurs de la m\u00e9decine moderne, a d\u00e9clar\u00e9 : \u00ab\u00a0Le bon m\u00e9decin traite la <em>maladie<\/em> ; l&rsquo;excellent m\u00e9decin traite le <em>patient<\/em> qui a la maladie\u00a0\u00bb. Le respect de l&rsquo;individu est au c\u0153ur de cette d\u00e9marche. Le m\u00e9decin examine donc le corps en d\u00e9tail, mais il est \u00e9galement attentif \u00e0 la globalit\u00e9 de la situation de son patient. Un probl\u00e8me de sant\u00e9 signifie toujours \u00e0 la fois une maladie objectivement constatable et l&rsquo;exp\u00e9rience subjective d&rsquo;une souffrance.<\/p>\n                            <\/div>\n                        <\/div>\n                    <\/div>\n                                    <div class=\"accordion-item\">\n                        <div class=\"accordion-toggle dark\">\n                            <div class=\"infos transition\">\n                                <span class=\"text\">Plus d&rsquo;infos<\/span>\n                                <span class=\"icon-more\"><\/span>\n                                <span class=\"icon-less\"><\/span>\n                            <\/div>\n                            <div class=\"inner\">\n                                <h3 class=\"d6 agenda-title\">Quel est l&rsquo;objectif d&rsquo;un traitement psychosomatique ?<\/h3>\n                            <\/div>\n                        <\/div>\n                        <div class=\"accordion-content\">\n                            <div class=\"inner\">\n                                <p>Un objectif essentiel du traitement est que la personne concern\u00e9e identifie les options qui l&rsquo;aideront \u00e0 agir positivement sur sa propre sant\u00e9, de fa\u00e7on \u00e0 ce que sa souffrance puisse \u00eatre soulag\u00e9e.<br \/>\nSelon le probl\u00e8me, plusieurs m\u00e9thodes peuvent \u00eatre utilis\u00e9es simultan\u00e9ment.<\/p>\n                            <\/div>\n                        <\/div>\n                    <\/div>\n                                    <div class=\"accordion-item\">\n                        <div class=\"accordion-toggle dark\">\n                            <div class=\"infos transition\">\n                                <span class=\"text\">Plus d&rsquo;infos<\/span>\n                                <span class=\"icon-more\"><\/span>\n                                <span class=\"icon-less\"><\/span>\n                            <\/div>\n                            <div class=\"inner\">\n                                <h3 class=\"d6 agenda-title\">Comment devenir sp\u00e9cialiste en m\u00e9decine psychosomatique en Suisse ?<\/h3>\n                            <\/div>\n                        <\/div>\n                        <div class=\"accordion-content\">\n                            <div class=\"inner\">\n                                <p>Le titre de sp\u00e9cialiste en m\u00e9decine psychosomatique est une formation professionnelle compl\u00e9mentaire post-universitaire, valid\u00e9e par la FMH (F\u00e9d\u00e9ration des M\u00e9decins Helv\u00e9tiques). Cette formation n&rsquo;est accessible qu&rsquo;aux personnes ayant suivi non seulement des \u00e9tudes de m\u00e9decine mais aussi une formation de m\u00e9decin sp\u00e9cialiste (titre de sp\u00e9cialiste FMH).<\/p>\n                            <\/div>\n                        <\/div>\n                    <\/div>\n                            <\/div>\n            <\/div>\n<\/div>\n\n\n\n<div  class=\"block block-text-bild pb-mittel\">\n    <div class=\"main-container\">\n\n        <div class=\"columns-2\">\n                            <div class=\"column bild\">\n                    <img loading=\"lazy\" decoding=\"async\" width=\"598\" height=\"600\" src=\"https:\/\/www.sappm.ch\/wp-content\/uploads\/2024\/07\/Betroff2222-598x600.png\" class=\"attachment-medium size-medium\" alt=\"\" srcset=\"https:\/\/www.sappm.ch\/wp-content\/uploads\/2024\/07\/Betroff2222-598x600.png 598w, https:\/\/www.sappm.ch\/wp-content\/uploads\/2024\/07\/Betroff2222-150x150.png 150w, https:\/\/www.sappm.ch\/wp-content\/uploads\/2024\/07\/Betroff2222.png 642w\" sizes=\"auto, (max-width: 598px) 100vw, 598px\" \/>                <\/div>\n                            \n            <div class=\"column\">\n                \n                <p><strong>Offres m\u00e9dicales en Suisse<\/strong><\/p>\n\n                                    <div class=\"button-group\">\n                                           <a class=\"btn btn-full btn-arrow\" href=\"https:\/\/www.sappm.ch\/fr\/medecins-dans-ma-region\/\" target=\"_self\">M\u00e9decins:dans ma r\u00e9gion<\/a>\n                                            <a class=\"btn btn-full btn-arrow\" href=\"https:\/\/www.sappm.ch\/fr\/cliniques-specialisees-en-psychosomatique\/\" target=\"_self\">Cliniques en Suisse<\/a>\n                                        <\/div>\n                            <\/div>\n        <\/div>\n\n    <\/div>\n<\/div>","protected":false},"excerpt":{"rendered":"","protected":false},"author":1,"featured_media":6099,"parent":0,"menu_order":0,"comment_status":"closed","ping_status":"closed","template":"","meta":{"_acf_changed":false,"footnotes":""},"class_list":["post-3870","page","type-page","status-publish","has-post-thumbnail","hentry"],"acf":[],"_links":{"self":[{"href":"https:\/\/www.sappm.ch\/fr\/wp-json\/wp\/v2\/pages\/3870","targetHints":{"allow":["GET"]}}],"collection":[{"href":"https:\/\/www.sappm.ch\/fr\/wp-json\/wp\/v2\/pages"}],"about":[{"href":"https:\/\/www.sappm.ch\/fr\/wp-json\/wp\/v2\/types\/page"}],"author":[{"embeddable":true,"href":"https:\/\/www.sappm.ch\/fr\/wp-json\/wp\/v2\/users\/1"}],"replies":[{"embeddable":true,"href":"https:\/\/www.sappm.ch\/fr\/wp-json\/wp\/v2\/comments?post=3870"}],"version-history":[{"count":6,"href":"https:\/\/www.sappm.ch\/fr\/wp-json\/wp\/v2\/pages\/3870\/revisions"}],"predecessor-version":[{"id":9081,"href":"https:\/\/www.sappm.ch\/fr\/wp-json\/wp\/v2\/pages\/3870\/revisions\/9081"}],"wp:featuredmedia":[{"embeddable":true,"href":"https:\/\/www.sappm.ch\/fr\/wp-json\/wp\/v2\/media\/6099"}],"wp:attachment":[{"href":"https:\/\/www.sappm.ch\/fr\/wp-json\/wp\/v2\/media?parent=3870"}],"curies":[{"name":"wp","href":"https:\/\/api.w.org\/{rel}","templated":true}]}}