{"id":3880,"date":"2024-06-22T19:39:56","date_gmt":"2024-06-22T17:39:56","guid":{"rendered":"https:\/\/xawekybe.cyon.site\/?page_id=3880"},"modified":"2025-08-21T11:26:15","modified_gmt":"2025-08-21T09:26:15","slug":"cursus-de-formation-continue","status":"publish","type":"page","link":"https:\/\/www.sappm.ch\/fr\/cursus-de-formation-continue\/","title":{"rendered":"Cursus de formation continue"},"content":{"rendered":"\n<div  class=\"block block-lead bg-element pb-mittel\">\n    <div class=\"main-container\">\n        <div class=\"content-container lead-font-size\">\n            La formation postgradu\u00e9e pour le titre de formation approfondie interdisciplinaire (iSP) en m\u00e9decine psychosomatique et psychosociale est r\u00e9glement\u00e9e par les dispositions de l&rsquo;ISFM. \r\nIl existe des possibilit\u00e9s de formation clinique et pratique ainsi que de nombreuses offres de formation en cours d&#8217;emploi sous diff\u00e9rents formats.\r\nLes offres sont des \u00e9l\u00e9ments de qualification n\u00e9cessaires \u00e0 l&rsquo;obtention d&rsquo;un titre de formation approfondie interdisciplinaire.          <\/div>\n    <\/div>\n<\/div>\n<div  class=\"block block-content pb-mittel\">\n    <div class=\"main-container\">\n        <div class=\"content-container\">\n\n                            <h2 class=\"d5\">Contenu des curricula de formation continue<\/h2>\n            \n            <p>La formation en m\u00e9decine psychosomatique et psychosociale compl\u00e8te le contenu et les m\u00e9thodes de la m\u00e9decine d&rsquo;organe en \u00e9largissant la focalisation sur la sant\u00e9 \u00e0 l&rsquo;ensemble de l&rsquo;organisme, au sujet et \u00e0 l&rsquo;individu humain dans son contexte.<\/p>\n<p>Les cours de formation continue permettent d&rsquo;acqu\u00e9rir des connaissances physiologiques et psychologiques sur les troubles fonctionnels ainsi que sur les maladies combin\u00e9es somato-psychiques. L&rsquo;importance du contexte psychosocial dans lequel se d\u00e9roulent la maladie et la gu\u00e9rison est r\u00e9fl\u00e9chie. <\/p>\n<p>Outre les comp\u00e9tences diagnostiques et th\u00e9rapeutiques, la formation permet d&rsquo;acqu\u00e9rir une compr\u00e9hension plus approfondie de l&rsquo;individu ainsi que des m\u00e9thodes favorisant une relation participative et dialogique avec le patient.<\/p>\n\n            \n        <\/div>\n    <\/div>\n<\/div>\n<div  class=\"block block-content pb-mittel\">\n    <div class=\"main-container\">\n        <div class=\"content-container\">\n\n                            <h2 class=\"d5\">Formats sur mesure <\/h2>\n            \n            <p>Le nombre minimum de cr\u00e9dits requis pour une demande de titre de formation approfondie est de 360. La formation <em>clinique et pratique<\/em> se d\u00e9roule dans des \u00e9tablissements hospitaliers reconnus comme centres de formation continue SAPPM (CFP). En compl\u00e9ment ou en alternative, des instituts de formation continue reconnus par la SAPPM (WBI) proposent des cursus complets<em> en cours d&#8217;emploi<\/em>. Il est \u00e9galement possible de composer un cursus individuel de fa\u00e7on modulaire en utilisant des offres partielles de formation continue (WBTA) ou des modules de formation continue (WBMA). Les options mentionn\u00e9es peuvent \u00eatre combin\u00e9es \u00e0 volont\u00e9 et leur mise en \u0153uvre d\u00e9pend du calendrier personnel.    <\/p>\n<p><img loading=\"lazy\" decoding=\"async\" class=\"alignnone wp-image-3007\" src=\"https:\/\/www.sappm.ch\/wp-content\/uploads\/2024\/07\/Weiterbildung-600x321.png\" alt=\"\" width=\"798\" height=\"427\" srcset=\"https:\/\/www.sappm.ch\/wp-content\/uploads\/2024\/07\/Weiterbildung-600x321.png 600w, https:\/\/www.sappm.ch\/wp-content\/uploads\/2024\/07\/Weiterbildung-1024x547.png 1024w, https:\/\/www.sappm.ch\/wp-content\/uploads\/2024\/07\/Weiterbildung-768x410.png 768w, https:\/\/www.sappm.ch\/wp-content\/uploads\/2024\/07\/Weiterbildung.png 1280w\" sizes=\"auto, (max-width: 798px) 100vw, 798px\" \/><\/p>\n\n            \n        <\/div>\n    <\/div>\n<\/div>\n<div class=\"block block-akkordeon pb-mittel\">\n    <div class=\"main-container\">\n        <h2><\/h2>\n                    <div class=\"accordion agenda-item\">\n                                    <div class=\"accordion-item\">\n                        <div class=\"accordion-toggle dark\">\n                            <div class=\"infos transition\">\n                                <span class=\"text\">Plus d&rsquo;infos<\/span>\n                                <span class=\"icon-more\"><\/span>\n                                <span class=\"icon-less\"><\/span>\n                            <\/div>\n                            <div class=\"inner\">\n                                <h3 class=\"d6 agenda-title\">\u00c9tablissements de formation continue (EFC)<\/h3>\n                            <\/div>\n                        <\/div>\n                        <div class=\"accordion-content\">\n                            <div class=\"inner\">\n                                <p>&nbsp;<\/p>\n<p>Une douzaine de cliniques en Suisse sont des \u00e9tablissements de formation certifi\u00e9s dans le domaine de la m\u00e9decine psychosomatique. Souvent, l&rsquo;activit\u00e9 de formation clinique dans un \u00e9tablissement de formation accr\u00e9dit\u00e9 en psychosomatique peut \u00eatre partiellement valid\u00e9e pour la reconnaissance d&rsquo;un titre de sp\u00e9cialiste (p. ex. en m\u00e9decine interne g\u00e9n\u00e9rale ou en psychiatrie). Dans les cliniques m\u00e9dicales universitaires, la voie acad\u00e9mique (recherche et enseignement) est \u00e9galement ouverte.  <\/p>\n<p><strong>CENTRES DE FORMATION CLINIQUE RECONNUS PAR LA SAPPM<br \/>\n<\/strong><\/p>\n<ul>\n<li><a href=\"https:\/\/www.chuv.ch\/fr\/anesthesiologie\/alg-home\/patients-et-familles\/centre-de-medecine-integrative-et-complementaire\" rel=\"nofollow noopener\" target=\"_blank\">Centre de m\u00e9decine int\u00e9grative et compl\u00e9mentaire (CEMIC) CHUV<\/a> Cat. B pour 1 an <\/li>\n<li><a href=\"https:\/\/www.hochgebirgsklinik.ch\/\" rel=\"nofollow noopener\" target=\"_blank\">Clinique de haute montagne de Davos<\/a> cat. A pour 2 ans <\/li>\n<li><a href=\"https:\/\/www.barmelweid.ch\/\" rel=\"nofollow noopener\" target=\"_blank\">Clinique Barmelweid<\/a> cat. A pour 2 ans <\/li>\n<li><a href=\"https:\/\/www.usz.ch\/fachbereich\/konsiliarpsychiatrie-psychosomatik\/\" rel=\"nofollow noopener\" target=\"_blank\">Clinique de psychiatrie et de psychosomatique en consultation, H\u00f4pital universitaire de Zurich <\/a>Cat. A pour 2 ans <\/li>\n<li><a class=\"external-link\" href=\"http:\/\/www.psychosomatik.kssg.ch\/\" target=\"_blank\" rel=\"noopener nofollow\">Clinique de psychosomatique et de psychiatrie de consultation, St-Gall <\/a>Cat. A pour 2 ans <\/li>\n<li><a href=\"https:\/\/www.barmelweid.ch\/\" rel=\"nofollow noopener\" target=\"_blank\">Clinique Sch\u00fctzen, Rheinfelden <\/a>Cat. A pour 2 ans <\/li>\n<li><a href=\"https:\/\/www.lhm.ch\/de\" rel=\"nofollow noopener\" target=\"_blank\">Clinique d&rsquo;altitude de Lucerne, Crans-Montana <\/a>Cat. B pour 1 an <\/li>\n<li><a href=\"https:\/\/www.kispisg.ch\/de\" rel=\"nofollow noopener\" target=\"_blank\">Ostschweizer Kinderspital, St. Gallen <\/a>Cat. A pour 2 ans <\/li>\n<li><a href=\"https:\/\/oberwaid.ch\/\" rel=\"nofollow noopener\" target=\"_blank\">Privatklinik Oberwaid, St. Gallen <\/a>Cat. A pour 2 ans <\/li>\n<li><a href=\"https:\/\/www.rehaklinik-hasliberg.ch\/\" rel=\"nofollow noopener\" target=\"_blank\">Rehaklinik Hasliberg AG<\/a> Cat. A pour 2 ans <\/li>\n<li><a href=\"https:\/\/neurologie.insel.ch\/de\/unser-angebot\/psychosomatische-medizin\" rel=\"nofollow noopener\" target=\"_blank\">M\u00e9decine psychosomatique universitaire, H\u00f4pital de l&rsquo;\u00cele, Berne<\/a> Cat. A pour 2 ans <\/li>\n<\/ul>\n                            <\/div>\n                        <\/div>\n                    <\/div>\n                                    <div class=\"accordion-item\">\n                        <div class=\"accordion-toggle dark\">\n                            <div class=\"infos transition\">\n                                <span class=\"text\">Plus d&rsquo;infos<\/span>\n                                <span class=\"icon-more\"><\/span>\n                                <span class=\"icon-less\"><\/span>\n                            <\/div>\n                            <div class=\"inner\">\n                                <h3 class=\"d6 agenda-title\">Instituts de formation continue (WBI)<\/h3>\n                            <\/div>\n                        <\/div>\n                        <div class=\"accordion-content\">\n                            <div class=\"inner\">\n                                <p class=\"bodytext\">Comme alternative \u00e0 la formation clinique, il existe en Suisse quatre instituts de formation postgradu\u00e9e \u00e9prouv\u00e9s proposant des cursus complets en cours d&#8217;emploi. Ces cursus comprennent une formation structur\u00e9e de deux ans qui m\u00e8ne au dipl\u00f4me de formation approfondie. L&rsquo;avantage des cursus en cours d&#8217;emploi est qu&rsquo;ils couvrent pratiquement tout le catalogue de formation et peuvent \u00eatre r\u00e9alis\u00e9s parall\u00e8lement \u00e0 l&rsquo;activit\u00e9 courante en clinique et en cabinet.  <\/p>\n<ul>\n<li><a class=\"external-link\" href=\"http:\/\/www.psychosomatik-basel.ch\/\" target=\"_blank\" rel=\"noopener nofollow\">WBI BIPM B\u00e2le<\/a><\/li>\n<li><a class=\"external-link\" href=\"http:\/\/www.ihm-institut.ch\/\" target=\"_blank\" rel=\"noopener nofollow\">WBI IHM Zurich<\/a><\/li>\n<li><a href=\"https:\/\/www.sappm.ch\/fr\/groupes-regionaux-specialises-et-de-travail-rpt\/ti-psiso\/\">WBI IsTi PSISO Tessin<\/a><\/li>\n<li><a class=\"external-link\" href=\"https:\/\/psysomrom.ch\/coming-soon\/\" target=\"_blank\" rel=\"noopener nofollow\">WBI Romandie IMPPRo<\/a><\/li>\n<\/ul>\n                            <\/div>\n                        <\/div>\n                    <\/div>\n                                    <div class=\"accordion-item\">\n                        <div class=\"accordion-toggle dark\">\n                            <div class=\"infos transition\">\n                                <span class=\"text\">Plus d&rsquo;infos<\/span>\n                                <span class=\"icon-more\"><\/span>\n                                <span class=\"icon-less\"><\/span>\n                            <\/div>\n                            <div class=\"inner\">\n                                <h3 class=\"d6 agenda-title\">Offres partielles de formation continue (WBTA)<\/h3>\n                            <\/div>\n                        <\/div>\n                        <div class=\"accordion-content\">\n                            <div class=\"inner\">\n                                <p>Sont consid\u00e9r\u00e9es comme des offres partielles les formations continues d&rsquo;une dur\u00e9e minimale de quatre cr\u00e9dits et inf\u00e9rieure \u00e0 40 cr\u00e9dits, qui sont li\u00e9es entre elles du point de vue du contenu et de la dur\u00e9e et qui sont repr\u00e9sent\u00e9es par le m\u00eame prestataire. Les offres partielles certifi\u00e9es sont reconnues comme formation postgradu\u00e9e et continue ainsi que pour la recertification de la formation approfondie interdisciplinaire SAPPM. <\/p>\n<p>La certification d&rsquo;une offre partielle doit \u00eatre demand\u00e9e \u00e0 l&rsquo;avance au bureau SAPPM.<\/p>\n                            <\/div>\n                        <\/div>\n                    <\/div>\n                                    <div class=\"accordion-item\">\n                        <div class=\"accordion-toggle dark\">\n                            <div class=\"infos transition\">\n                                <span class=\"text\">Plus d&rsquo;infos<\/span>\n                                <span class=\"icon-more\"><\/span>\n                                <span class=\"icon-less\"><\/span>\n                            <\/div>\n                            <div class=\"inner\">\n                                <h3 class=\"d6 agenda-title\">Offres de modules de formation continue (WBMA)<\/h3>\n                            <\/div>\n                        <\/div>\n                        <div class=\"accordion-content\">\n                            <div class=\"inner\">\n                                <p>Les modules sont des formations continues d&rsquo;une dur\u00e9e minimale de 40 cr\u00e9dits, dont le contenu et la dur\u00e9e sont li\u00e9s, qui sont repr\u00e9sent\u00e9es par le m\u00eame prestataire et qui ont lieu de mani\u00e8re r\u00e9p\u00e9t\u00e9e. Les modules ne sont pas seulement des formations th\u00e9oriques, mais incluent \u00e9galement des comp\u00e9tences et une supervision. <\/p>\n<p>Les modules certifi\u00e9s sont reconnus comme formation continue et pour la recertification de la formation approfondie interdisciplinaire SAPPM. La formation interdisciplinaire peut \u00e9galement \u00eatre obtenue par un syst\u00e8me modulaire. <\/p>\n<p>La certification d&rsquo;un module doit faire l&rsquo;objet d&rsquo;une demande pr\u00e9alable aupr\u00e8s du bureau SAPPM.<\/p>\n                            <\/div>\n                        <\/div>\n                    <\/div>\n                            <\/div>\n            <\/div>\n<\/div>\n\n<div  class=\"block block-text-bild pb-mittel\">\n    <div class=\"main-container\">\n\n        <div class=\"columns-2\">\n                            <div class=\"column bild\">\n                    <img loading=\"lazy\" decoding=\"async\" width=\"539\" height=\"600\" src=\"https:\/\/www.sappm.ch\/wp-content\/uploads\/2024\/07\/Abb44444-1-539x600.png\" class=\"attachment-medium size-medium\" alt=\"\" srcset=\"https:\/\/www.sappm.ch\/wp-content\/uploads\/2024\/07\/Abb44444-1-539x600.png 539w, https:\/\/www.sappm.ch\/wp-content\/uploads\/2024\/07\/Abb44444-1.png 672w\" sizes=\"auto, (max-width: 539px) 100vw, 539px\" \/>                <\/div>\n                            \n            <div class=\"column\">\n                \n                <p><strong>Vous souhaitez vous qualifier en tant que WBI, WBS, WBTA ou WBMA ?<\/strong><\/p>\n<p class=\"bodytext\" style=\"text-align: left;\">La SAPPM est responsable de l&rsquo;\u00e9valuation et de la certification des offres de formation continue.<\/p>\n<p class=\"bodytext\" style=\"text-align: left;\">Vous trouverez ici les r\u00e8glements de <a class=\"internal-link\" href=\"https:\/\/www.sappm.ch\/fr\/documents-downloads\/\">formation<\/a> continue.<\/p>\n\n                            <\/div>\n        <\/div>\n\n    <\/div>\n<\/div>\n<div class=\"wp-block-group is-content-justification-center is-nowrap is-layout-flex wp-container-core-group-is-layout-94bc23d7 wp-block-group-is-layout-flex\"><\/div>\n","protected":false},"excerpt":{"rendered":"","protected":false},"author":1,"featured_media":6071,"parent":0,"menu_order":0,"comment_status":"closed","ping_status":"closed","template":"","meta":{"_acf_changed":false,"footnotes":""},"class_list":["post-3880","page","type-page","status-publish","has-post-thumbnail","hentry"],"acf":[],"_links":{"self":[{"href":"https:\/\/www.sappm.ch\/fr\/wp-json\/wp\/v2\/pages\/3880","targetHints":{"allow":["GET"]}}],"collection":[{"href":"https:\/\/www.sappm.ch\/fr\/wp-json\/wp\/v2\/pages"}],"about":[{"href":"https:\/\/www.sappm.ch\/fr\/wp-json\/wp\/v2\/types\/page"}],"author":[{"embeddable":true,"href":"https:\/\/www.sappm.ch\/fr\/wp-json\/wp\/v2\/users\/1"}],"replies":[{"embeddable":true,"href":"https:\/\/www.sappm.ch\/fr\/wp-json\/wp\/v2\/comments?post=3880"}],"version-history":[{"count":20,"href":"https:\/\/www.sappm.ch\/fr\/wp-json\/wp\/v2\/pages\/3880\/revisions"}],"predecessor-version":[{"id":17174,"href":"https:\/\/www.sappm.ch\/fr\/wp-json\/wp\/v2\/pages\/3880\/revisions\/17174"}],"wp:featuredmedia":[{"embeddable":true,"href":"https:\/\/www.sappm.ch\/fr\/wp-json\/wp\/v2\/media\/6071"}],"wp:attachment":[{"href":"https:\/\/www.sappm.ch\/fr\/wp-json\/wp\/v2\/media?parent=3880"}],"curies":[{"name":"wp","href":"https:\/\/api.w.org\/{rel}","templated":true}]}}