{"id":7920,"date":"2024-10-11T15:06:32","date_gmt":"2024-10-11T13:06:32","guid":{"rendered":"https:\/\/www.sappm.ch\/?page_id=7920"},"modified":"2026-04-13T11:08:25","modified_gmt":"2026-04-13T09:08:25","slug":"astpc","status":"publish","type":"page","link":"https:\/\/www.sappm.ch\/fr\/groupes-regionaux-specialises-et-de-travail-rpt\/astpc\/","title":{"rendered":"ASTPC"},"content":{"rendered":"\n<div  class=\"block block-image main-container pb-mittel\">\n    <div class=\"image-container\">\n            <\/div>\n    \n    \n    <\/div>\n<div  class=\"block block-content pb-mittel\">\n    <div class=\"main-container\">\n        <div class=\"content-container\">\n\n                            <h2 class=\"d5\">Pr\u00e9sident<\/h2>\n            \n            <p>Dr m\u00e9d.<\/p>\n<p>Lucien Gamba<\/p>\n<p>70, chemin des Suzettes, 1233 Bernex<\/p>\n<p>Contact : <a href=\"mailto:lgamba@hin.ch\">lgamba@hin.ch<\/a><\/p>\n<p>&nbsp;<\/p>\n\n            \n        <\/div>\n    <\/div>\n<\/div>\n<div  class=\"block block-content pb-mittel\">\n    <div class=\"main-container\">\n        <div class=\"content-container\">\n\n            \n            <h2><strong>A Vous qui ne pouvez pas concevoir La Sant\u00e9 autrement qu\u2019en une intrication totale du Corps et du Psychisme<\/strong><\/h2>\n<p>Le pr\u00e9sident de l\u2019ASTPC que je suis, vous revient apr\u00e8s vous avoir inform\u00e9, l\u2019an pass\u00e9, du travail entrepris par plusieurs praticiens membres de l\u2019ASTPC, vers un \u00e9largissement conceptuel de l&rsquo;ASTPC autour d\u2019un commun objectif th\u00e9rapeutique compl\u00e9mentaire, <strong>la Th\u00e9rapie du Corps-Emotion (TCE),<\/strong> dont le concept, bri\u00e8vement r\u00e9sum\u00e9 ci-dessous, sera envoy\u00e9 dans un document plus complet \u00e0 celles et ceux qui seront int\u00e9ress\u00e9s par le sujet de la  <strong>journ\u00e9e de formation continue de l\u2019ASTPC du 6 juin \u00e0 Gen\u00e8ve, pr\u00e9sentant cette avanc\u00e9e TPC.<\/strong><\/p>\n<p>Depuis sa cr\u00e9ation, l\u2019ASTPC, qui regroupe dans une r\u00e9flexion commune nombre de sensibilit\u00e9s Th\u00e9rapeutiques Psycho-Corporelles (TPC) &#8211; la liste serait trop longue \u00e0 faire ici, avaient d\u00e9cid\u00e9 de limiter son activit\u00e9 \u00e0 l\u2019organisation de journ\u00e9es de formation continue d\u00e9montrant la grande utilit\u00e9 de la TPC dans la r\u00e9\u00e9quilibration de la sant\u00e9, d\u00e9marche pr\u00e9cieuse certe, mais n\u2019assurant pas une vraie pr\u00e9sence du concept TPC au sein de l\u2019Acad\u00e9mie Suisse pour la M\u00e9decine Psychosomatique et Psychosociale (ASMPP) \u00e0 laquelle elle appartient depuis la cr\u00e9ation de celle-ci.<\/p>\n<p>L\u2019ASMPP nous signifiait il y a quelques mois, lors d\u2019une journ\u00e9e des responsables de groupes de travail-ASMPP, qu\u2019elle souhaitait voir l\u2019ASTPC plus active en son sein.<\/p>\n<p><strong>Je les informais que l\u2019ASTPC \u0153uvrait activement en un travail de r\u00e9actualisation structurelle<\/strong>, avec l\u2019introduction de nouveaux leviers th\u00e9rapeutiques compl\u00e9mentaires en l\u2019ASTPC\u2026 l\u2019ASMPP est donc en attente des conclusions de notre groupe de travail et de l\u2019enrichissement pour l\u2019ASMPP du projet annonc\u00e9.<\/p>\n<p><strong>L\u2019objectif premier<\/strong> de ce travail de remaniement est de donner les moyens \u00e0 l\u2019ASTPC d\u2019agir au sein de l\u2019ASMPP en t\u00e9moignant de l\u2019importance de la dimension corporelle en toute th\u00e9rapie et de la n\u00e9cessit\u00e9 toujours plus \u00e9vidente de se conformer au d\u00e9roul\u00e9 scientifiquement d\u00e9montr\u00e9 de la physiologie du d\u00e9veloppement humain pour un v\u00e9ritable retour \u00e0 la sant\u00e9.<\/p>\n<p><strong>Le second objectif,<\/strong> qui d\u00e9coule du premier, est de permettre \u00e0 tous les th\u00e9rapeutes TPC anciens, actuels et futurs (issus du plus large \u00e9ventail possible de toutes les sp\u00e9cialit\u00e9s TPC) de <strong>faire progresser ensemble notre concept th\u00e9rapeutique commun, la m\u00e9diation corporelle,<\/strong> et de d\u00e9velopper un espace th\u00e9rapeutique peu usit\u00e9, : la Th\u00e9rapie du \u00ab Corps-Emotion \u00bb (TCE) en rapport avec les incontournables perturbations du d\u00e9but la vie en lien avec la p\u00e9riode de l\u2019attachement (Bowlby), qui nous accompagnent notre vie durant.<\/p>\n<p>&nbsp;<\/p>\n<p>Cette \u00e9laboration est achev\u00e9e ; <strong>nous vous invitons \u00e0 participer \u00e0 une journ\u00e9e de formation continue (ASTPC -ASMPP) (8 cr\u00e9dits sont demand\u00e9s) le samedi 6 juin 2026, \u00e0 Gen\u00e8ve.<\/strong><\/p>\n<p>Y seront d\u2019abord rappel\u00e9es plusieurs des dimensions scientifiques traitant de la physiologie construisant l&rsquo;humain qui proc\u00e8de, comme chez l\u2019enfant, d&rsquo;abord de la sensorialit\u00e9 informative, induisant la r\u00e9ponse \u00e9motionnelle (d\u2019o\u00f9 Th\u00e9rapie du Corps-Emotion ) o\u00f9 le \u00ab guide parental \u00bb est capital\u2026 l\u2019exp\u00e9rience cognitive n\u2019\u00e9tant pas encore structur\u00e9e.<\/p>\n<p>Apr\u00e8s cette introduction, seront v\u00e9cus deux ateliers en abord de 2 sensorialit\u00e9 diff\u00e9rentes (illustratives de toutes les autres) suivis d\u2019\u00e9changes des v\u00e9cus&#8230; puis d&rsquo;une table ronde<\/p>\n<p>En fin de journ\u00e9e, fort de ce qui y aura \u00e9t\u00e9 v\u00e9cu et traiter durant la journ\u00e9e, se tiendra, elle aussi bri\u00e8vement la partie \u00ab officielle \u00bb de la cr\u00e9ation de cette nouvelle version de l&rsquo;ASTPC (discussion concernant les principaux axes des futurs statuts\u2026 l\u2019opportunit\u00e9 d\u2019accueillir, nous l\u2019esp\u00e9rons, certains d\u2019entre vous int\u00e9ress\u00e9s \u00e0 rejoindre l\u2019\u00e9quipe des volontaires qui ont \u0153uvr\u00e9 au renouveau de l&rsquo;ASTPC. En fin, une date pour une AG sera alors choisie. <\/p>\n<p>Si vous \u00eates partie prenante de ce projet pour l&rsquo;ASTPC, ou tout au moins int\u00e9ress\u00e9 \u00e0 en conna\u00eetre la nature, ce que nous esp\u00e9rons, il vous faut nous confirmer par e-mail aux plus vite, organisation oblige (<a href=\"mailto:astpc-new25@bluewin.ch\">astpc-new25@bluewin.ch<\/a>) votre intention de participer \u00e0 cette journ\u00e9e du 6 juin et nous fournir vos coordonn\u00e9es\u2026 nous confirmant ainsi que vous \u00eates d\u00e9sireux d\u2019envisager de devenir ou redevenir membres de l\u2019ASTPC (sans cotisations durant 1 an).<\/p>\n<p style=\"text-align: left;\">Au plaisir de vous revoir, je vous souhaite, au nom de toute l\u2019\u00e9quipe qui a \u0153uvr\u00e9 pour ce renouveau, une belle journ\u00e9e.<\/p>\n<p>&nbsp;<\/p>\n<p style=\"text-align: left;\"><strong>Dr Lucien Gamba<\/strong><\/p>\n<h5 style=\"text-align: left;\">M\u00e9decine Interne et Immuno-Allergologie F.M.H.<\/h5>\n<h5 style=\"text-align: left;\">M\u00e9decine Psychosomatique-Psychosociale ASMPP<\/h5>\n<h5 style=\"text-align: left;\">Membre co-fondateur de l\u2019Acad\u00e9mie Suisse de la M\u00e9decine Psychosomatique et Psychosociale (ASMPP)<\/h5>\n<h5 style=\"text-align: left;\">Pr\u00e9sident fondateur de l\u2019ASTPC (Assoc. Suisse pour les Th\u00e9rapies Psycho-Corporelles en l\u2019ASMPP)<\/h5>\n<h5 style=\"text-align: left;\">Hypnose SMSH et IrHyS \/ Th\u00e9rapies m\u00e9ditatives dont Sophro-bio-dynamique<\/h5>\n\n            \n        <\/div>\n    <\/div>\n<\/div>\n<div  class=\"block block-downloads pb-mittel\">\n    <div class=\"main-container\">\n        <div class=\"content-container\">\n            \n            <h2 class=\"d5\">Downloads<\/h2>\n            \n            <div class=\"downloads\">\n                                                                                       <a class=\"download\" href=\"https:\/\/www.sappm.ch\/wp-content\/uploads\/2025\/01\/La-Therapie-Psycho-Corporelle-du-Corps-Emotion-LG-11-12-24.pdf\" target=\"_blank\">\n                                La Th\u00e9rapie Psycho-Corporelle                            <\/a>\n                                                                                                <a class=\"download\" href=\"https:\/\/www.sappm.ch\/wp-content\/uploads\/2025\/04\/Mon-vecu-ASTPC-LG-de-la-reunion-des-delegues-a-Bienne-2025.pdf\" target=\"_blank\">\n                                Mon v\u00e9cu ASTPC                              <\/a>\n                                                                        <\/div>\n\n        <\/div>\n    <\/div>\n<\/div>","protected":false},"excerpt":{"rendered":"","protected":false},"author":3,"featured_media":0,"parent":3803,"menu_order":0,"comment_status":"closed","ping_status":"closed","template":"","meta":{"_acf_changed":false,"footnotes":""},"class_list":["post-7920","page","type-page","status-publish","hentry"],"acf":[],"_links":{"self":[{"href":"https:\/\/www.sappm.ch\/fr\/wp-json\/wp\/v2\/pages\/7920","targetHints":{"allow":["GET"]}}],"collection":[{"href":"https:\/\/www.sappm.ch\/fr\/wp-json\/wp\/v2\/pages"}],"about":[{"href":"https:\/\/www.sappm.ch\/fr\/wp-json\/wp\/v2\/types\/page"}],"author":[{"embeddable":true,"href":"https:\/\/www.sappm.ch\/fr\/wp-json\/wp\/v2\/users\/3"}],"replies":[{"embeddable":true,"href":"https:\/\/www.sappm.ch\/fr\/wp-json\/wp\/v2\/comments?post=7920"}],"version-history":[{"count":5,"href":"https:\/\/www.sappm.ch\/fr\/wp-json\/wp\/v2\/pages\/7920\/revisions"}],"predecessor-version":[{"id":20991,"href":"https:\/\/www.sappm.ch\/fr\/wp-json\/wp\/v2\/pages\/7920\/revisions\/20991"}],"up":[{"embeddable":true,"href":"https:\/\/www.sappm.ch\/fr\/wp-json\/wp\/v2\/pages\/3803"}],"wp:attachment":[{"href":"https:\/\/www.sappm.ch\/fr\/wp-json\/wp\/v2\/media?parent=7920"}],"curies":[{"name":"wp","href":"https:\/\/api.w.org\/{rel}","templated":true}]}}