{"id":15984,"date":"2025-06-16T14:08:21","date_gmt":"2025-06-16T12:08:21","guid":{"rendered":"https:\/\/www.sappm.ch\/?page_id=15984"},"modified":"2025-09-25T15:08:58","modified_gmt":"2025-09-25T13:08:58","slug":"state-of-the-art-lectures","status":"publish","type":"page","link":"https:\/\/www.sappm.ch\/it\/state-of-the-art-lectures\/","title":{"rendered":"State of the Art Lectures"},"content":{"rendered":"\n<div  class=\"block block-lead bg-element \">\n    <div class=\"main-container\">\n        <div class=\"content-container lead-font-size\">\n            Tutte le lezioni sullo stato dell&#8217;arte saranno tenute nella lingua del rispettivo docente. Non \u00e8 previsto il servizio di interpretariato.         <\/div>\n    <\/div>\n<\/div>\n<div class=\"block block-akkordeon pb-mittel\">\n    <div class=\"main-container\">\n        <h2>Gioved\u00ec 23 ottobre 2025 Palazzo Civico, Sala Consiglio Comunale<\/h2>\n                    <div class=\"accordion agenda-item\">\n                                    <div class=\"accordion-item\">\n                        <div class=\"accordion-toggle dark\">\n                            <div class=\"infos transition\">\n                                <span class=\"text\">Pi\u00f9 informazioni<\/span>\n                                <span class=\"icon-more\"><\/span>\n                                <span class=\"icon-less\"><\/span>\n                            <\/div>\n                            <div class=\"inner\">\n                                <h3 class=\"d6 agenda-title\">16) 10:30h &#8211; 11:15h Burn-out and the Science of going slow<\/h3>\n                            <\/div>\n                        <\/div>\n                        <div class=\"accordion-content\">\n                            <div class=\"inner\">\n                                <p><strong>Katharina Gessler (d)<\/strong><\/p>\n<p><strong>Burn-out and the Science of going slow<\/strong><\/p>\n<p>Burn-out ist als Stresssyndrom ein hochrelevantes Ph\u00e4nomen mit weitreichenden medizinischen, psychischen und \u00f6konomischen Konsequenzen. Es stellt sowohl Haus\u00e4rztinnen und Haus\u00e4rzte als auch Fach\u00e4rztinnen und Fach\u00e4rzte in der Klinik vor komplexe Herausforderungen. Patientinnen und Patienten mit Burn-out-Symptomatik pr\u00e4sentieren sich h\u00e4ufig zun\u00e4chst mit Beschwerden vegetativer Dysregulation oder auch depressiven Symptomen, was eine klare diagnostische Einordnung erschwert.  <\/p>\n<p>Burn-out fr\u00fchzeitig zu erkennen und differentialdiagnostisch abzugrenzen, ist von zentraler Bedeutung. Ebenso relevant ist die Einleitung wirksamer, individualisierter Interventionen \u2013 sei es im Rahmen psychosomatischer Grundversorgung, psychotherapeutischer Ma\u00dfnahmen oder station\u00e4rer Behandlungsans\u00e4tze. <\/p>\n<p>Das Referat gibt einen evidenzbasierten \u00dcberblick \u00fcber den Stand der Forschung zu \u00c4tiologie, Diagnostik und aktuellen Behandlungsstrategien des Burn-out-Syndroms. Ein besonderer Fokus liegt auf praxisnahen Empfehlungen f\u00fcr die Versorgung im Spannungsfeld zwischen \u00dcberforderung, Selbstf\u00fcrsorge und Systembelastung. <\/p>\n                            <\/div>\n                        <\/div>\n                    <\/div>\n                                    <div class=\"accordion-item\">\n                        <div class=\"accordion-toggle dark\">\n                            <div class=\"infos transition\">\n                                <span class=\"text\">Pi\u00f9 informazioni<\/span>\n                                <span class=\"icon-more\"><\/span>\n                                <span class=\"icon-less\"><\/span>\n                            <\/div>\n                            <div class=\"inner\">\n                                <h3 class=\"d6 agenda-title\">17) 11:30h &#8211; 12:15h Entschleunigung im Schlaf &#8211; Update Schlafst\u00f6rungen<\/h3>\n                            <\/div>\n                        <\/div>\n                        <div class=\"accordion-content\">\n                            <div class=\"inner\">\n                                <p><strong>Dagmar Schmid (d)<\/strong><\/p>\n<p><strong>Rallentare durante il sonno &#8211; Aggiornare i disturbi del sonno<\/strong><\/p>\n<p>I disturbi del sonno sono uno dei problemi di salute pi\u00f9 comuni nella nostra societ\u00e0 e possono avere un impatto negativo sulla qualit\u00e0 della vita e sulla salute. Questa lezione fornir\u00e0 una panoramica aggiornata degli aspetti fisiologici di base della regolazione del sonno, nonch\u00e9 delle nuove scoperte nella diagnosi e nel trattamento innovativo dei disturbi del sonno. Verranno inoltre spiegate le connessioni con le malattie psichiatriche e somatiche e verr\u00e0 presentato l&#8217;aspetto preventivo dell&#8217;ottimizzazione del sonno in questo contesto, insieme a strategie pratiche.  <\/p>\n                            <\/div>\n                        <\/div>\n                    <\/div>\n                                    <div class=\"accordion-item\">\n                        <div class=\"accordion-toggle dark\">\n                            <div class=\"infos transition\">\n                                <span class=\"text\">Pi\u00f9 informazioni<\/span>\n                                <span class=\"icon-more\"><\/span>\n                                <span class=\"icon-less\"><\/span>\n                            <\/div>\n                            <div class=\"inner\">\n                                <h3 class=\"d6 agenda-title\">18) 15:30h &#8211; 16:15h Long-, Post- o Past-COVID?<\/h3>\n                            <\/div>\n                        <\/div>\n                        <div class=\"accordion-content\">\n                            <div class=\"inner\">\n                                <p><strong>Rainer Sch\u00e4fert, Kathrin Bopp (d)<\/strong><\/p>\n<p><strong>Long-, Post- oder Past-COVID? Gibt es daf\u00fcr einen State-of-the-art? <\/strong><\/p>\n<p>Ist Long-COVID im Kopf oder im K\u00f6rper? Wie k\u00f6nnen wir diese dualistische Sicht \u00fcberwinden?Was wissen wir aktuell \u00fcber dieses Krankheitsbild und seine Behandlung? Und was nicht?<\/p>\n<p>Diesen und weiteren Fragen werden Katrin Bopp und Rainer Schaefert aus Basel in ihrem Beitrag nachgehen.\u00bb<\/p>\n<p>&nbsp;<\/p>\n<p>&nbsp;<\/p>\n<p>&nbsp;<\/p>\n                            <\/div>\n                        <\/div>\n                    <\/div>\n                                    <div class=\"accordion-item\">\n                        <div class=\"accordion-toggle dark\">\n                            <div class=\"infos transition\">\n                                <span class=\"text\">Pi\u00f9 informazioni<\/span>\n                                <span class=\"icon-more\"><\/span>\n                                <span class=\"icon-less\"><\/span>\n                            <\/div>\n                            <div class=\"inner\">\n                                <h3 class=\"d6 agenda-title\">19) 16:30h &#8211; 17:15h Mindfulness-Oriented Recovery Enhancement bei Fibromyalgie: Ein Slow-Medicine-Ansatz zur integrativen Schmerztherapie <\/h3>\n                            <\/div>\n                        <\/div>\n                        <div class=\"accordion-content\">\n                            <div class=\"inner\">\n                                <p><strong>Chantal Martin S\u00f6lch, Katharina Ledermann <\/strong><strong>(d)<\/strong><\/p>\n<p><strong>Mindfulness-Oriented Recovery Enhancement bei Fibromyalgie: Ein Slow-Medicine-Ansatz zur integrativen Schmerztherapie <\/strong><\/p>\n<p>Wir stellen die Anwendung, Umsetzung und Wirkung einer integrativen Behandlung f\u00fcr Fibromyalgie vor, die Elemente der Achtsamkeit, der kognitiven Verhaltenstherapie und der positiven Psychologie integriert und auf neurowissenschaftlichen Forschungen basiert. Die ersten vielversprechenden Ergebnisse dieses Programms er\u00f6ffnen neue Ans\u00e4tze f\u00fcr die Behandlung von prim\u00e4ren chronischen Schmerzen. <\/p>\n                            <\/div>\n                        <\/div>\n                    <\/div>\n                                    <div class=\"accordion-item\">\n                        <div class=\"accordion-toggle dark\">\n                            <div class=\"infos transition\">\n                                <span class=\"text\">Pi\u00f9 informazioni<\/span>\n                                <span class=\"icon-more\"><\/span>\n                                <span class=\"icon-less\"><\/span>\n                            <\/div>\n                            <div class=\"inner\">\n                                <h3 class=\"d6 agenda-title\">20) 17:30h &#8211; 18:00h Discussione del panel (i, f, d, e)<\/h3>\n                            <\/div>\n                        <\/div>\n                        <div class=\"accordion-content\">\n                            <div class=\"inner\">\n                                <p><strong>Discussione di gruppo (i, f, d, e)<\/strong><\/p>\n<p>&nbsp;<\/p>\n                            <\/div>\n                        <\/div>\n                    <\/div>\n                            <\/div>\n            <\/div>\n<\/div>\n\n<div class=\"block block-akkordeon pb-mittel\">\n    <div class=\"main-container\">\n        <h2>Venerd\u00ec 24 ottobre 2025 Palazzo Civico, Sala Consiglio Comunale<\/h2>\n                    <div class=\"accordion agenda-item\">\n                                    <div class=\"accordion-item\">\n                        <div class=\"accordion-toggle dark\">\n                            <div class=\"infos transition\">\n                                <span class=\"text\">Pi\u00f9 informazioni<\/span>\n                                <span class=\"icon-more\"><\/span>\n                                <span class=\"icon-less\"><\/span>\n                            <\/div>\n                            <div class=\"inner\">\n                                <h3 class=\"d6 agenda-title\">21) 09:00h &#8211; 09:45h Post-COVID-19 Syndrom: ein Update<\/h3>\n                            <\/div>\n                        <\/div>\n                        <div class=\"accordion-content\">\n                            <div class=\"inner\">\n                                <p><strong>Nina Bischoff, Lara Diem (d)<\/strong><\/p>\n<p><strong>Post-COVID-19 Syndrom: ein Update<\/strong><\/p>\n<p>Das Post-COVID-19 Syndrom stellt weiterhin eine klinische und wissenschaftliche Herausforderung dar. Im Beitrag werden aktuelle Erkenntnisse zur Pathophysiologie, Diagnostik und Therapie vorgestellt, unter besonderer Ber\u00fccksichtigung der interdisziplin\u00e4ren Versorgung und des medizinischen Managements. <\/p>\n                            <\/div>\n                        <\/div>\n                    <\/div>\n                                    <div class=\"accordion-item\">\n                        <div class=\"accordion-toggle dark\">\n                            <div class=\"infos transition\">\n                                <span class=\"text\">Pi\u00f9 informazioni<\/span>\n                                <span class=\"icon-more\"><\/span>\n                                <span class=\"icon-less\"><\/span>\n                            <\/div>\n                            <div class=\"inner\">\n                                <h3 class=\"d6 agenda-title\">22) 10:00h &#8211; 10:45h Update Psychokardiologie<\/h3>\n                            <\/div>\n                        <\/div>\n                        <div class=\"accordion-content\">\n                            <div class=\"inner\">\n                                <p><strong>Roland von K\u00e4nel (d)<\/strong><\/p>\n<p><strong>Update Psychokardiologie<\/strong><\/p>\n<p>Der Vortrag gibt ein aktuelles Update zu den wechselseitigen Beziehungen zwischen psychosozialen Faktoren und Herzerkrankungen. Psychischer Stress, depressive Symptome und Feindseligkeit k\u00f6nnen das kardiovaskul\u00e4re Risiko erh\u00f6hen, w\u00e4hrend Herzerkrankungen ihrerseits emotionalen Stress f\u00f6rdern. Vorgestellt werden die vermittelnden bio-psycho-sozialen Mechanismen sowie wirksame psychosoziale Interventionen zur Verbesserung von Wohlbefinden und Prognose. Auch Bewegung und positive psychologische Faktoren wie Optimismus werden als sch\u00fctzende Ressourcen beleuchtet.   <\/p>\n                            <\/div>\n                        <\/div>\n                    <\/div>\n                                    <div class=\"accordion-item\">\n                        <div class=\"accordion-toggle dark\">\n                            <div class=\"infos transition\">\n                                <span class=\"text\">Pi\u00f9 informazioni<\/span>\n                                <span class=\"icon-more\"><\/span>\n                                <span class=\"icon-less\"><\/span>\n                            <\/div>\n                            <div class=\"inner\">\n                                <h3 class=\"d6 agenda-title\">23) 11:00h &#8211; 11:45h Neurofunktionelle St\u00f6rungen<\/h3>\n                            <\/div>\n                        <\/div>\n                        <div class=\"accordion-content\">\n                            <div class=\"inner\">\n                                <p><strong>Anita Barbey, Evdokia Efthymiou (d)<\/strong><\/p>\n<p><strong>Neurofunktionelle St\u00f6rungen<\/strong><\/p>\n<p>Dieser Beitrag gibt einen \u00dcberblick \u00fcber die aktuellen neurowissenschaftlichen Konzepte zum pathophysiologischen Verst\u00e4ndnis funktioneller neurologischer St\u00f6rungen und diskutiert daraus abgeleitete praxisnahe therapeutische Ans\u00e4tze.<\/p>\n                            <\/div>\n                        <\/div>\n                    <\/div>\n                                    <div class=\"accordion-item\">\n                        <div class=\"accordion-toggle dark\">\n                            <div class=\"infos transition\">\n                                <span class=\"text\">Pi\u00f9 informazioni<\/span>\n                                <span class=\"icon-more\"><\/span>\n                                <span class=\"icon-less\"><\/span>\n                            <\/div>\n                            <div class=\"inner\">\n                                <h3 class=\"d6 agenda-title\">24) 13:30h &#8211; 14:15h Restriktive Essst\u00f6rungen<\/h3>\n                            <\/div>\n                        <\/div>\n                        <div class=\"accordion-content\">\n                            <div class=\"inner\">\n                                <p><strong>Gabriella Milos (d)<\/strong><\/p>\n<p><strong>Restriktive Essst\u00f6rungen<\/strong><\/p>\n<p>Anorexia nervosa und andere restriktive Essst\u00f6rungen sind potenziell lebensbedrohliche Erkrankungen, die vor allem junge Menschen betreffen. Diese Krankheiten sind schwierig zu behandeln und k\u00f6nnen chronisch werden. Somatische und psychische Beeintr\u00e4chtigungen sowie soziale Isolation sind bei den Betroffenen nicht selten. Neues zur Klassifikation und zum Verst\u00e4ndnis dieser Krankheiten wird vorgestellt. Auch die modernen Therapiem\u00f6glichkeiten werden pr\u00e4sentiert und diskutiert.    <\/p>\n                            <\/div>\n                        <\/div>\n                    <\/div>\n                                    <div class=\"accordion-item\">\n                        <div class=\"accordion-toggle dark\">\n                            <div class=\"infos transition\">\n                                <span class=\"text\">Pi\u00f9 informazioni<\/span>\n                                <span class=\"icon-more\"><\/span>\n                                <span class=\"icon-less\"><\/span>\n                            <\/div>\n                            <div class=\"inner\">\n                                <h3 class=\"d6 agenda-title\">25) 14:30h &#8211; 15:15h Le temps de la confiance chez les patients souffrant &#8230;<\/h3>\n                            <\/div>\n                        <\/div>\n                        <div class=\"accordion-content\">\n                            <div class=\"inner\">\n                                <p><strong>Anne-Fran\u00e7oise Allaz, Matteo Coen (f)<\/strong><\/p>\n<p><strong>Il momento della fiducia per i pazienti con dolore cronico<\/strong><\/p>\n<p><strong>Lingua delle lezioni: francese<\/strong><\/p>\n<p>Il trattamento delle persone che soffrono di dolore cronico beneficia di un approccio a lungo termine che permette di costruire un rapporto di fiducia. Il momento della fiducia \u00e8 il filo conduttore del nostro simposio. La fiducia \u00e8 spesso difficile da ottenere per i pazienti che hanno subito traumi o negligenze durante l&#8217;infanzia e che spesso sentono che la loro sofferenza non \u00e8 sufficientemente riconosciuta.<br \/>\nLa prima lezione \u00e8 dedicata alle connessioni tra eventi traumatici e dolore cronico e alla questione di come si possa creare una base di fiducia tra un paziente e il suo terapeuta in modo che i vari altri approcci terapeutici possano dispiegarsi.<br \/>\nVerr\u00e0 sottolineata l&#8217;importanza di legittimare e accettare il reclamo.<br \/>\nLa seconda lezione esaminer\u00e0 i benefici dell&#8217;ipnosi per i pazienti affetti da dolore cronico, in particolare come fornire loro un &#8220;luogo sicuro&#8221; e consentire loro di sperimentare una relazione terapeutica di fiducia.<br \/>\nVerranno presentate le scoperte e le riflessioni attuali in queste aree per facilitarne l&#8217;applicazione da parte degli operatori.   <\/p>\n<p>&nbsp;<\/p>\n                            <\/div>\n                        <\/div>\n                    <\/div>\n                                    <div class=\"accordion-item\">\n                        <div class=\"accordion-toggle dark\">\n                            <div class=\"infos transition\">\n                                <span class=\"text\">Pi\u00f9 informazioni<\/span>\n                                <span class=\"icon-more\"><\/span>\n                                <span class=\"icon-less\"><\/span>\n                            <\/div>\n                            <div class=\"inner\">\n                                <h3 class=\"d6 agenda-title\">26) 15:30h &#8211; 16:00h Discussione del panel (i, f, d, e)<\/h3>\n                            <\/div>\n                        <\/div>\n                        <div class=\"accordion-content\">\n                            <div class=\"inner\">\n                                <p><strong>Discussione di gruppo (i, f, d, e)<\/strong><\/p>\n                            <\/div>\n                        <\/div>\n                    <\/div>\n                            <\/div>\n            <\/div>\n<\/div>\n\n<div  class=\"block block-content pb-mittel\">\n    <div class=\"main-container\">\n        <div class=\"content-container\">\n\n            \n            \n                            <div class=\"button-group\">\n                                   <a class=\"btn btn-full btn-arrow\" href=\"https:\/\/www.sappm.ch\/kongress-2025\/programm\/\" target=\"_self\">Alla panoramica del programma<\/a>\n                                <\/div>\n            \n        <\/div>\n    <\/div>\n<\/div>","protected":false},"excerpt":{"rendered":"","protected":false},"author":3,"featured_media":0,"parent":0,"menu_order":0,"comment_status":"closed","ping_status":"closed","template":"tpl-kongress.php","meta":{"_acf_changed":false,"footnotes":""},"class_list":["post-15984","page","type-page","status-publish","hentry"],"acf":[],"_links":{"self":[{"href":"https:\/\/www.sappm.ch\/it\/wp-json\/wp\/v2\/pages\/15984","targetHints":{"allow":["GET"]}}],"collection":[{"href":"https:\/\/www.sappm.ch\/it\/wp-json\/wp\/v2\/pages"}],"about":[{"href":"https:\/\/www.sappm.ch\/it\/wp-json\/wp\/v2\/types\/page"}],"author":[{"embeddable":true,"href":"https:\/\/www.sappm.ch\/it\/wp-json\/wp\/v2\/users\/3"}],"replies":[{"embeddable":true,"href":"https:\/\/www.sappm.ch\/it\/wp-json\/wp\/v2\/comments?post=15984"}],"version-history":[{"count":4,"href":"https:\/\/www.sappm.ch\/it\/wp-json\/wp\/v2\/pages\/15984\/revisions"}],"predecessor-version":[{"id":18003,"href":"https:\/\/www.sappm.ch\/it\/wp-json\/wp\/v2\/pages\/15984\/revisions\/18003"}],"wp:attachment":[{"href":"https:\/\/www.sappm.ch\/it\/wp-json\/wp\/v2\/media?parent=15984"}],"curies":[{"name":"wp","href":"https:\/\/api.w.org\/{rel}","templated":true}]}}