{"id":15986,"date":"2025-06-16T18:04:58","date_gmt":"2025-06-16T16:04:58","guid":{"rendered":"https:\/\/www.sappm.ch\/?page_id=15986"},"modified":"2025-09-09T15:21:14","modified_gmt":"2025-09-09T13:21:14","slug":"workshop-2","status":"publish","type":"page","link":"https:\/\/www.sappm.ch\/it\/workshop-2\/","title":{"rendered":"Laboratori 2"},"content":{"rendered":"\n<div  class=\"block block-lead bg-element pb-mittel\">\n    <div class=\"main-container\">\n        <div class=\"content-container lead-font-size\">\n            Tutti i workshop si terranno nella lingua dei rispettivi relatori. Non \u00e8 previsto il servizio di interpretariato.\r\nRiteniamo che la capienza sia sufficiente, pertanto non \u00e8 necessario iscriversi ai workshop.         <\/div>\n    <\/div>\n<\/div>\n<div class=\"block block-akkordeon pb-mittel\">\n    <div class=\"main-container\">\n        <h2>Gioved\u00ec 23 ottobre 2025 Palazzo Civico, Sala Stampa<\/h2>\n                    <div class=\"accordion agenda-item\">\n                                    <div class=\"accordion-item\">\n                        <div class=\"accordion-toggle dark\">\n                            <div class=\"infos transition\">\n                                <span class=\"text\">Pi\u00f9 informazioni<\/span>\n                                <span class=\"icon-more\"><\/span>\n                                <span class=\"icon-less\"><\/span>\n                            <\/div>\n                            <div class=\"inner\">\n                                <h3 class=\"d6 agenda-title\">M) 10:30h &#8211; 11:15h Die Kunst der Arzt-Patienten-Beziehung<\/h3>\n                            <\/div>\n                        <\/div>\n                        <div class=\"accordion-content\">\n                            <div class=\"inner\">\n                                <p><strong>Ingo A. B\u00fcschel (d)<\/strong><\/p>\n<p><strong>Die Kunst der Arzt-Patienten-Beziehung<\/strong><\/p>\n<p>Die Arzt-Patient-Beziehung stellt einen der wichtigsten Wirkfaktoren in der \u00e4rztlichen und psychotherapeutischen Behandlung dar. Die zunehmende Technisierung der Medizin bringt grosse Herausforderungen f\u00fcr die Beziehung zwischen \u00c4rzt:in und Patient:in. In diesem Workshop soll beleuchtet werden, wie eine gute Arzt-Patient-Beziehung gestaltet werden kann und welche Faktoren daf\u00fcr entscheidend sind.  <\/p>\n                            <\/div>\n                        <\/div>\n                    <\/div>\n                                    <div class=\"accordion-item\">\n                        <div class=\"accordion-toggle dark\">\n                            <div class=\"infos transition\">\n                                <span class=\"text\">Pi\u00f9 informazioni<\/span>\n                                <span class=\"icon-more\"><\/span>\n                                <span class=\"icon-less\"><\/span>\n                            <\/div>\n                            <div class=\"inner\">\n                                <h3 class=\"d6 agenda-title\">N) 11:30h &#8211; 12:15h Der Umgang mit dem Ungeliebten &#8230;<\/h3>\n                            <\/div>\n                        <\/div>\n                        <div class=\"accordion-content\">\n                            <div class=\"inner\">\n                                <p><strong>Joram Ronel (d)  <\/strong><\/p>\n<p><strong>Der Umgang mit dem Ungeliebten: Entwicklungspsychologische und psychodynamische Grundlagen und Behandlungsm\u00f6glichkeiten funktioneller somatoformer St\u00f6rungen<\/strong><\/p>\n<p>Somatisierung ist ein im klinischen Alltag weit verbreitetes Ph\u00e4nomen, aber auch eine menschliche Reaktion auf psychosoziale Belastungen. Die Behandlung von Patienten mit funktionellen und somatoformen Syndromen ist bei Somatiker:innen wie Psychotherapeut:inen allerdings meist wenig geliebt und oft von negativen Gegen\u00fcbertragungsph\u00e4nomenen gepr\u00e4gt. Patient:innen erleben h\u00e4ufig Unverst\u00e4ndnis und Ablehnung was zu oft unbefriedigenden und mangelhaften Behandlungserfahrungen f\u00fchrt.  <\/p>\n<p>Neben einer entwicklungspsychologischen Einf\u00fchrung sollen psychodynamische und strukturpsychopathologisch orientierte Modelle vorgestellt und Behandlungsm\u00f6glichkeiten er\u00f6rtert werden um die reinszenierenden Beziehungsentt\u00e4uschungen und Projektionen zu erkennen und vielleicht liebevoller zu gestalten.<\/p>\n<p>&nbsp;<\/p>\n                            <\/div>\n                        <\/div>\n                    <\/div>\n                                    <div class=\"accordion-item\">\n                        <div class=\"accordion-toggle dark\">\n                            <div class=\"infos transition\">\n                                <span class=\"text\">Pi\u00f9 informazioni<\/span>\n                                <span class=\"icon-more\"><\/span>\n                                <span class=\"icon-less\"><\/span>\n                            <\/div>\n                            <div class=\"inner\">\n                                <h3 class=\"d6 agenda-title\">O) 12:45h &#8211; 13:30h Rapporti IV? Con facilit\u00e0! <\/h3>\n                            <\/div>\n                        <\/div>\n                        <div class=\"accordion-content\">\n                            <div class=\"inner\">\n                                <p><strong>Gustav Loretan, Isabelle Rittmeyer (d)<\/strong><\/p>\n<p><strong>IV-Berichte? Mit Leichtigkeit! <\/strong><\/p>\n<p>Obwohl wir uns in der psychosomatischen Grundversorgung als Expertinnen auskennen, geschieht es uns oft, dass wir mit dem Verfassen von IV-Berichten unsere liebe M\u00fche haben. Unlust macht sich breit und die Tendenz aufzuschieben, und schliesslich setzen wir uns mit einem Eifer an diese Arbeit, die uns an die Schulzeit erinnert, wo Aufs\u00e4tze \u00fcber langweilige Themen zu schreiben waren. <\/p>\n<p>Isabelle Rittmeyer und Gustav Loretan f\u00fchren uns durch den Dschungel von Anforderungen an einen valablen Bericht und vermitteln uns Strukturen, die uns das Gelingen eines aussagekr\u00e4ftigen und plausiblen Berichtes sichern. Mit Leichtigkeit eben! <\/p>\n                            <\/div>\n                        <\/div>\n                    <\/div>\n                                    <div class=\"accordion-item\">\n                        <div class=\"accordion-toggle dark\">\n                            <div class=\"infos transition\">\n                                <span class=\"text\">Pi\u00f9 informazioni<\/span>\n                                <span class=\"icon-more\"><\/span>\n                                <span class=\"icon-less\"><\/span>\n                            <\/div>\n                            <div class=\"inner\">\n                                <h3 class=\"d6 agenda-title\">P) 15:30h &#8211; 16:15h Umgang mit Stress und Resilienz-f\u00f6rderung im &#8230;<\/h3>\n                            <\/div>\n                        <\/div>\n                        <div class=\"accordion-content\">\n                            <div class=\"inner\">\n                                <p><strong>Christiane Rosin, J\u00f6rdis Tielsch (d)<\/strong><\/p>\n<p><strong>Affrontare lo stress e promuovere la resilienza in un formato di gruppo<\/strong><\/p>\n<p><strong>Cura di s\u00e9 e autoconsapevolezza: imparare e insegnare la resilienza ai professionisti del settore medico<\/strong><\/p>\n<p>Come possono i medici prendersi cura di se stessi e allo stesso tempo essere presenti per i loro pazienti?<br \/>\nDal 2017 il progetto elettivo <em>Selfcare and Selfawareness<\/em> dell&#8217;Universit\u00e0 di Basilea insegna agli studenti del Master strategie efficaci per l&#8217;autoconsapevolezza, la regolazione delle emozioni e dello stress. Si basa su approcci di psicologia umanistica, analisi transazionale, mindfulness, attivazione del vago, psicoterapia corporea e ipnosi. <\/p>\n<p>Durante il workshop, sperimenterai gli elementi centrali del programma sul tuo corpo: brevi esercizi, riflessione e scambio. Imparerai come le reazioni somatiche, emotive e cognitive allo stress possano essere riconosciute e trasformate in strategie di adattamento e come questi metodi possano essere utilizzati nella formazione medica e nel lavoro con i pazienti che soffrono di malattie legate allo stress. <\/p>\n<p><strong>Per tutti coloro che desiderano rafforzare la propria resilienza e trarre impulso da una medicina sostenibile e umana.<\/strong><\/p>\n                            <\/div>\n                        <\/div>\n                    <\/div>\n                                    <div class=\"accordion-item\">\n                        <div class=\"accordion-toggle dark\">\n                            <div class=\"infos transition\">\n                                <span class=\"text\">Pi\u00f9 informazioni<\/span>\n                                <span class=\"icon-more\"><\/span>\n                                <span class=\"icon-less\"><\/span>\n                            <\/div>\n                            <div class=\"inner\">\n                                <h3 class=\"d6 agenda-title\">Q) 16:30h &#8211; 17:15h Kunst- und Gestaltungstherapeutische Interventionen &#8230;<\/h3>\n                            <\/div>\n                        <\/div>\n                        <div class=\"accordion-content\">\n                            <div class=\"inner\">\n                                <p><strong>Peter Mai (d)<\/strong><\/p>\n<p><strong>Kunst- und Gestaltungstherapeutische Interventionen (&#8220;expressive arts&#8221;) bei psychosomatischen, somatischen Belastungsst\u00f6rungen, die sich als Traumafolgest\u00f6rung darstellen<\/strong><\/p>\n<p>Dieser Workshop erm\u00f6glicht den Teilnehmenden:<\/p>\n<ol>\n<li>Einen \u00dcberblick \u00fcber expressive Kunsttherapie-Interventionen bei Patienten mit psychosomatischen, Somatisierungsst\u00f6rungen, die als Traumafolgest\u00f6rung auftreten.<\/li>\n<li>Attraverso la presentazione di casi clinici e immagini di pazienti, i partecipanti imparano a conoscere gli effetti terapeutici del processo creativo a livello fisico ed emotivo e vengono introdotti ai parametri di base delle arti espressive come: &#8220;controllo dell&#8217;autonomia&#8221;, &#8220;processo di triangolazione&#8221;, &#8220;trasferimento intermodale&#8221; e &#8220;processo di decentramento&#8221;.<\/li>\n<\/ol>\n<p>Die Teilnehmenden sollen nachvollziehen k\u00f6nnen, wie kunsttherapeutische Interventionen \u00c4ngste und emotionalen Stress reduzieren, und die Betroffenen aus der Rolle des passiven Leidens in eine aktive umgestaltende Rolle unterst\u00fctzen, wobei sich \u00fcber selbstwirksame Gestaltungsprozesse neue Lebensperspektiven und n\u00fctzliche Bew\u00e4ltigungsstrategien herausbilden.<\/p>\n                            <\/div>\n                        <\/div>\n                    <\/div>\n                            <\/div>\n            <\/div>\n<\/div>\n\n<div class=\"block block-akkordeon pb-mittel\">\n    <div class=\"main-container\">\n        <h2>Venerd\u00ec 24 ottobre 2025 Palazzo Civico, Sala Stampa<\/h2>\n                    <div class=\"accordion agenda-item\">\n                                    <div class=\"accordion-item\">\n                        <div class=\"accordion-toggle dark\">\n                            <div class=\"infos transition\">\n                                <span class=\"text\">Pi\u00f9 informazioni<\/span>\n                                <span class=\"icon-more\"><\/span>\n                                <span class=\"icon-less\"><\/span>\n                            <\/div>\n                            <div class=\"inner\">\n                                <h3 class=\"d6 agenda-title\">R) 09:00h &#8211; 09:45h Beziehungsorientierte Behandlung von komplexen &#8230;<\/h3>\n                            <\/div>\n                        <\/div>\n                        <div class=\"accordion-content\">\n                            <div class=\"inner\">\n                                <p><strong>Tanja Kr\u00fcgers (d)<\/strong><\/p>\n<p><strong>Beziehungsorientierte Behandlung von komplexen Traumafolgest\u00f6rungen ganz konkret<\/strong><\/p>\n<p>Komplex traumatisierte Menschen haben in der Regel missbr\u00e4uchliche Erfahrungen in (nahen) Beziehungen gemacht. H\u00e4ufig \u00fcber eine l\u00e4ngere Zeit oder sogar wiederholt. Das Vertrauen in andere Menschen und in sich selbst ist in der Folge (meist) tief gest\u00f6rt. Welche Auswirkungen hat das auf die Behandlung von komplex traumatisierten Menschen? Wie entgehen wir Behandelnde dem Risiko, uns (ungewollt) in einer T\u00e4ter-Opfer-Dynamik zu verstricken?    <\/p>\n<p>Nach einem kurzen Input zur Dynamik von komplexen psychischen Traumatisierungen wollen wir in diesem Workshop anhand eine Fallbeispiels (gerne aus Ihrer Praxis) erarbeiten, wie beziehungsorientierte Behandlung bei komplex traumatisierten Menschen konkret aussehen kann, und wie wir eine f\u00f6rderliche therapeutische Haltung finden k\u00f6nnen. Dazu werden Ph\u00e4nomene von \u00dcbertragung und Gegen\u00fcbertragung genutzt. <\/p>\n                            <\/div>\n                        <\/div>\n                    <\/div>\n                                    <div class=\"accordion-item\">\n                        <div class=\"accordion-toggle dark\">\n                            <div class=\"infos transition\">\n                                <span class=\"text\">Pi\u00f9 informazioni<\/span>\n                                <span class=\"icon-more\"><\/span>\n                                <span class=\"icon-less\"><\/span>\n                            <\/div>\n                            <div class=\"inner\">\n                                <h3 class=\"d6 agenda-title\">S) 10:00h &#8211; 10:45h Spiritual Care als eine Form der Slow Medicine<\/h3>\n                            <\/div>\n                        <\/div>\n                        <div class=\"accordion-content\">\n                            <div class=\"inner\">\n                                <p><strong>Ren\u00e9 Hefti (d)<\/strong><\/p>\n<p><strong>Spiritual Care als eine Form der Slow Medicine<\/strong><\/p>\n<p>Spiritual Care verstanden als ganzheitliche Care unter Einbezug biologischer, psychosozialer und spiritueller Aspekte ist ein Ansatz, der alle Grundz\u00fcge der Slow Medicine in sich vereinigt: den Fokus auf den Patienten (patient-centered care), das Aufgreifen von Ressourcen (personalen, sozialen und existentiellen) und ein massvoller Einsatz medizinischer Mittel (was macht wirklich Sinn?).<\/p>\n<p>Spiritual Care als ganzheitlicher Behandlungsansatz wird anhand von PatientInnen Beispielen vorgestellt und diskutiert. Welcher Gewinn bringt der Einbezug von Spiritualit\u00e4t? Welche Risiken sind damit verbunden? Was verstehen wir unter spirituellen Bed\u00fcrfnissen, Ressourcen, Belastungen und Konflikten? Wie k\u00f6nnen wir professionell damit umgehen?    <\/p>\n<p>Ein zentrales Werkzeug von Spiritual Care ist die &#8220;spirituelle Anamnese&#8221;, die sich als Erweiterung der psychosozialen Anamnese gut in den psychosozialen Kontext einf\u00fcgt. Die spirituelle Anamnese wird anhand des SPIR-Models (Puchalski et al.) vorgestellt und gegenseitig ge\u00fcbt. <\/p>\n<p>Worauf ist zu achten? Wie k\u00f6nnen existentielle und spirituelle Themen respektvoll angesprochen und den eigenen Praxisalltag integriert werden? Dar\u00fcber tauschen die Teilnehmenden anhand eigener Erfahrungen aus.  <\/p>\n                            <\/div>\n                        <\/div>\n                    <\/div>\n                                    <div class=\"accordion-item\">\n                        <div class=\"accordion-toggle dark\">\n                            <div class=\"infos transition\">\n                                <span class=\"text\">Pi\u00f9 informazioni<\/span>\n                                <span class=\"icon-more\"><\/span>\n                                <span class=\"icon-less\"><\/span>\n                            <\/div>\n                            <div class=\"inner\">\n                                <h3 class=\"d6 agenda-title\">T) 11:00h &#8211; 11:45h Respirazione disfunzionale: disturbo psicosomatico?<\/h3>\n                            <\/div>\n                        <\/div>\n                        <div class=\"accordion-content\">\n                            <div class=\"inner\">\n                                <p><strong>Maria Grazia Canepa (i)<\/strong><\/p>\n<p><strong>Respirazione disfunzionale: disturbo psicosomatico?<\/strong><\/p>\n<p>Desidero valutare con i colleghi la respirazione disfunzionale (iperventilazione) nello studio del medico di famiglia. Il respiro efficace ovvero funzionale segue sicuramente i principi della medicina slow: sobrio per la psiche, saggio per il soma e rispettoso per la persona. <\/p>\n<p>A partire da esempi pratici propongo un approccio psicosomatico all&#8217;iperventilazione e alla respirazione disfunzionale in genere.<\/p>\n                            <\/div>\n                        <\/div>\n                    <\/div>\n                                    <div class=\"accordion-item\">\n                        <div class=\"accordion-toggle dark\">\n                            <div class=\"infos transition\">\n                                <span class=\"text\">Pi\u00f9 informazioni<\/span>\n                                <span class=\"icon-more\"><\/span>\n                                <span class=\"icon-less\"><\/span>\n                            <\/div>\n                            <div class=\"inner\">\n                                <h3 class=\"d6 agenda-title\">U) 12:00h &#8211; 12:45h Sessione poster<\/h3>\n                            <\/div>\n                        <\/div>\n                        <div class=\"accordion-content\">\n                            <div class=\"inner\">\n                                <p><strong>Sessione poster<\/strong><\/p>\n<p>Breve presentazione dei lavori dei poster<\/p>\n<p>&nbsp;<\/p>\n                            <\/div>\n                        <\/div>\n                    <\/div>\n                                    <div class=\"accordion-item\">\n                        <div class=\"accordion-toggle dark\">\n                            <div class=\"infos transition\">\n                                <span class=\"text\">Pi\u00f9 informazioni<\/span>\n                                <span class=\"icon-more\"><\/span>\n                                <span class=\"icon-less\"><\/span>\n                            <\/div>\n                            <div class=\"inner\">\n                                <h3 class=\"d6 agenda-title\">V) 13:30h &#8211; 14:15h IV-Berichte? Mit Leichtigkeit! <\/h3>\n                            <\/div>\n                        <\/div>\n                        <div class=\"accordion-content\">\n                            <div class=\"inner\">\n                                <p><strong>Gustav Loretan, Isabelle Rittmeyer (d)<\/strong><\/p>\n<p><strong>IV-Berichte? Mit Leichtigkeit! <\/strong><\/p>\n<p>Obwohl wir uns in der psychosomatischen Grundversorgung als Expertinnen auskennen, geschieht es uns oft, dass wir mit dem Verfassen von IV-Berichten unsere liebe M\u00fche haben. Unlust macht sich breit und die Tendenz aufzuschieben, und schliesslich setzen wir uns mit einem Eifer an diese Arbeit, die uns an die Schulzeit erinnert, wo Aufs\u00e4tze \u00fcber langweilige Themen zu schreiben waren. <\/p>\n<p>Isabelle Rittmeyer und Gustav Loretan f\u00fchren uns durch den Dschungel von Anforderungen an einen valablen Bericht und vermitteln uns Strukturen, die uns das Gelingen eines aussagekr\u00e4ftigen und plausiblen Berichtes sichern. Mit Leichtigkeit eben! <\/p>\n<p>&nbsp;<\/p>\n                            <\/div>\n                        <\/div>\n                    <\/div>\n                                    <div class=\"accordion-item\">\n                        <div class=\"accordion-toggle dark\">\n                            <div class=\"infos transition\">\n                                <span class=\"text\">Pi\u00f9 informazioni<\/span>\n                                <span class=\"icon-more\"><\/span>\n                                <span class=\"icon-less\"><\/span>\n                            <\/div>\n                            <div class=\"inner\">\n                                <h3 class=\"d6 agenda-title\">W) 14:30h &#8211; 16:00h Rollen und Herausforderungen der Institutionellen &#8230;<\/h3>\n                            <\/div>\n                        <\/div>\n                        <div class=\"accordion-content\">\n                            <div class=\"inner\">\n                                <p><strong>Nina Bischoff, Joram Ronel, Rainer Sch\u00e4fert, Doris Straus (d)<\/strong><\/p>\n<p><strong>Rollen und Herausforderungen der Institutionellen Psychosomatischen Medizin in der Schweizer Versorgungslandschaft<\/strong><\/p>\n<p>Die Rollen und Herausforderungen institutioneller, station\u00e4rer, tagesstation\u00e4rer oder auch institutionell-ambulanter psychosomatischer Einrichtung unterscheiden sich in vielfacher Hinsicht von den Bedingungen und Bedarfen in der psychosomatischen Grundversorgung.<\/p>\n<p>Unterschiede werden vor allem im Hinblick auf fehlende verbindliche qualitative und regulatorische Standards, z.B. im Bereich der Vergabe von kantonalen Leistungsauftr\u00e4gen mit den entsprechenden Folgen bei den Krankenversicherungen deutlich. Eine hiermit ebenfalls in Verbindung stehende Besonderheit zur Grundversorgung besteht im notwendigen Einsatz von psychotherapeutischen Behandlungen als zentrale Interventionsmethode in der institutionellen Psychosomatischen Medizin. <\/p>\n<p>Im ersten Teil der Workshops werden Dr. Nina Bischoff (Leitung Psychosomatische Medizin, Inselspital Bern), Dr. Doris Straus (CEO und Klinikdirektorin Psychosomatische Medizin, Klinik Oberwaid), Prof. Dr. Rainer Sch\u00e4fert (Chefarzt und Professur f\u00fcr Psychosomatik, Universit\u00e4tsspital Basel) und PD Dr. Joram Ronel (Departementsleiter und Chefarzt Psychosomatische Medizin und Psychotherapie, Klinik Barmelweid) \u00fcber ihre Perspektiven in ihren jeweiligen Arbeitsfeldern berichten.<\/p>\n<p>In einem zweiten Teil wird zusammen mit eine:r Vertreter:in des SAPPM-Pr\u00e4sidiums ein Podiums- und Publikumsgespr\u00e4ch stattfinden. Eine Veranstaltung des VPC (Vereinigung Psychosomatischer Chef\u00e4rzt:innen der SAPPM). <\/p>\n                            <\/div>\n                        <\/div>\n                    <\/div>\n                            <\/div>\n            <\/div>\n<\/div>\n\n<div  class=\"block block-content pb-mittel\">\n    <div class=\"main-container\">\n        <div class=\"content-container\">\n\n            \n            \n                            <div class=\"button-group\">\n                                   <a class=\"btn btn-full btn-arrow\" href=\"https:\/\/www.sappm.ch\/kongress-2025\/programm\/\" target=\"_self\">Alla panoramica del programma<\/a>\n                                <\/div>\n            \n        <\/div>\n    <\/div>\n<\/div>","protected":false},"excerpt":{"rendered":"","protected":false},"author":3,"featured_media":0,"parent":0,"menu_order":0,"comment_status":"closed","ping_status":"closed","template":"tpl-kongress.php","meta":{"_acf_changed":false,"footnotes":""},"class_list":["post-15986","page","type-page","status-publish","hentry"],"acf":[],"_links":{"self":[{"href":"https:\/\/www.sappm.ch\/it\/wp-json\/wp\/v2\/pages\/15986","targetHints":{"allow":["GET"]}}],"collection":[{"href":"https:\/\/www.sappm.ch\/it\/wp-json\/wp\/v2\/pages"}],"about":[{"href":"https:\/\/www.sappm.ch\/it\/wp-json\/wp\/v2\/types\/page"}],"author":[{"embeddable":true,"href":"https:\/\/www.sappm.ch\/it\/wp-json\/wp\/v2\/users\/3"}],"replies":[{"embeddable":true,"href":"https:\/\/www.sappm.ch\/it\/wp-json\/wp\/v2\/comments?post=15986"}],"version-history":[{"count":5,"href":"https:\/\/www.sappm.ch\/it\/wp-json\/wp\/v2\/pages\/15986\/revisions"}],"predecessor-version":[{"id":17584,"href":"https:\/\/www.sappm.ch\/it\/wp-json\/wp\/v2\/pages\/15986\/revisions\/17584"}],"wp:attachment":[{"href":"https:\/\/www.sappm.ch\/it\/wp-json\/wp\/v2\/media?parent=15986"}],"curies":[{"name":"wp","href":"https:\/\/api.w.org\/{rel}","templated":true}]}}