{"id":4271,"date":"2024-06-11T15:08:50","date_gmt":"2024-06-11T13:08:50","guid":{"rendered":"https:\/\/xawekybe.cyon.site\/?page_id=4271"},"modified":"2025-07-01T11:23:30","modified_gmt":"2025-07-01T09:23:30","slug":"consiglio-di-amministrazione","status":"publish","type":"page","link":"https:\/\/www.sappm.ch\/it\/consiglio-di-amministrazione\/","title":{"rendered":"Consiglio di amministrazione"},"content":{"rendered":"\n<div  class=\"block block-personen pb-klein\">\n            <div class=\"main-container\">\n            <div class=\"content-container\">\n                    <h2 class=\"d5\">Presidente<\/h2>\n\n                \n\n<div class=\"person-teaser\">\n    <div class=\"bild\">\n        <img loading=\"lazy\" decoding=\"async\" width=\"180\" height=\"240\" src=\"https:\/\/www.sappm.ch\/wp-content\/uploads\/2024\/03\/Foto-N.-Egloff-e1711033012968-180x240.jpg\" class=\"attachment-person size-person wp-post-image\" alt=\"N. Egloff\" \/>    <\/div>\n\n    <div class=\"person-inhalt\">\n        <span class=\"akad-titel\">PD Dr. med.<\/span>\n        <h3 class=\"d6 color-blue mb-10\">Niklaus Egloff<\/h3>\n\n                <div class=\"mb-20\">\n            <p>FMH Allgemeine Innere Medizin<br \/>\nspez. Psychosomatische und Psychosoziale Medizin SAPPM<\/p>\n        <\/div>\n                \n        \n            <\/div>\n<\/div>\n\n                <\/div>\n        <\/div>\n     <\/div>\n\n<div  class=\"block block-personen pb-klein\">\n            <div class=\"main-container\">\n            <div class=\"content-container\">\n                    <h2 class=\"d5\">Cassiere<\/h2>\n\n                \n\n<div class=\"person-teaser\">\n    <div class=\"bild\">\n        <img loading=\"lazy\" decoding=\"async\" width=\"180\" height=\"240\" src=\"https:\/\/www.sappm.ch\/wp-content\/uploads\/2024\/05\/Foto-Isabelle-180x240.jpg\" class=\"attachment-person size-person wp-post-image\" alt=\"Dr. med. Isabelle Rittmeyer\" \/>    <\/div>\n\n    <div class=\"person-inhalt\">\n        <span class=\"akad-titel\">Dr. med.<\/span>\n        <h3 class=\"d6 color-blue mb-10\">Isabelle Rittmeyer<\/h3>\n\n                <div class=\"mb-20\">\n            <p>FMH Allgemeine Innere Medizin<br \/>\nspez. Psychosomatische und Psychosoziale Medizin SAPPM &amp; Manuelle Medizin SAMM<br \/>\nPsychotherapie in Integrierter- und Verhaltenstherapie AIM <\/p>\n        <\/div>\n                \n        \n            <\/div>\n<\/div>\n\n                <\/div>\n        <\/div>\n     <\/div>\n\n<div  class=\"block block-personen pb-klein\">\n            <div class=\"main-container\">\n            <div class=\"content-container\">\n                    <h2 class=\"d5\">Vicepresidente<\/h2>\n\n                \n\n<div class=\"person-teaser\">\n    <div class=\"bild\">\n        <img loading=\"lazy\" decoding=\"async\" width=\"180\" height=\"240\" src=\"https:\/\/www.sappm.ch\/wp-content\/uploads\/2024\/03\/ZURRON_Noemie_20211123-scaled-1-180x240.jpg\" class=\"attachment-person size-person wp-post-image\" alt=\"Dr. med. No\u00ebmi Zurr\u00f3n\" srcset=\"https:\/\/www.sappm.ch\/wp-content\/uploads\/2024\/03\/ZURRON_Noemie_20211123-scaled-1-180x240.jpg 180w, https:\/\/www.sappm.ch\/wp-content\/uploads\/2024\/03\/ZURRON_Noemie_20211123-scaled-1-450x600.jpg 450w, https:\/\/www.sappm.ch\/wp-content\/uploads\/2024\/03\/ZURRON_Noemie_20211123-scaled-1-768x1023.jpg 768w, https:\/\/www.sappm.ch\/wp-content\/uploads\/2024\/03\/ZURRON_Noemie_20211123-scaled-1-1153x1536.jpg 1153w, https:\/\/www.sappm.ch\/wp-content\/uploads\/2024\/03\/ZURRON_Noemie_20211123-scaled-1-1537x2048.jpg 1537w, https:\/\/www.sappm.ch\/wp-content\/uploads\/2024\/03\/ZURRON_Noemie_20211123-scaled-1.jpg 1921w\" sizes=\"auto, (max-width: 180px) 100vw, 180px\" \/>    <\/div>\n\n    <div class=\"person-inhalt\">\n        <span class=\"akad-titel\">Dr. med.<\/span>\n        <h3 class=\"d6 color-blue mb-10\">No\u00ebmi Zurr\u00f3n<\/h3>\n\n                <div class=\"mb-20\">\n            <p>FMH An\u00e4sthesiologie<br \/>\nspez. Psychosomatische und Psychosoziale Medizin SAPPM<\/p>\n        <\/div>\n                \n        \n            <\/div>\n<\/div>\n\n                <\/div>\n        <\/div>\n     <\/div>\n\n<div  class=\"block block-personen pb-klein\">\n            <div class=\"main-container\">\n            <div class=\"content-container\">\n                    <h2 class=\"d5\">Vicepresidente<\/h2>\n\n                \n\n<div class=\"person-teaser\">\n    <div class=\"bild\">\n        <img loading=\"lazy\" decoding=\"async\" width=\"180\" height=\"225\" src=\"https:\/\/www.sappm.ch\/wp-content\/uploads\/2024\/03\/Foto-Nicola-180x225.jpeg\" class=\"attachment-person size-person wp-post-image\" alt=\"Dr. med. Nicola Bianda\" \/>    <\/div>\n\n    <div class=\"person-inhalt\">\n        <span class=\"akad-titel\">Dr. med.<\/span>\n        <h3 class=\"d6 color-blue mb-10\">Nicola Bianda<\/h3>\n\n                <div class=\"mb-20\">\n            <p>Facharzt f\u00fcr Allgemeine<br \/>\nInnere Medizin FMH<br \/>\nspez. Psychosomatische und Psychosoziale Medizin SAPPM<\/p>\n        <\/div>\n                \n        \n            <\/div>\n<\/div>\n\n                <\/div>\n        <\/div>\n     <\/div>\n<div class=\"break\"><\/div>\n\n<div  class=\"block block-personen pb-klein columns2\">\n            <div class=\"main-container\">\n            <div class=\"content-container\">\n                    <h2 class=\"d5\">Membri<\/h2>\n\n                \n\n<div class=\"person-teaser\">\n    <div class=\"bild\">\n        <img loading=\"lazy\" decoding=\"async\" width=\"180\" height=\"240\" src=\"https:\/\/www.sappm.ch\/wp-content\/uploads\/2024\/05\/buechter_dirk_kispis-1-180x240.jpg\" class=\"attachment-person size-person wp-post-image\" alt=\"Dr. med. Dirk B\u00fcchter\" \/>    <\/div>\n\n    <div class=\"person-inhalt\">\n        <span class=\"akad-titel\">Dr. med.<\/span>\n        <h3 class=\"d6 color-blue mb-10\">Dirk B\u00fcchter<\/h3>\n\n                <div class=\"mb-20\">\n            <p>FMH Kinder- und Jugendmedizin<br \/>\nspez. Psychosomatische und Psychosoziale Medizin SAPPM<\/p>\n        <\/div>\n                        <div class=\"mb-20\">\n            <p>Leitender Arzt Jungendmedizin<\/p>\n        <\/div>\n        \n                <div class=\"mb-20\">\n                            <p>Ostschweizer Kinderspital<\/p>\n                                        <p>9006 St. Gallen<\/p>\n                    <\/div>\n        \n            <\/div>\n<\/div>\n\n\n\n<div class=\"person-teaser\">\n    <div class=\"bild\">\n        <img loading=\"lazy\" decoding=\"async\" width=\"180\" height=\"240\" src=\"https:\/\/www.sappm.ch\/wp-content\/uploads\/2025\/07\/Foto-Matteo-180x240.jpeg\" class=\"attachment-person size-person wp-post-image\" alt=\"\" \/>    <\/div>\n\n    <div class=\"person-inhalt\">\n        <span class=\"akad-titel\">PD Dr. med.<\/span>\n        <h3 class=\"d6 color-blue mb-10\">Matteo Coen<\/h3>\n\n                <div class=\"mb-20\">\n            <p>FMH M\u00e9decine Interne G\u00e9n\u00e9rale<br \/>\nsp\u00e9c. en M\u00e9decine Psychosomatique et Psychosociale ASMPP<\/p>\n        <\/div>\n                        <div class=\"mb-20\">\n            <p>HUG &#8211; H\u00f4pitaux universitaires de Gen\u00e8ve<\/p>\n        <\/div>\n        \n                <div class=\"mb-20\">\n                                        <p>1205 Gen\u00e8ve<\/p>\n                    <\/div>\n        \n            <\/div>\n<\/div>\n\n\n\n<div class=\"person-teaser\">\n    <div class=\"bild\">\n        <img loading=\"lazy\" decoding=\"async\" width=\"180\" height=\"240\" src=\"https:\/\/www.sappm.ch\/wp-content\/uploads\/2024\/06\/Bild-Anja-RAW-180x240.jpg\" class=\"attachment-person size-person wp-post-image\" alt=\"\" \/>    <\/div>\n\n    <div class=\"person-inhalt\">\n        <span class=\"akad-titel\">Dr. med.<\/span>\n        <h3 class=\"d6 color-blue mb-10\">Anja Gairing<\/h3>\n\n                <div class=\"mb-20\">\n            <p>FMH Gyn\u00e4kologie &amp; Geburtshilfe<br \/>\nspez. Psychosomatische und Psychosoziale Medizin SAPPM<\/p>\n        <\/div>\n                \n                <div class=\"mb-20\">\n                            <p>Frauenarztpraxis Liestal<\/p>\n                                        <p>4410 Liestal<\/p>\n                    <\/div>\n        \n            <\/div>\n<\/div>\n\n\n\n<div class=\"person-teaser\">\n    <div class=\"bild\">\n        <img loading=\"lazy\" decoding=\"async\" width=\"180\" height=\"240\" src=\"https:\/\/www.sappm.ch\/wp-content\/uploads\/2024\/05\/photo-portrait-Ariane-180x240.jpg\" class=\"attachment-person size-person wp-post-image\" alt=\"\" \/>    <\/div>\n\n    <div class=\"person-inhalt\">\n        <span class=\"akad-titel\">Dr. med.<\/span>\n        <h3 class=\"d6 color-blue mb-10\">Ariane Gonthier<\/h3>\n\n                <div class=\"mb-20\">\n            <p>FMH M\u00e9decine Interne G\u00e9n\u00e9rale<br \/>\nsp\u00e9c. en M\u00e9decine Psychosomatique et Psychosociale ASMPP<\/p>\n        <\/div>\n                        <div class=\"mb-20\">\n            <p>Pr\u00e9sidente ARFMPP et IMMPRo<\/p>\n        <\/div>\n        \n                <div class=\"mb-20\">\n                                        <p>1003 Lausanne<\/p>\n                    <\/div>\n        \n            <\/div>\n<\/div>\n\n\n\n<div class=\"person-teaser\">\n    <div class=\"bild\">\n        <img loading=\"lazy\" decoding=\"async\" width=\"180\" height=\"240\" src=\"https:\/\/www.sappm.ch\/wp-content\/uploads\/2024\/03\/Foto-Jorgos--180x240.jpg\" class=\"attachment-person size-person wp-post-image\" alt=\"\" \/>    <\/div>\n\n    <div class=\"person-inhalt\">\n        <span class=\"akad-titel\">Dr. med.<\/span>\n        <h3 class=\"d6 color-blue mb-10\">Georgios Kokinogenis<\/h3>\n\n                <div class=\"mb-20\">\n            <p>FMH Psychiatrie &amp; Psychotherapie<br \/>\nspez. Psychosomatische und Psychosoziale Medizin SAPPM<br \/>\nFMH Praktischer Arzt<\/p>\n        <\/div>\n                        <div class=\"mb-20\">\n            <p>Chefarzt, Medizinischer Leiter<\/p>\n        <\/div>\n        \n                <div class=\"mb-20\">\n                            <p>Rehaklinik Hasliberg <\/p>\n                                        <p>6083 Hasliberg Hohfluh<\/p>\n                    <\/div>\n        \n            <\/div>\n<\/div>\n\n\n\n<div class=\"person-teaser\">\n    <div class=\"bild\">\n        <img loading=\"lazy\" decoding=\"async\" width=\"180\" height=\"240\" src=\"https:\/\/www.sappm.ch\/wp-content\/uploads\/2024\/05\/Christophe-180x240.jpg\" class=\"attachment-person size-person wp-post-image\" alt=\"\" \/>    <\/div>\n\n    <div class=\"person-inhalt\">\n        <span class=\"akad-titel\"><\/span>\n        <h3 class=\"d6 color-blue mb-10\">Christophe Rieder<\/h3>\n\n                <div class=\"mb-20\">\n            <p>Fachpsychologe \/ Psychotherapeut FSP<\/p>\n        <\/div>\n                \n                <div class=\"mb-20\">\n                            <p>Bernerklinik<\/p>\n                                        <p>3963 Crans-Montana<\/p>\n                    <\/div>\n        \n            <\/div>\n<\/div>\n\n\n\n<div class=\"person-teaser\">\n    <div class=\"bild\">\n        <img loading=\"lazy\" decoding=\"async\" width=\"180\" height=\"240\" src=\"https:\/\/www.sappm.ch\/wp-content\/uploads\/2024\/03\/Dagmar-Schmid-180x240.jpg\" class=\"attachment-person size-person wp-post-image\" alt=\"\" \/>    <\/div>\n\n    <div class=\"person-inhalt\">\n        <span class=\"akad-titel\">PD Dr. med.<\/span>\n        <h3 class=\"d6 color-blue mb-10\">Dagmar Schmid<\/h3>\n\n                <div class=\"mb-20\">\n            <p>FMH Psychiatrie &amp; Psychotherapie<br \/>\nspez. Psychosomatische und Psychosoziale Medizin SAPPM<\/p>\n        <\/div>\n                        <div class=\"mb-20\">\n            <p>Klinikleiterin Klinik f\u00fcr Psychosomatik <\/p>\n        <\/div>\n        \n                <div class=\"mb-20\">\n                            <p>Klinik f\u00fcr Psychosomatik KSSG<\/p>\n                                        <p>9007 St. Gallen<\/p>\n                    <\/div>\n        \n            <\/div>\n<\/div>\n\n\n\n<div class=\"person-teaser\">\n    <div class=\"bild\">\n        <img loading=\"lazy\" decoding=\"async\" width=\"180\" height=\"240\" src=\"https:\/\/www.sappm.ch\/wp-content\/uploads\/2024\/05\/Dr.-med.-Doris-Straus-180x240.jpg\" class=\"attachment-person size-person wp-post-image\" alt=\"\" \/>    <\/div>\n\n    <div class=\"person-inhalt\">\n        <span class=\"akad-titel\">Dr. med.<\/span>\n        <h3 class=\"d6 color-blue mb-10\">Doris Straus<\/h3>\n\n                <div class=\"mb-20\">\n            <p>FMH Psychiatrie &amp; Psychotherapie<br \/>\nspez. Psychosomatische und Psychosoziale Medizin SAPPM<\/p>\n        <\/div>\n                        <div class=\"mb-20\">\n            <p>CEO &amp; Klinikdirektorin<\/p>\n        <\/div>\n        \n                <div class=\"mb-20\">\n                            <p>Klinik Oberwaid<\/p>\n                                        <p>9016 St. Gallen<\/p>\n                    <\/div>\n        \n            <\/div>\n<\/div>\n\n                <\/div>\n        <\/div>\n     <\/div>\n<div class=\"break\"><\/div>\n\n<div  class=\"block block-personen \">\n            <div class=\"main-container\">\n            <div class=\"content-container\">\n                    <h2 class=\"d5\">Ufficio SAPPM ASMPP  <\/h2>\n\n                \n\n<div class=\"person-teaser\">\n    <div class=\"bild\">\n        <img loading=\"lazy\" decoding=\"async\" width=\"180\" height=\"240\" src=\"https:\/\/www.sappm.ch\/wp-content\/uploads\/2024\/03\/29-Maeder-Astrid-3190174-180x240.jpg\" class=\"attachment-person size-person wp-post-image\" alt=\"\" srcset=\"https:\/\/www.sappm.ch\/wp-content\/uploads\/2024\/03\/29-Maeder-Astrid-3190174-180x240.jpg 180w, https:\/\/www.sappm.ch\/wp-content\/uploads\/2024\/03\/29-Maeder-Astrid-3190174-450x600.jpg 450w, https:\/\/www.sappm.ch\/wp-content\/uploads\/2024\/03\/29-Maeder-Astrid-3190174-768x1024.jpg 768w, https:\/\/www.sappm.ch\/wp-content\/uploads\/2024\/03\/29-Maeder-Astrid-3190174-1152x1536.jpg 1152w, https:\/\/www.sappm.ch\/wp-content\/uploads\/2024\/03\/29-Maeder-Astrid-3190174.jpg 1536w\" sizes=\"auto, (max-width: 180px) 100vw, 180px\" \/>    <\/div>\n\n    <div class=\"person-inhalt\">\n        <span class=\"akad-titel\"><\/span>\n        <h3 class=\"d6 color-blue mb-10\">Astrid Maeder<\/h3>\n\n                        <div class=\"mb-20\">\n            <p>SAPPM  ASMPP<\/p>\n        <\/div>\n        \n                <div class=\"mb-20\">\n                            <p>Postfach<\/p>\n                                        <p>6260 Reiden<\/p>\n                    <\/div>\n        \n                    <div class=\"content-icons standard-link\">\n                                <p><a href=\"mailto:info@sappm.ch\"><span class=\"mail\"><\/span> info@sappm.ch<\/a><\/p>\n                \n                                    <p><a href=\"http:\/\/+41774190195\" target=\"_blank\" rel=\"nofollow\"><span class=\"tel\"><\/span> +41 77 419 01 95<\/a><\/p>\n                \n                                    <p><a href=\"https:\/\/www.sappm.ch\" target=\"_blank\"><span class=\"web\"><\/span> www.sappm.ch<\/a><\/p>\n                \n                            <\/div>\n            <\/div>\n<\/div>\n\n                <\/div>\n        <\/div>\n     <\/div>\n\n<div  class=\"block block-personen pb-klein\">\n            <div class=\"main-container\">\n            <div class=\"content-container\">\n                    <h2 class=\"d5\">Past-President  <\/h2>\n\n                \n\n<div class=\"person-teaser\">\n    <div class=\"bild\">\n        <img loading=\"lazy\" decoding=\"async\" width=\"180\" height=\"240\" src=\"https:\/\/www.sappm.ch\/wp-content\/uploads\/2024\/03\/Foto-Alex-Minzer-180x240.jpg\" class=\"attachment-person size-person wp-post-image\" alt=\"Dr. med. Alexander Minzer\" \/>    <\/div>\n\n    <div class=\"person-inhalt\">\n        <span class=\"akad-titel\">Dr. med. <\/span>\n        <h3 class=\"d6 color-blue mb-10\">Alexander Minzer<\/h3>\n\n                <div class=\"mb-20\">\n            <p>FMH Allgemeine Innere Medizin<br \/>\nspez. Psychosomatische und Psychosoziale Medizin SAPPM<\/p>\n        <\/div>\n                \n                <div class=\"mb-20\">\n                            <p>Breitenstrasse 15<\/p>\n                                        <p>4852 Rothrist<\/p>\n                    <\/div>\n        \n            <\/div>\n<\/div>\n\n                <\/div>\n        <\/div>\n     <\/div>\n","protected":false},"excerpt":{"rendered":"","protected":false},"author":1,"featured_media":0,"parent":0,"menu_order":0,"comment_status":"closed","ping_status":"closed","template":"tpl-vorstand.php","meta":{"_acf_changed":false,"footnotes":""},"class_list":["post-4271","page","type-page","status-publish","hentry"],"acf":[],"_links":{"self":[{"href":"https:\/\/www.sappm.ch\/it\/wp-json\/wp\/v2\/pages\/4271","targetHints":{"allow":["GET"]}}],"collection":[{"href":"https:\/\/www.sappm.ch\/it\/wp-json\/wp\/v2\/pages"}],"about":[{"href":"https:\/\/www.sappm.ch\/it\/wp-json\/wp\/v2\/types\/page"}],"author":[{"embeddable":true,"href":"https:\/\/www.sappm.ch\/it\/wp-json\/wp\/v2\/users\/1"}],"replies":[{"embeddable":true,"href":"https:\/\/www.sappm.ch\/it\/wp-json\/wp\/v2\/comments?post=4271"}],"version-history":[{"count":6,"href":"https:\/\/www.sappm.ch\/it\/wp-json\/wp\/v2\/pages\/4271\/revisions"}],"predecessor-version":[{"id":11214,"href":"https:\/\/www.sappm.ch\/it\/wp-json\/wp\/v2\/pages\/4271\/revisions\/11214"}],"wp:attachment":[{"href":"https:\/\/www.sappm.ch\/it\/wp-json\/wp\/v2\/media?parent=4271"}],"curies":[{"name":"wp","href":"https:\/\/api.w.org\/{rel}","templated":true}]}}